{"id":1988853,"date":"2026-08-31T23:21:08","date_gmt":"2026-08-31T23:21:08","guid":{"rendered":"https:\/\/culture.ixelles.be\/events\/conference-consoler-et-soutenir-une-personne-malade-par-delphine-remy-2\/"},"modified":"2026-08-31T23:21:08","modified_gmt":"2026-08-31T23:21:08","slug":"conference-consoler-et-soutenir-une-personne-malade-par-delphine-remy-2","status":"publish","type":"events","link":"https:\/\/culture.ixelles.be\/en\/events\/conference-consoler-et-soutenir-une-personne-malade-par-delphine-remy-2\/","title":{"rendered":"Conf\u00e9rence &#8220;Consoler et soutenir une personne malade&#8221; par Delphine Remy"},"content":{"rendered":"<p>Delphine Remy est auteure, conf\u00e9renci\u00e8re et fondatrice du podcast Na\u00eetre princesse, devenir guerri\u00e8re, devenu au fil des ann\u00e9es une r\u00e9f\u00e9rence dans le domaine de l\u2019oncologie francophone.<br \/>\nApr\u00e8s avoir travers\u00e9 un cancer du sein, elle d\u00e9cide de mettre son exp\u00e9rience au service des autres en cr\u00e9ant des contenus engag\u00e9s, sensibles et profond\u00e9ment humains autour de la maladie, de l\u2019accompagnement et du parcours de soins.<\/p>\n<p>Auteure du livre Cancer ? Je g\u00e8re ! (Editions Mardaga) et du nouveau livre \u00catre l\u00e0 : Consoler et soutenir une personne malade, Delphine \u0153uvre depuis plusieurs ann\u00e9es pour aider patients, proches, aidants et soignants \u00e0 mieux se comprendre, mieux communiquer et traverser l\u2019\u00e9preuve avec davantage d\u2019humanit\u00e9. Elle vient nous partager son regard unique sur la maladie et la vie.<\/p>\n<p>Cet \u00e9v\u00e8nement est organis\u00e9 par l&#8217;asbl Family Belgium : https:\/\/familybelgium.org<\/p>\n","protected":false},"excerpt":{"rendered":"<p>Delphine Remy est auteure, conf\u00e9renci\u00e8re et fondatrice du podcast Na\u00eetre princesse, devenir guerri\u00e8re, devenu au fil des ann\u00e9es une r\u00e9f\u00e9rence dans le domaine de l\u2019oncologie francophone. Apr\u00e8s avoir travers\u00e9 un cancer du sein, elle d\u00e9cide de mettre son exp\u00e9rience au service des autres en cr\u00e9ant des contenus engag\u00e9s, sensibles et profond\u00e9ment humains autour de la [&hellip;]<\/p>\n","protected":false},"author":1,"featured_media":1988854,"comment_status":"","ping_status":"closed","template":"","acf":[],"yoast_head":"<!-- This site is optimized with the Yoast SEO plugin v24.5 - https:\/\/yoast.com\/wordpress\/plugins\/seo\/ -->\n<title>Conf\u00e9rence &quot;Consoler et soutenir une personne malade&quot; par Delphine Remy - Ixelles<\/title>\n<meta name=\"robots\" content=\"index, follow, max-snippet:-1, max-image-preview:large, max-video-preview:-1\" \/>\n<link rel=\"canonical\" href=\"https:\/\/culture.ixelles.be\/en\/events\/conference-consoler-et-soutenir-une-personne-malade-par-delphine-remy-2\/\" \/>\n<meta property=\"og:locale\" content=\"en_US\" \/>\n<meta property=\"og:type\" content=\"article\" \/>\n<meta property=\"og:title\" content=\"Conf\u00e9rence &quot;Consoler et soutenir une personne malade&quot; par Delphine Remy - Ixelles\" \/>\n<meta property=\"og:url\" content=\"https:\/\/culture.ixelles.be\/en\/events\/conference-consoler-et-soutenir-une-personne-malade-par-delphine-remy-2\/\" \/>\n<meta property=\"og:site_name\" content=\"Ixelles\" \/>\n<meta name=\"twitter:card\" content=\"summary_large_image\" \/>\n<meta name=\"twitter:label1\" content=\"Est. reading time\" \/>\n\t<meta name=\"twitter:data1\" content=\"1 minute\" \/>\n<script type=\"application\/ld+json\" class=\"yoast-schema-graph\">{\"@context\":\"https:\/\/schema.org\",\"@graph\":[{\"@type\":\"WebPage\",\"@id\":\"https:\/\/culture.ixelles.be\/en\/events\/conference-consoler-et-soutenir-une-personne-malade-par-delphine-remy-2\/\",\"url\":\"https:\/\/culture.ixelles.be\/en\/events\/conference-consoler-et-soutenir-une-personne-malade-par-delphine-remy-2\/\",\"name\":\"Conf\u00e9rence \\\"Consoler et soutenir une personne malade\\\" par Delphine Remy - Ixelles\",\"isPartOf\":{\"@id\":\"https:\/\/culture.ixelles.be\/en\/#website\"},\"primaryImageOfPage\":{\"@id\":\"https:\/\/culture.ixelles.be\/en\/events\/conference-consoler-et-soutenir-une-personne-malade-par-delphine-remy-2\/#primaryimage\"},\"image\":{\"@id\":\"https:\/\/culture.ixelles.be\/en\/events\/conference-consoler-et-soutenir-une-personne-malade-par-delphine-remy-2\/#primaryimage\"},\"thumbnailUrl\":\"https:\/\/culture.ixelles.be\/wp-content\/uploads\/2026\/08\/3bbd734491ae103c2da517d3418727e118543c99.png\",\"datePublished\":\"2026-08-31T23:21:08+00:00\",\"breadcrumb\":{\"@id\":\"https:\/\/culture.ixelles.be\/en\/events\/conference-consoler-et-soutenir-une-personne-malade-par-delphine-remy-2\/#breadcrumb\"},\"inLanguage\":\"en-US\",\"potentialAction\":[{\"@type\":\"ReadAction\",\"target\":[\"https:\/\/culture.ixelles.be\/en\/events\/conference-consoler-et-soutenir-une-personne-malade-par-delphine-remy-2\/\"]}]},{\"@type\":\"ImageObject\",\"inLanguage\":\"en-US\",\"@id\":\"https:\/\/culture.ixelles.be\/en\/events\/conference-consoler-et-soutenir-une-personne-malade-par-delphine-remy-2\/#primaryimage\",\"url\":\"https:\/\/culture.ixelles.be\/wp-content\/uploads\/2026\/08\/3bbd734491ae103c2da517d3418727e118543c99.png\",\"contentUrl\":\"https:\/\/culture.ixelles.be\/wp-content\/uploads\/2026\/08\/3bbd734491ae103c2da517d3418727e118543c99.png\",\"width\":1080,\"height\":1350},{\"@type\":\"BreadcrumbList\",\"@id\":\"https:\/\/culture.ixelles.be\/en\/events\/conference-consoler-et-soutenir-une-personne-malade-par-delphine-remy-2\/#breadcrumb\",\"itemListElement\":[{\"@type\":\"ListItem\",\"position\":1,\"name\":\"Accueil\",\"item\":\"https:\/\/culture.ixelles.be\/en\/\"},{\"@type\":\"ListItem\",\"position\":2,\"name\":\"Events\",\"item\":\"https:\/\/culture.ixelles.be\/en\/events\/\"},{\"@type\":\"ListItem\",\"position\":3,\"name\":\"Conf\u00e9rence \u00ab\u00a0Consoler et soutenir une personne malade\u00a0\u00bb par Delphine Remy\"}]},{\"@type\":\"WebSite\",\"@id\":\"https:\/\/culture.ixelles.be\/en\/#website\",\"url\":\"https:\/\/culture.ixelles.be\/en\/\",\"name\":\"Ixelles\",\"description\":\"\",\"publisher\":{\"@id\":\"https:\/\/culture.ixelles.be\/en\/#organization\"},\"potentialAction\":[{\"@type\":\"SearchAction\",\"target\":{\"@type\":\"EntryPoint\",\"urlTemplate\":\"https:\/\/culture.ixelles.be\/en\/?s={search_term_string}\"},\"query-input\":{\"@type\":\"PropertyValueSpecification\",\"valueRequired\":true,\"valueName\":\"search_term_string\"}}],\"inLanguage\":\"en-US\"},{\"@type\":\"Organization\",\"@id\":\"https:\/\/culture.ixelles.be\/en\/#organization\",\"name\":\"Service culture Ixelles\",\"url\":\"https:\/\/culture.ixelles.be\/en\/\",\"logo\":{\"@type\":\"ImageObject\",\"inLanguage\":\"en-US\",\"@id\":\"https:\/\/culture.ixelles.be\/en\/#\/schema\/logo\/image\/\",\"url\":\"https:\/\/culture.ixelles.be\/wp-content\/uploads\/2021\/05\/ixelles_green.svg\",\"contentUrl\":\"https:\/\/culture.ixelles.be\/wp-content\/uploads\/2021\/05\/ixelles_green.svg\",\"width\":1,\"height\":1,\"caption\":\"Service culture Ixelles\"},\"image\":{\"@id\":\"https:\/\/culture.ixelles.be\/en\/#\/schema\/logo\/image\/\"}}]}<\/script>\n<!-- \/ Yoast SEO plugin. -->","yoast_head_json":{"title":"Conf\u00e9rence \"Consoler et soutenir une personne malade\" par Delphine Remy - Ixelles","robots":{"index":"index","follow":"follow","max-snippet":"max-snippet:-1","max-image-preview":"max-image-preview:large","max-video-preview":"max-video-preview:-1"},"canonical":"https:\/\/culture.ixelles.be\/en\/events\/conference-consoler-et-soutenir-une-personne-malade-par-delphine-remy-2\/","og_locale":"en_US","og_type":"article","og_title":"Conf\u00e9rence \"Consoler et soutenir une personne malade\" par Delphine Remy - Ixelles","og_url":"https:\/\/culture.ixelles.be\/en\/events\/conference-consoler-et-soutenir-une-personne-malade-par-delphine-remy-2\/","og_site_name":"Ixelles","twitter_card":"summary_large_image","twitter_misc":{"Est. reading time":"1 minute"},"schema":{"@context":"https:\/\/schema.org","@graph":[{"@type":"WebPage","@id":"https:\/\/culture.ixelles.be\/en\/events\/conference-consoler-et-soutenir-une-personne-malade-par-delphine-remy-2\/","url":"https:\/\/culture.ixelles.be\/en\/events\/conference-consoler-et-soutenir-une-personne-malade-par-delphine-remy-2\/","name":"Conf\u00e9rence \"Consoler et soutenir une personne malade\" par Delphine Remy - Ixelles","isPartOf":{"@id":"https:\/\/culture.ixelles.be\/en\/#website"},"primaryImageOfPage":{"@id":"https:\/\/culture.ixelles.be\/en\/events\/conference-consoler-et-soutenir-une-personne-malade-par-delphine-remy-2\/#primaryimage"},"image":{"@id":"https:\/\/culture.ixelles.be\/en\/events\/conference-consoler-et-soutenir-une-personne-malade-par-delphine-remy-2\/#primaryimage"},"thumbnailUrl":"https:\/\/culture.ixelles.be\/wp-content\/uploads\/2026\/08\/3bbd734491ae103c2da517d3418727e118543c99.png","datePublished":"2026-08-31T23:21:08+00:00","breadcrumb":{"@id":"https:\/\/culture.ixelles.be\/en\/events\/conference-consoler-et-soutenir-une-personne-malade-par-delphine-remy-2\/#breadcrumb"},"inLanguage":"en-US","potentialAction":[{"@type":"ReadAction","target":["https:\/\/culture.ixelles.be\/en\/events\/conference-consoler-et-soutenir-une-personne-malade-par-delphine-remy-2\/"]}]},{"@type":"ImageObject","inLanguage":"en-US","@id":"https:\/\/culture.ixelles.be\/en\/events\/conference-consoler-et-soutenir-une-personne-malade-par-delphine-remy-2\/#primaryimage","url":"https:\/\/culture.ixelles.be\/wp-content\/uploads\/2026\/08\/3bbd734491ae103c2da517d3418727e118543c99.png","contentUrl":"https:\/\/culture.ixelles.be\/wp-content\/uploads\/2026\/08\/3bbd734491ae103c2da517d3418727e118543c99.png","width":1080,"height":1350},{"@type":"BreadcrumbList","@id":"https:\/\/culture.ixelles.be\/en\/events\/conference-consoler-et-soutenir-une-personne-malade-par-delphine-remy-2\/#breadcrumb","itemListElement":[{"@type":"ListItem","position":1,"name":"Accueil","item":"https:\/\/culture.ixelles.be\/en\/"},{"@type":"ListItem","position":2,"name":"Events","item":"https:\/\/culture.ixelles.be\/en\/events\/"},{"@type":"ListItem","position":3,"name":"Conf\u00e9rence \u00ab\u00a0Consoler et soutenir une personne malade\u00a0\u00bb par Delphine Remy"}]},{"@type":"WebSite","@id":"https:\/\/culture.ixelles.be\/en\/#website","url":"https:\/\/culture.ixelles.be\/en\/","name":"Ixelles","description":"","publisher":{"@id":"https:\/\/culture.ixelles.be\/en\/#organization"},"potentialAction":[{"@type":"SearchAction","target":{"@type":"EntryPoint","urlTemplate":"https:\/\/culture.ixelles.be\/en\/?s={search_term_string}"},"query-input":{"@type":"PropertyValueSpecification","valueRequired":true,"valueName":"search_term_string"}}],"inLanguage":"en-US"},{"@type":"Organization","@id":"https:\/\/culture.ixelles.be\/en\/#organization","name":"Service culture Ixelles","url":"https:\/\/culture.ixelles.be\/en\/","logo":{"@type":"ImageObject","inLanguage":"en-US","@id":"https:\/\/culture.ixelles.be\/en\/#\/schema\/logo\/image\/","url":"https:\/\/culture.ixelles.be\/wp-content\/uploads\/2021\/05\/ixelles_green.svg","contentUrl":"https:\/\/culture.ixelles.be\/wp-content\/uploads\/2021\/05\/ixelles_green.svg","width":1,"height":1,"caption":"Service culture Ixelles"},"image":{"@id":"https:\/\/culture.ixelles.be\/en\/#\/schema\/logo\/image\/"}}]}},"_links":{"self":[{"href":"https:\/\/culture.ixelles.be\/en\/wp-json\/wp\/v2\/events\/1988853"}],"collection":[{"href":"https:\/\/culture.ixelles.be\/en\/wp-json\/wp\/v2\/events"}],"about":[{"href":"https:\/\/culture.ixelles.be\/en\/wp-json\/wp\/v2\/types\/events"}],"author":[{"embeddable":true,"href":"https:\/\/culture.ixelles.be\/en\/wp-json\/wp\/v2\/users\/1"}],"replies":[{"embeddable":true,"href":"https:\/\/culture.ixelles.be\/en\/wp-json\/wp\/v2\/comments?post=1988853"}],"version-history":[{"count":0,"href":"https:\/\/culture.ixelles.be\/en\/wp-json\/wp\/v2\/events\/1988853\/revisions"}],"wp:featuredmedia":[{"embeddable":true,"href":"https:\/\/culture.ixelles.be\/en\/wp-json\/wp\/v2\/media\/1988854"}],"wp:attachment":[{"href":"https:\/\/culture.ixelles.be\/en\/wp-json\/wp\/v2\/media?parent=1988853"}],"curies":[{"name":"wp","href":"https:\/\/api.w.org\/{rel}","templated":true}]}}