{"id":1318400,"date":"2021-06-29T04:27:42","date_gmt":"2021-06-29T04:27:42","guid":{"rendered":"https:\/\/culture.ixelles.be\/places\/levy-delval-3\/"},"modified":"2021-06-29T04:27:42","modified_gmt":"2021-06-29T04:27:42","slug":"levy-delval","status":"publish","type":"places","link":"https:\/\/culture.ixelles.be\/en\/places\/levy-delval\/","title":{"rendered":"Levy.Delval"},"content":{"rendered":"<p>In September 2014, Elaine L\u00e9vy and Florent Delval joined forces to create Levy Delval. Originally, the Elaine L\u00e9vy Project was founded in January 2006 in the Ch\u00e2telain district and installed in unusual premises, on the upper floor of a renovated beer warehouse. By becoming partners, Elaine L\u00e9vy and Florent Delval intend to promote artists from the young European and international scene, through multidisciplinary works of art. In this way, the gallery endeavours to find a balance between different types of contemporary media and up-and-coming or established artists.<\/p>\n","protected":false},"excerpt":{"rendered":"<p>In September 2014, Elaine L\u00e9vy and Florent Delval joined forces to create Levy Delval. Originally, the Elaine L\u00e9vy Project was founded in January 2006 in the Ch\u00e2telain district and installed in unusual premises, on the upper floor of a renovated beer warehouse. By becoming partners, Elaine L\u00e9vy and Florent Delval intend to promote artists from [&hellip;]<\/p>\n","protected":false},"author":1,"featured_media":0,"parent":0,"comment_status":"open","ping_status":"open","template":"","meta":{"_acf_changed":false,"_monsterinsights_skip_tracking":false,"_monsterinsights_sitenote_active":false,"_monsterinsights_sitenote_note":"","_monsterinsights_sitenote_category":0,"footnotes":""},"acf":{"original_id":"243266","published_at":"2013-10-19T01:19:05+02:00","last_updated_at":"2022-07-14T18:50:07+02:00","website":"http:\/\/www.levydelval.com","phone_booking":"","address_city":"Ixelles","phone_contact":"+32 2 534 77 72","lat":"50.82262935","lon":"4.35660489","address_line1":"Rue Fourmois, 9","prices":"[]","ratings":"{}","stib_mivb_stops":"[{\"translations\":{\"fr\":{\"name\":\"Ma Campagne\"},\"nl\":{\"name\":\"Ma Campagne\"}},\"location\":{\"lat\":50.822575,\"lon\":4.354304},\"lines\":[{\"short_name\":\"54\",\"translations\":{\"fr\":{\"long_name\":\"Trone - Forest (bervoets)\"},\"nl\":{\"long_name\":\"Troon - Vorst (bervoets)\"}},\"vehicle_type\":\"bus\",\"icon_background_color\":\"#DE3B21\",\"icon_text_color\":\"#FFFFFF\"}]},{\"translations\":{\"fr\":{\"name\":\"Ma Campagne\"},\"nl\":{\"name\":\"Ma Campagne\"}},\"location\":{\"lat\":50.822503,\"lon\":4.353595},\"lines\":[{\"short_name\":\"92\",\"translations\":{\"fr\":{\"long_name\":\"Schaerbeek Gare - Fort-Jaco\"},\"nl\":{\"long_name\":\"Schaarbeek Station - Fort-Jaco\"}},\"vehicle_type\":\"tram\",\"icon_background_color\":\"#DE3B21\",\"icon_text_color\":\"#FFFFFF\"},{\"short_name\":\"3\",\"translations\":{\"fr\":{\"long_name\":\"Esplanade - Churchill\"},\"nl\":{\"long_name\":\"Esplanade - Churchill\"}},\"vehicle_type\":\"tram\",\"icon_background_color\":\"#B5BA05\",\"icon_text_color\":\"#000000\"},{\"short_name\":\"7\",\"translations\":{\"fr\":{\"long_name\":\"Vanderkindere - Heysel\"},\"nl\":{\"long_name\":\"Vanderkindere - Heizel\"}},\"vehicle_type\":\"tram\",\"icon_background_color\":\"#FFF06E\",\"icon_text_color\":\"#000000\"}]},{\"translations\":{\"fr\":{\"name\":\"Ma Campagne\"},\"nl\":{\"name\":\"Ma Campagne\"}},\"location\":{\"lat\":50.822287,\"lon\":4.353339},\"lines\":[{\"short_name\":\"92\",\"translations\":{\"fr\":{\"long_name\":\"Schaerbeek Gare - Fort-Jaco\"},\"nl\":{\"long_name\":\"Schaarbeek Station - Fort-Jaco\"}},\"vehicle_type\":\"tram\",\"icon_background_color\":\"#DE3B21\",\"icon_text_color\":\"#FFFFFF\"},{\"short_name\":\"3\",\"translations\":{\"fr\":{\"long_name\":\"Esplanade - Churchill\"},\"nl\":{\"long_name\":\"Esplanade - Churchill\"}},\"vehicle_type\":\"tram\",\"icon_background_color\":\"#B5BA05\",\"icon_text_color\":\"#000000\"},{\"short_name\":\"7\",\"translations\":{\"fr\":{\"long_name\":\"Vanderkindere - Heysel\"},\"nl\":{\"long_name\":\"Vanderkindere - Heizel\"}},\"vehicle_type\":\"tram\",\"icon_background_color\":\"#FFF06E\",\"icon_text_color\":\"#000000\"}]},{\"translations\":{\"fr\":{\"name\":\"Ma Campagne\"},\"nl\":{\"name\":\"Ma Campagne\"}},\"location\":{\"lat\":50.823006,\"lon\":4.353084},\"lines\":[{\"short_name\":\"54\",\"translations\":{\"fr\":{\"long_name\":\"Trone - Forest (bervoets)\"},\"nl\":{\"long_name\":\"Troon - Vorst (bervoets)\"}},\"vehicle_type\":\"bus\",\"icon_background_color\":\"#DE3B21\",\"icon_text_color\":\"#FFFFFF\"},{\"short_name\":\"N11\",\"translations\":{\"fr\":{\"long_name\":\"Gare Centrale - Uccle Calevoet\"},\"nl\":{\"long_name\":\"Centraal Station - Ukkel Kalevoet\"}},\"vehicle_type\":\"bus\",\"icon_background_color\":\"#976A0E\",\"icon_text_color\":\"#FFFFFF\"}]},{\"translations\":{\"fr\":{\"name\":\"Ma Campagne\"},\"nl\":{\"name\":\"Ma Campagne\"}},\"location\":{\"lat\":50.823887,\"lon\":4.353452},\"lines\":[{\"short_name\":\"N11\",\"translations\":{\"fr\":{\"long_name\":\"Gare Centrale - Uccle Calevoet\"},\"nl\":{\"long_name\":\"Centraal Station - Ukkel Kalevoet\"}},\"vehicle_type\":\"bus\",\"icon_background_color\":\"#976A0E\",\"icon_text_color\":\"#FFFFFF\"}]}]","is_closed_on_public_holidays":"","can_be_privatized":"","is_accessible_pmr":"","facebook_link":"","date_exceptions":"[]","closing_days":"[]","weekschema":"[{\"days\":{\"monday\":{\"is_open\":false},\"tuesday\":{\"is_open\":false},\"wednesday\":{\"is_open\":true,\"hours\":[{\"start\":\"14:00:00\",\"end\":\"18:00:00\"}]},\"thursday\":{\"is_open\":true,\"hours\":[{\"start\":\"14:00:00\",\"end\":\"18:00:00\"}]},\"friday\":{\"is_open\":true,\"hours\":[{\"start\":\"14:00:00\",\"end\":\"18:00:00\"}]},\"saturday\":{\"is_open\":true,\"hours\":[{\"start\":\"14:00:00\",\"end\":\"18:00:00\"}]},\"sunday\":{\"is_open\":false}},\"translations\":{\"fr\":[\"lundi, mardi et dimanche: fermu00e9\",\"mercredi, jeudi, vendredi et samedi: de 14:00 u00e0 18:00\"],\"nl\":[\"maandag, dinsdag en zondag: gesloten\",\"woensdag, donderdag, vrijdag en zaterdag: van 14:00 tot 18:00\"],\"en\":[\"monday, tuesday and sunday: closed\",\"wednesday, thursday, friday and saturday: from 14:00 to 18:00\"]},\"is_also_by_appointment\":false}]","_event_gallery":"https:\/\/culture.ixelles.be\/wp-content\/uploads\/2021\/06\/96388234aaca5e71efc00b59a4fe00d0408efcf2-6-scaled.jpg","_event_pictures":"https:\/\/culture.ixelles.be\/wp-content\/uploads\/2021\/06\/96388234aaca5e71efc00b59a4fe00d0408efcf2-6-scaled.jpg|***|https:\/\/culture.ixelles.be\/wp-content\/uploads\/2021\/06\/3c9ab34a9285d044e895c2b19da57f6a17180677-8-scaled.jpg|***|https:\/\/culture.ixelles.be\/wp-content\/uploads\/2021\/06\/1fffb6499e4a86251b616a17ec46468f51916207-6-scaled.jpg"},"yoast_head":"<!-- This site is optimized with the Yoast SEO plugin v24.5 - https:\/\/yoast.com\/wordpress\/plugins\/seo\/ -->\n<title>Levy.Delval - Ixelles<\/title>\n<meta name=\"robots\" content=\"index, follow, max-snippet:-1, max-image-preview:large, max-video-preview:-1\" \/>\n<link rel=\"canonical\" href=\"https:\/\/culture.ixelles.be\/en\/places\/levy-delval\/\" \/>\n<meta property=\"og:locale\" content=\"en_US\" \/>\n<meta property=\"og:type\" content=\"article\" \/>\n<meta property=\"og:title\" content=\"Levy.Delval - Ixelles\" \/>\n<meta property=\"og:description\" content=\"In September 2014, Elaine L\u00e9vy and Florent Delval joined forces to create Levy Delval. Originally, the Elaine L\u00e9vy Project was founded in January 2006 in the Ch\u00e2telain district and installed in unusual premises, on the upper floor of a renovated beer warehouse. By becoming partners, Elaine L\u00e9vy and Florent Delval intend to promote artists from [&hellip;]\" \/>\n<meta property=\"og:url\" content=\"https:\/\/culture.ixelles.be\/en\/places\/levy-delval\/\" \/>\n<meta property=\"og:site_name\" content=\"Ixelles\" \/>\n<meta property=\"og:image\" content=\"https:\/\/culture.ixelles.be\/wp-content\/uploads\/2022\/10\/96388234aaca5e71efc00b59a4fe00d0408efcf2-6-scaled-2.jpg\" \/>\n\t<meta property=\"og:image:width\" content=\"2560\" \/>\n\t<meta property=\"og:image:height\" content=\"1709\" \/>\n\t<meta property=\"og:image:type\" content=\"image\/jpeg\" \/>\n<meta name=\"twitter:card\" content=\"summary_large_image\" \/>\n<script type=\"application\/ld+json\" class=\"yoast-schema-graph\">{\"@context\":\"https:\/\/schema.org\",\"@graph\":[{\"@type\":\"WebPage\",\"@id\":\"https:\/\/culture.ixelles.be\/en\/places\/levy-delval\/\",\"url\":\"https:\/\/culture.ixelles.be\/en\/places\/levy-delval\/\",\"name\":\"Levy.Delval - Ixelles\",\"isPartOf\":{\"@id\":\"https:\/\/culture.ixelles.be\/en\/#website\"},\"datePublished\":\"2021-06-29T04:27:42+00:00\",\"breadcrumb\":{\"@id\":\"https:\/\/culture.ixelles.be\/en\/places\/levy-delval\/#breadcrumb\"},\"inLanguage\":\"en-US\",\"potentialAction\":[{\"@type\":\"ReadAction\",\"target\":[\"https:\/\/culture.ixelles.be\/en\/places\/levy-delval\/\"]}]},{\"@type\":\"BreadcrumbList\",\"@id\":\"https:\/\/culture.ixelles.be\/en\/places\/levy-delval\/#breadcrumb\",\"itemListElement\":[{\"@type\":\"ListItem\",\"position\":1,\"name\":\"Accueil\",\"item\":\"https:\/\/culture.ixelles.be\/en\/\"},{\"@type\":\"ListItem\",\"position\":2,\"name\":\"Places\",\"item\":\"https:\/\/culture.ixelles.be\/en\/places\/\"},{\"@type\":\"ListItem\",\"position\":3,\"name\":\"Levy.Delval\"}]},{\"@type\":\"WebSite\",\"@id\":\"https:\/\/culture.ixelles.be\/en\/#website\",\"url\":\"https:\/\/culture.ixelles.be\/en\/\",\"name\":\"Ixelles\",\"description\":\"\",\"publisher\":{\"@id\":\"https:\/\/culture.ixelles.be\/en\/#organization\"},\"potentialAction\":[{\"@type\":\"SearchAction\",\"target\":{\"@type\":\"EntryPoint\",\"urlTemplate\":\"https:\/\/culture.ixelles.be\/en\/?s={search_term_string}\"},\"query-input\":{\"@type\":\"PropertyValueSpecification\",\"valueRequired\":true,\"valueName\":\"search_term_string\"}}],\"inLanguage\":\"en-US\"},{\"@type\":\"Organization\",\"@id\":\"https:\/\/culture.ixelles.be\/en\/#organization\",\"name\":\"Service culture Ixelles\",\"url\":\"https:\/\/culture.ixelles.be\/en\/\",\"logo\":{\"@type\":\"ImageObject\",\"inLanguage\":\"en-US\",\"@id\":\"https:\/\/culture.ixelles.be\/en\/#\/schema\/logo\/image\/\",\"url\":\"https:\/\/culture.ixelles.be\/wp-content\/uploads\/2021\/05\/ixelles_green.svg\",\"contentUrl\":\"https:\/\/culture.ixelles.be\/wp-content\/uploads\/2021\/05\/ixelles_green.svg\",\"width\":1,\"height\":1,\"caption\":\"Service culture Ixelles\"},\"image\":{\"@id\":\"https:\/\/culture.ixelles.be\/en\/#\/schema\/logo\/image\/\"}}]}<\/script>\n<!-- \/ Yoast SEO plugin. -->","yoast_head_json":{"title":"Levy.Delval - Ixelles","robots":{"index":"index","follow":"follow","max-snippet":"max-snippet:-1","max-image-preview":"max-image-preview:large","max-video-preview":"max-video-preview:-1"},"canonical":"https:\/\/culture.ixelles.be\/en\/places\/levy-delval\/","og_locale":"en_US","og_type":"article","og_title":"Levy.Delval - Ixelles","og_description":"In September 2014, Elaine L\u00e9vy and Florent Delval joined forces to create Levy Delval. Originally, the Elaine L\u00e9vy Project was founded in January 2006 in the Ch\u00e2telain district and installed in unusual premises, on the upper floor of a renovated beer warehouse. By becoming partners, Elaine L\u00e9vy and Florent Delval intend to promote artists from [&hellip;]","og_url":"https:\/\/culture.ixelles.be\/en\/places\/levy-delval\/","og_site_name":"Ixelles","og_image":[{"width":2560,"height":1709,"url":"https:\/\/culture.ixelles.be\/wp-content\/uploads\/2022\/10\/96388234aaca5e71efc00b59a4fe00d0408efcf2-6-scaled-2.jpg","type":"image\/jpeg"}],"twitter_card":"summary_large_image","schema":{"@context":"https:\/\/schema.org","@graph":[{"@type":"WebPage","@id":"https:\/\/culture.ixelles.be\/en\/places\/levy-delval\/","url":"https:\/\/culture.ixelles.be\/en\/places\/levy-delval\/","name":"Levy.Delval - Ixelles","isPartOf":{"@id":"https:\/\/culture.ixelles.be\/en\/#website"},"datePublished":"2021-06-29T04:27:42+00:00","breadcrumb":{"@id":"https:\/\/culture.ixelles.be\/en\/places\/levy-delval\/#breadcrumb"},"inLanguage":"en-US","potentialAction":[{"@type":"ReadAction","target":["https:\/\/culture.ixelles.be\/en\/places\/levy-delval\/"]}]},{"@type":"BreadcrumbList","@id":"https:\/\/culture.ixelles.be\/en\/places\/levy-delval\/#breadcrumb","itemListElement":[{"@type":"ListItem","position":1,"name":"Accueil","item":"https:\/\/culture.ixelles.be\/en\/"},{"@type":"ListItem","position":2,"name":"Places","item":"https:\/\/culture.ixelles.be\/en\/places\/"},{"@type":"ListItem","position":3,"name":"Levy.Delval"}]},{"@type":"WebSite","@id":"https:\/\/culture.ixelles.be\/en\/#website","url":"https:\/\/culture.ixelles.be\/en\/","name":"Ixelles","description":"","publisher":{"@id":"https:\/\/culture.ixelles.be\/en\/#organization"},"potentialAction":[{"@type":"SearchAction","target":{"@type":"EntryPoint","urlTemplate":"https:\/\/culture.ixelles.be\/en\/?s={search_term_string}"},"query-input":{"@type":"PropertyValueSpecification","valueRequired":true,"valueName":"search_term_string"}}],"inLanguage":"en-US"},{"@type":"Organization","@id":"https:\/\/culture.ixelles.be\/en\/#organization","name":"Service culture Ixelles","url":"https:\/\/culture.ixelles.be\/en\/","logo":{"@type":"ImageObject","inLanguage":"en-US","@id":"https:\/\/culture.ixelles.be\/en\/#\/schema\/logo\/image\/","url":"https:\/\/culture.ixelles.be\/wp-content\/uploads\/2021\/05\/ixelles_green.svg","contentUrl":"https:\/\/culture.ixelles.be\/wp-content\/uploads\/2021\/05\/ixelles_green.svg","width":1,"height":1,"caption":"Service culture Ixelles"},"image":{"@id":"https:\/\/culture.ixelles.be\/en\/#\/schema\/logo\/image\/"}}]}},"_links":{"self":[{"href":"https:\/\/culture.ixelles.be\/en\/wp-json\/wp\/v2\/places\/1318400"}],"collection":[{"href":"https:\/\/culture.ixelles.be\/en\/wp-json\/wp\/v2\/places"}],"about":[{"href":"https:\/\/culture.ixelles.be\/en\/wp-json\/wp\/v2\/types\/places"}],"author":[{"embeddable":true,"href":"https:\/\/culture.ixelles.be\/en\/wp-json\/wp\/v2\/users\/1"}],"replies":[{"embeddable":true,"href":"https:\/\/culture.ixelles.be\/en\/wp-json\/wp\/v2\/comments?post=1318400"}],"version-history":[{"count":0,"href":"https:\/\/culture.ixelles.be\/en\/wp-json\/wp\/v2\/places\/1318400\/revisions"}],"wp:attachment":[{"href":"https:\/\/culture.ixelles.be\/en\/wp-json\/wp\/v2\/media?parent=1318400"}],"curies":[{"name":"wp","href":"https:\/\/api.w.org\/{rel}","templated":true}]}}