{"id":1902105,"date":"2026-04-23T23:13:49","date_gmt":"2026-04-23T23:13:49","guid":{"rendered":"https:\/\/culture.ixelles.be\/events\/close-encounter\/"},"modified":"2026-04-23T23:13:49","modified_gmt":"2026-04-23T23:13:49","slug":"close-encounter","status":"publish","type":"events","link":"https:\/\/culture.ixelles.be\/fr\/events\/close-encounter\/","title":{"rendered":"Close Encounter"},"content":{"rendered":"<p>R\u00e9p\u00e9titions ouvertes : vivez l\u2019orchestre de tout pr\u00e8s et ressentez la force de notre collectif. Dans le cadre historique du Studio 4, vous \u00eates plong\u00e9\u00b7e au c\u0153ur de la musique \u2014 et dans l\u2019univers du chef, du soliste ou de l\u2019un de nos musiciens.<\/p>\n<p>Ce qui sera r\u00e9p\u00e9t\u00e9 ? Impossible \u00e0 dire pour l&rsquo;instant\u202f\u2014\u202fune r\u00e9p\u00e9tition suit son propre rythme. Mais une chose est s\u00fbre : vous entrez au c\u0153ur de notre monde symphonique.<\/p>\n<p>Flagey, Brussels Philharmonic<\/p>\n<p>25.09.2025\u00a0|\u00a0r\u00e9p\u00e9tition pour le concert\u00a0Daphnis et Chlo\u00e9 &#8211; Une d\u00e9claration d\u2019amour<br \/>\n23.10.2025\u00a0|\u00a0r\u00e9p\u00e9tition pour le concert\u00a0Enigma Variations &#8211; Passion and Mystery<br \/>\n20.11.2025\u00a0|\u00a0r\u00e9p\u00e9tition pour le concert\u00a0Vlaams Radiokoor &amp; Boris Giltburg | Beethoven &amp; Bruckner<br \/>\n18.12.2025\u00a0|\u00a0r\u00e9p\u00e9tition pour le concert\u00a0The Boy Who Laughed at Santa Claus | Christmas Magic!<br \/>\n05.02.2026\u00a0|\u00a0r\u00e9p\u00e9tition pour le concert\u00a0Mahler 7 &#8211; Lied der Nacht<br \/>\n26.03.2026\u00a0|\u00a0r\u00e9p\u00e9tition pour le concert\u00a0Brussels Philharmonic &amp; Abel Selaocoe<br \/>\n21.05.2026\u00a0|\u00a0r\u00e9p\u00e9tition pour le concert\u00a0Dvo\u0159\u00e1k 8<\/p>\n<p>\u20ac 5<\/p>\n","protected":false},"excerpt":{"rendered":"<p>R\u00e9p\u00e9titions ouvertes : vivez l\u2019orchestre de tout pr\u00e8s et ressentez la force de notre collectif. Dans le cadre historique du Studio 4, vous \u00eates plong\u00e9\u00b7e au c\u0153ur de la musique \u2014 et dans l\u2019univers du chef, du soliste ou de l\u2019un de nos musiciens. Ce qui sera r\u00e9p\u00e9t\u00e9 ? Impossible \u00e0 dire pour l&rsquo;instant\u202f\u2014\u202fune r\u00e9p\u00e9tition [&hellip;]<\/p>\n","protected":false},"author":1,"featured_media":1902108,"comment_status":"","ping_status":"closed","template":"","acf":[],"yoast_head":"<!-- This site is optimized with the Yoast SEO plugin v24.5 - https:\/\/yoast.com\/wordpress\/plugins\/seo\/ -->\n<title>Close Encounter - Ixelles<\/title>\n<meta name=\"robots\" content=\"index, follow, max-snippet:-1, max-image-preview:large, max-video-preview:-1\" \/>\n<link rel=\"canonical\" href=\"https:\/\/culture.ixelles.be\/fr\/events\/close-encounter\/\" \/>\n<meta property=\"og:locale\" content=\"fr_FR\" \/>\n<meta property=\"og:type\" content=\"article\" \/>\n<meta property=\"og:title\" content=\"Close Encounter - Ixelles\" \/>\n<meta property=\"og:url\" content=\"https:\/\/culture.ixelles.be\/fr\/events\/close-encounter\/\" \/>\n<meta property=\"og:site_name\" content=\"Ixelles\" \/>\n<meta name=\"twitter:card\" content=\"summary_large_image\" \/>\n<meta name=\"twitter:label1\" content=\"Dur\u00e9e de lecture estim\u00e9e\" \/>\n\t<meta name=\"twitter:data1\" content=\"1 minute\" \/>\n<script type=\"application\/ld+json\" class=\"yoast-schema-graph\">{\"@context\":\"https:\/\/schema.org\",\"@graph\":[{\"@type\":\"WebPage\",\"@id\":\"https:\/\/culture.ixelles.be\/fr\/events\/close-encounter\/\",\"url\":\"https:\/\/culture.ixelles.be\/fr\/events\/close-encounter\/\",\"name\":\"Close Encounter - Ixelles\",\"isPartOf\":{\"@id\":\"https:\/\/culture.ixelles.be\/fr\/#website\"},\"primaryImageOfPage\":{\"@id\":\"https:\/\/culture.ixelles.be\/fr\/events\/close-encounter\/#primaryimage\"},\"image\":{\"@id\":\"https:\/\/culture.ixelles.be\/fr\/events\/close-encounter\/#primaryimage\"},\"thumbnailUrl\":\"https:\/\/culture.ixelles.be\/wp-content\/uploads\/2026\/04\/1764826231270-5533ba1777eca1e4657430176d99331ca34e567e.jpg\",\"datePublished\":\"2026-04-23T23:13:49+00:00\",\"breadcrumb\":{\"@id\":\"https:\/\/culture.ixelles.be\/fr\/events\/close-encounter\/#breadcrumb\"},\"inLanguage\":\"fr-FR\",\"potentialAction\":[{\"@type\":\"ReadAction\",\"target\":[\"https:\/\/culture.ixelles.be\/fr\/events\/close-encounter\/\"]}]},{\"@type\":\"ImageObject\",\"inLanguage\":\"fr-FR\",\"@id\":\"https:\/\/culture.ixelles.be\/fr\/events\/close-encounter\/#primaryimage\",\"url\":\"https:\/\/culture.ixelles.be\/wp-content\/uploads\/2026\/04\/1764826231270-5533ba1777eca1e4657430176d99331ca34e567e.jpg\",\"contentUrl\":\"https:\/\/culture.ixelles.be\/wp-content\/uploads\/2026\/04\/1764826231270-5533ba1777eca1e4657430176d99331ca34e567e.jpg\",\"width\":1200,\"height\":630},{\"@type\":\"BreadcrumbList\",\"@id\":\"https:\/\/culture.ixelles.be\/fr\/events\/close-encounter\/#breadcrumb\",\"itemListElement\":[{\"@type\":\"ListItem\",\"position\":1,\"name\":\"Accueil\",\"item\":\"https:\/\/culture.ixelles.be\/fr\/\"},{\"@type\":\"ListItem\",\"position\":2,\"name\":\"Events\",\"item\":\"https:\/\/culture.ixelles.be\/fr\/events\/\"},{\"@type\":\"ListItem\",\"position\":3,\"name\":\"Close Encounter\"}]},{\"@type\":\"WebSite\",\"@id\":\"https:\/\/culture.ixelles.be\/fr\/#website\",\"url\":\"https:\/\/culture.ixelles.be\/fr\/\",\"name\":\"Ixelles\",\"description\":\"\",\"publisher\":{\"@id\":\"https:\/\/culture.ixelles.be\/fr\/#organization\"},\"potentialAction\":[{\"@type\":\"SearchAction\",\"target\":{\"@type\":\"EntryPoint\",\"urlTemplate\":\"https:\/\/culture.ixelles.be\/fr\/?s={search_term_string}\"},\"query-input\":{\"@type\":\"PropertyValueSpecification\",\"valueRequired\":true,\"valueName\":\"search_term_string\"}}],\"inLanguage\":\"fr-FR\"},{\"@type\":\"Organization\",\"@id\":\"https:\/\/culture.ixelles.be\/fr\/#organization\",\"name\":\"Service culture Ixelles\",\"url\":\"https:\/\/culture.ixelles.be\/fr\/\",\"logo\":{\"@type\":\"ImageObject\",\"inLanguage\":\"fr-FR\",\"@id\":\"https:\/\/culture.ixelles.be\/fr\/#\/schema\/logo\/image\/\",\"url\":\"https:\/\/culture.ixelles.be\/wp-content\/uploads\/2021\/05\/ixelles_green.svg\",\"contentUrl\":\"https:\/\/culture.ixelles.be\/wp-content\/uploads\/2021\/05\/ixelles_green.svg\",\"width\":1,\"height\":1,\"caption\":\"Service culture Ixelles\"},\"image\":{\"@id\":\"https:\/\/culture.ixelles.be\/fr\/#\/schema\/logo\/image\/\"}}]}<\/script>\n<!-- \/ Yoast SEO plugin. -->","yoast_head_json":{"title":"Close Encounter - Ixelles","robots":{"index":"index","follow":"follow","max-snippet":"max-snippet:-1","max-image-preview":"max-image-preview:large","max-video-preview":"max-video-preview:-1"},"canonical":"https:\/\/culture.ixelles.be\/fr\/events\/close-encounter\/","og_locale":"fr_FR","og_type":"article","og_title":"Close Encounter - Ixelles","og_url":"https:\/\/culture.ixelles.be\/fr\/events\/close-encounter\/","og_site_name":"Ixelles","twitter_card":"summary_large_image","twitter_misc":{"Dur\u00e9e de lecture estim\u00e9e":"1 minute"},"schema":{"@context":"https:\/\/schema.org","@graph":[{"@type":"WebPage","@id":"https:\/\/culture.ixelles.be\/fr\/events\/close-encounter\/","url":"https:\/\/culture.ixelles.be\/fr\/events\/close-encounter\/","name":"Close Encounter - Ixelles","isPartOf":{"@id":"https:\/\/culture.ixelles.be\/fr\/#website"},"primaryImageOfPage":{"@id":"https:\/\/culture.ixelles.be\/fr\/events\/close-encounter\/#primaryimage"},"image":{"@id":"https:\/\/culture.ixelles.be\/fr\/events\/close-encounter\/#primaryimage"},"thumbnailUrl":"https:\/\/culture.ixelles.be\/wp-content\/uploads\/2026\/04\/1764826231270-5533ba1777eca1e4657430176d99331ca34e567e.jpg","datePublished":"2026-04-23T23:13:49+00:00","breadcrumb":{"@id":"https:\/\/culture.ixelles.be\/fr\/events\/close-encounter\/#breadcrumb"},"inLanguage":"fr-FR","potentialAction":[{"@type":"ReadAction","target":["https:\/\/culture.ixelles.be\/fr\/events\/close-encounter\/"]}]},{"@type":"ImageObject","inLanguage":"fr-FR","@id":"https:\/\/culture.ixelles.be\/fr\/events\/close-encounter\/#primaryimage","url":"https:\/\/culture.ixelles.be\/wp-content\/uploads\/2026\/04\/1764826231270-5533ba1777eca1e4657430176d99331ca34e567e.jpg","contentUrl":"https:\/\/culture.ixelles.be\/wp-content\/uploads\/2026\/04\/1764826231270-5533ba1777eca1e4657430176d99331ca34e567e.jpg","width":1200,"height":630},{"@type":"BreadcrumbList","@id":"https:\/\/culture.ixelles.be\/fr\/events\/close-encounter\/#breadcrumb","itemListElement":[{"@type":"ListItem","position":1,"name":"Accueil","item":"https:\/\/culture.ixelles.be\/fr\/"},{"@type":"ListItem","position":2,"name":"Events","item":"https:\/\/culture.ixelles.be\/fr\/events\/"},{"@type":"ListItem","position":3,"name":"Close Encounter"}]},{"@type":"WebSite","@id":"https:\/\/culture.ixelles.be\/fr\/#website","url":"https:\/\/culture.ixelles.be\/fr\/","name":"Ixelles","description":"","publisher":{"@id":"https:\/\/culture.ixelles.be\/fr\/#organization"},"potentialAction":[{"@type":"SearchAction","target":{"@type":"EntryPoint","urlTemplate":"https:\/\/culture.ixelles.be\/fr\/?s={search_term_string}"},"query-input":{"@type":"PropertyValueSpecification","valueRequired":true,"valueName":"search_term_string"}}],"inLanguage":"fr-FR"},{"@type":"Organization","@id":"https:\/\/culture.ixelles.be\/fr\/#organization","name":"Service culture Ixelles","url":"https:\/\/culture.ixelles.be\/fr\/","logo":{"@type":"ImageObject","inLanguage":"fr-FR","@id":"https:\/\/culture.ixelles.be\/fr\/#\/schema\/logo\/image\/","url":"https:\/\/culture.ixelles.be\/wp-content\/uploads\/2021\/05\/ixelles_green.svg","contentUrl":"https:\/\/culture.ixelles.be\/wp-content\/uploads\/2021\/05\/ixelles_green.svg","width":1,"height":1,"caption":"Service culture Ixelles"},"image":{"@id":"https:\/\/culture.ixelles.be\/fr\/#\/schema\/logo\/image\/"}}]}},"_links":{"self":[{"href":"https:\/\/culture.ixelles.be\/fr\/wp-json\/wp\/v2\/events\/1902105"}],"collection":[{"href":"https:\/\/culture.ixelles.be\/fr\/wp-json\/wp\/v2\/events"}],"about":[{"href":"https:\/\/culture.ixelles.be\/fr\/wp-json\/wp\/v2\/types\/events"}],"author":[{"embeddable":true,"href":"https:\/\/culture.ixelles.be\/fr\/wp-json\/wp\/v2\/users\/1"}],"replies":[{"embeddable":true,"href":"https:\/\/culture.ixelles.be\/fr\/wp-json\/wp\/v2\/comments?post=1902105"}],"version-history":[{"count":0,"href":"https:\/\/culture.ixelles.be\/fr\/wp-json\/wp\/v2\/events\/1902105\/revisions"}],"wp:featuredmedia":[{"embeddable":true,"href":"https:\/\/culture.ixelles.be\/fr\/wp-json\/wp\/v2\/media\/1902108"}],"wp:attachment":[{"href":"https:\/\/culture.ixelles.be\/fr\/wp-json\/wp\/v2\/media?parent=1902105"}],"curies":[{"name":"wp","href":"https:\/\/api.w.org\/{rel}","templated":true}]}}