{"id":1903648,"date":"2026-04-24T23:11:46","date_gmt":"2026-04-24T23:11:46","guid":{"rendered":"https:\/\/culture.ixelles.be\/events\/the-belgian-wave\/"},"modified":"2026-04-24T23:11:46","modified_gmt":"2026-04-24T23:11:46","slug":"the-belgian-wave","status":"publish","type":"events","link":"https:\/\/culture.ixelles.be\/fr\/events\/the-belgian-wave\/","title":{"rendered":"The Belgian Wave"},"content":{"rendered":"<p>La Carcosian Film Night est d\u00e9di\u00e9e aux films qui explorent les fronti\u00e8res de l\u2019occulte et\u00a0du folk horror.<\/p>\n<p>Au d\u00e9but des ann\u00e9es 90, le journaliste Marc Varenberg et son cam\u00e9raman disparaissent dans des circonstances myst\u00e9rieuses alors qu&rsquo;ils enqu\u00eatent sur la Vague Belge, une s\u00e9rie d&rsquo;observations d&rsquo;Ovni survenus entre 1989 et 1993. Pr\u00e8s de 30 ans plus tard, deux webreporters rouvrent l&rsquo;enqu\u00eate pour d\u00e9couvrir ce qui s&rsquo;est r\u00e9ellement pass\u00e9.<\/p>\n<p>Cineflagey by Cinematek &amp; Kinograph<\/p>\n<p>\u20ac 10,5 &gt; \u20ac 7<\/p>\n","protected":false},"excerpt":{"rendered":"<p>La Carcosian Film Night est d\u00e9di\u00e9e aux films qui explorent les fronti\u00e8res de l\u2019occulte et\u00a0du folk horror. Au d\u00e9but des ann\u00e9es 90, le journaliste Marc Varenberg et son cam\u00e9raman disparaissent dans des circonstances myst\u00e9rieuses alors qu&rsquo;ils enqu\u00eatent sur la Vague Belge, une s\u00e9rie d&rsquo;observations d&rsquo;Ovni survenus entre 1989 et 1993. Pr\u00e8s de 30 ans plus [&hellip;]<\/p>\n","protected":false},"author":1,"featured_media":1903651,"comment_status":"","ping_status":"closed","template":"","acf":[],"yoast_head":"<!-- This site is optimized with the Yoast SEO plugin v24.5 - https:\/\/yoast.com\/wordpress\/plugins\/seo\/ -->\n<title>The Belgian Wave - Ixelles<\/title>\n<meta name=\"robots\" content=\"index, follow, max-snippet:-1, max-image-preview:large, max-video-preview:-1\" \/>\n<link rel=\"canonical\" href=\"https:\/\/culture.ixelles.be\/fr\/events\/the-belgian-wave\/\" \/>\n<meta property=\"og:locale\" content=\"fr_FR\" \/>\n<meta property=\"og:type\" content=\"article\" \/>\n<meta property=\"og:title\" content=\"The Belgian Wave - Ixelles\" \/>\n<meta property=\"og:url\" content=\"https:\/\/culture.ixelles.be\/fr\/events\/the-belgian-wave\/\" \/>\n<meta property=\"og:site_name\" content=\"Ixelles\" \/>\n<meta name=\"twitter:card\" content=\"summary_large_image\" \/>\n<script type=\"application\/ld+json\" class=\"yoast-schema-graph\">{\"@context\":\"https:\/\/schema.org\",\"@graph\":[{\"@type\":\"WebPage\",\"@id\":\"https:\/\/culture.ixelles.be\/fr\/events\/the-belgian-wave\/\",\"url\":\"https:\/\/culture.ixelles.be\/fr\/events\/the-belgian-wave\/\",\"name\":\"The Belgian Wave - Ixelles\",\"isPartOf\":{\"@id\":\"https:\/\/culture.ixelles.be\/fr\/#website\"},\"primaryImageOfPage\":{\"@id\":\"https:\/\/culture.ixelles.be\/fr\/events\/the-belgian-wave\/#primaryimage\"},\"image\":{\"@id\":\"https:\/\/culture.ixelles.be\/fr\/events\/the-belgian-wave\/#primaryimage\"},\"thumbnailUrl\":\"https:\/\/culture.ixelles.be\/wp-content\/uploads\/2026\/04\/1777005162104-5d836508b26e5ae770f5d20fc9b5972b5341a8f4.jpg\",\"datePublished\":\"2026-04-24T23:11:46+00:00\",\"breadcrumb\":{\"@id\":\"https:\/\/culture.ixelles.be\/fr\/events\/the-belgian-wave\/#breadcrumb\"},\"inLanguage\":\"fr-FR\",\"potentialAction\":[{\"@type\":\"ReadAction\",\"target\":[\"https:\/\/culture.ixelles.be\/fr\/events\/the-belgian-wave\/\"]}]},{\"@type\":\"ImageObject\",\"inLanguage\":\"fr-FR\",\"@id\":\"https:\/\/culture.ixelles.be\/fr\/events\/the-belgian-wave\/#primaryimage\",\"url\":\"https:\/\/culture.ixelles.be\/wp-content\/uploads\/2026\/04\/1777005162104-5d836508b26e5ae770f5d20fc9b5972b5341a8f4.jpg\",\"contentUrl\":\"https:\/\/culture.ixelles.be\/wp-content\/uploads\/2026\/04\/1777005162104-5d836508b26e5ae770f5d20fc9b5972b5341a8f4.jpg\",\"width\":1200,\"height\":630},{\"@type\":\"BreadcrumbList\",\"@id\":\"https:\/\/culture.ixelles.be\/fr\/events\/the-belgian-wave\/#breadcrumb\",\"itemListElement\":[{\"@type\":\"ListItem\",\"position\":1,\"name\":\"Accueil\",\"item\":\"https:\/\/culture.ixelles.be\/fr\/\"},{\"@type\":\"ListItem\",\"position\":2,\"name\":\"Events\",\"item\":\"https:\/\/culture.ixelles.be\/fr\/events\/\"},{\"@type\":\"ListItem\",\"position\":3,\"name\":\"The Belgian Wave\"}]},{\"@type\":\"WebSite\",\"@id\":\"https:\/\/culture.ixelles.be\/fr\/#website\",\"url\":\"https:\/\/culture.ixelles.be\/fr\/\",\"name\":\"Ixelles\",\"description\":\"\",\"publisher\":{\"@id\":\"https:\/\/culture.ixelles.be\/fr\/#organization\"},\"potentialAction\":[{\"@type\":\"SearchAction\",\"target\":{\"@type\":\"EntryPoint\",\"urlTemplate\":\"https:\/\/culture.ixelles.be\/fr\/?s={search_term_string}\"},\"query-input\":{\"@type\":\"PropertyValueSpecification\",\"valueRequired\":true,\"valueName\":\"search_term_string\"}}],\"inLanguage\":\"fr-FR\"},{\"@type\":\"Organization\",\"@id\":\"https:\/\/culture.ixelles.be\/fr\/#organization\",\"name\":\"Service culture Ixelles\",\"url\":\"https:\/\/culture.ixelles.be\/fr\/\",\"logo\":{\"@type\":\"ImageObject\",\"inLanguage\":\"fr-FR\",\"@id\":\"https:\/\/culture.ixelles.be\/fr\/#\/schema\/logo\/image\/\",\"url\":\"https:\/\/culture.ixelles.be\/wp-content\/uploads\/2021\/05\/ixelles_green.svg\",\"contentUrl\":\"https:\/\/culture.ixelles.be\/wp-content\/uploads\/2021\/05\/ixelles_green.svg\",\"width\":1,\"height\":1,\"caption\":\"Service culture Ixelles\"},\"image\":{\"@id\":\"https:\/\/culture.ixelles.be\/fr\/#\/schema\/logo\/image\/\"}}]}<\/script>\n<!-- \/ Yoast SEO plugin. -->","yoast_head_json":{"title":"The Belgian Wave - Ixelles","robots":{"index":"index","follow":"follow","max-snippet":"max-snippet:-1","max-image-preview":"max-image-preview:large","max-video-preview":"max-video-preview:-1"},"canonical":"https:\/\/culture.ixelles.be\/fr\/events\/the-belgian-wave\/","og_locale":"fr_FR","og_type":"article","og_title":"The Belgian Wave - Ixelles","og_url":"https:\/\/culture.ixelles.be\/fr\/events\/the-belgian-wave\/","og_site_name":"Ixelles","twitter_card":"summary_large_image","schema":{"@context":"https:\/\/schema.org","@graph":[{"@type":"WebPage","@id":"https:\/\/culture.ixelles.be\/fr\/events\/the-belgian-wave\/","url":"https:\/\/culture.ixelles.be\/fr\/events\/the-belgian-wave\/","name":"The Belgian Wave - Ixelles","isPartOf":{"@id":"https:\/\/culture.ixelles.be\/fr\/#website"},"primaryImageOfPage":{"@id":"https:\/\/culture.ixelles.be\/fr\/events\/the-belgian-wave\/#primaryimage"},"image":{"@id":"https:\/\/culture.ixelles.be\/fr\/events\/the-belgian-wave\/#primaryimage"},"thumbnailUrl":"https:\/\/culture.ixelles.be\/wp-content\/uploads\/2026\/04\/1777005162104-5d836508b26e5ae770f5d20fc9b5972b5341a8f4.jpg","datePublished":"2026-04-24T23:11:46+00:00","breadcrumb":{"@id":"https:\/\/culture.ixelles.be\/fr\/events\/the-belgian-wave\/#breadcrumb"},"inLanguage":"fr-FR","potentialAction":[{"@type":"ReadAction","target":["https:\/\/culture.ixelles.be\/fr\/events\/the-belgian-wave\/"]}]},{"@type":"ImageObject","inLanguage":"fr-FR","@id":"https:\/\/culture.ixelles.be\/fr\/events\/the-belgian-wave\/#primaryimage","url":"https:\/\/culture.ixelles.be\/wp-content\/uploads\/2026\/04\/1777005162104-5d836508b26e5ae770f5d20fc9b5972b5341a8f4.jpg","contentUrl":"https:\/\/culture.ixelles.be\/wp-content\/uploads\/2026\/04\/1777005162104-5d836508b26e5ae770f5d20fc9b5972b5341a8f4.jpg","width":1200,"height":630},{"@type":"BreadcrumbList","@id":"https:\/\/culture.ixelles.be\/fr\/events\/the-belgian-wave\/#breadcrumb","itemListElement":[{"@type":"ListItem","position":1,"name":"Accueil","item":"https:\/\/culture.ixelles.be\/fr\/"},{"@type":"ListItem","position":2,"name":"Events","item":"https:\/\/culture.ixelles.be\/fr\/events\/"},{"@type":"ListItem","position":3,"name":"The Belgian Wave"}]},{"@type":"WebSite","@id":"https:\/\/culture.ixelles.be\/fr\/#website","url":"https:\/\/culture.ixelles.be\/fr\/","name":"Ixelles","description":"","publisher":{"@id":"https:\/\/culture.ixelles.be\/fr\/#organization"},"potentialAction":[{"@type":"SearchAction","target":{"@type":"EntryPoint","urlTemplate":"https:\/\/culture.ixelles.be\/fr\/?s={search_term_string}"},"query-input":{"@type":"PropertyValueSpecification","valueRequired":true,"valueName":"search_term_string"}}],"inLanguage":"fr-FR"},{"@type":"Organization","@id":"https:\/\/culture.ixelles.be\/fr\/#organization","name":"Service culture Ixelles","url":"https:\/\/culture.ixelles.be\/fr\/","logo":{"@type":"ImageObject","inLanguage":"fr-FR","@id":"https:\/\/culture.ixelles.be\/fr\/#\/schema\/logo\/image\/","url":"https:\/\/culture.ixelles.be\/wp-content\/uploads\/2021\/05\/ixelles_green.svg","contentUrl":"https:\/\/culture.ixelles.be\/wp-content\/uploads\/2021\/05\/ixelles_green.svg","width":1,"height":1,"caption":"Service culture Ixelles"},"image":{"@id":"https:\/\/culture.ixelles.be\/fr\/#\/schema\/logo\/image\/"}}]}},"_links":{"self":[{"href":"https:\/\/culture.ixelles.be\/fr\/wp-json\/wp\/v2\/events\/1903648"}],"collection":[{"href":"https:\/\/culture.ixelles.be\/fr\/wp-json\/wp\/v2\/events"}],"about":[{"href":"https:\/\/culture.ixelles.be\/fr\/wp-json\/wp\/v2\/types\/events"}],"author":[{"embeddable":true,"href":"https:\/\/culture.ixelles.be\/fr\/wp-json\/wp\/v2\/users\/1"}],"replies":[{"embeddable":true,"href":"https:\/\/culture.ixelles.be\/fr\/wp-json\/wp\/v2\/comments?post=1903648"}],"version-history":[{"count":0,"href":"https:\/\/culture.ixelles.be\/fr\/wp-json\/wp\/v2\/events\/1903648\/revisions"}],"wp:featuredmedia":[{"embeddable":true,"href":"https:\/\/culture.ixelles.be\/fr\/wp-json\/wp\/v2\/media\/1903651"}],"wp:attachment":[{"href":"https:\/\/culture.ixelles.be\/fr\/wp-json\/wp\/v2\/media?parent=1903648"}],"curies":[{"name":"wp","href":"https:\/\/api.w.org\/{rel}","templated":true}]}}