{"id":1983192,"date":"2026-08-22T00:05:51","date_gmt":"2026-08-22T00:05:51","guid":{"rendered":"https:\/\/culture.ixelles.be\/events\/seance-de-court-metrages-pour-tout-petits\/"},"modified":"2026-08-22T00:05:51","modified_gmt":"2026-08-22T00:05:51","slug":"seance-de-court-metrages-pour-tout-petits","status":"publish","type":"events","link":"https:\/\/culture.ixelles.be\/fr\/events\/seance-de-court-metrages-pour-tout-petits\/","title":{"rendered":"S\u00e9ance de court-m\u00e9trages pour tout petits"},"content":{"rendered":"<p>\u00ab\u00a0Venez d\u00e9couvrir en famille une nouvelle s\u00e9lection de courts m\u00e9trages internationaux qui offre un bel aper\u00e7u de la diversit\u00e9 de ce format si peu repr\u00e9sent\u00e9 sur grand \u00e9cran! La projection sera suivie par un petit \u00e9change sur les films vus, en s\u2019attardant autant sur les techniques de r\u00e9alisation abord\u00e9es que sur les th\u00e8mes \u00e9voqu\u00e9s. Une belle fa\u00e7on de s\u2019initier au cin\u00e9ma d\u2019aujourd\u2019hui, tout en apprenant de fa\u00e7on ludique \u00e0 analyser le monde qui nous entoure. En bonus, les enfants repartiront avec un petit bricolage \u00e0 faire \u00e0 la maison : un thaumatrope, jouet optique du pr\u00e9-cin\u00e9ma.<br \/>\n\u00c0 partir de 3 ans.\u00a0\u00bb<\/p>\n","protected":false},"excerpt":{"rendered":"<p>\u00ab\u00a0Venez d\u00e9couvrir en famille une nouvelle s\u00e9lection de courts m\u00e9trages internationaux qui offre un bel aper\u00e7u de la diversit\u00e9 de ce format si peu repr\u00e9sent\u00e9 sur grand \u00e9cran! La projection sera suivie par un petit \u00e9change sur les films vus, en s\u2019attardant autant sur les techniques de r\u00e9alisation abord\u00e9es que sur les th\u00e8mes \u00e9voqu\u00e9s. Une [&hellip;]<\/p>\n","protected":false},"author":1,"featured_media":1983195,"comment_status":"","ping_status":"closed","template":"","acf":[],"yoast_head":"<!-- This site is optimized with the Yoast SEO plugin v24.5 - https:\/\/yoast.com\/wordpress\/plugins\/seo\/ -->\n<title>S\u00e9ance de court-m\u00e9trages pour tout petits - Ixelles<\/title>\n<meta name=\"robots\" content=\"index, follow, max-snippet:-1, max-image-preview:large, max-video-preview:-1\" \/>\n<link rel=\"canonical\" href=\"https:\/\/culture.ixelles.be\/fr\/events\/seance-de-court-metrages-pour-tout-petits\/\" \/>\n<meta property=\"og:locale\" content=\"fr_FR\" \/>\n<meta property=\"og:type\" content=\"article\" \/>\n<meta property=\"og:title\" content=\"S\u00e9ance de court-m\u00e9trages pour tout petits - Ixelles\" \/>\n<meta property=\"og:url\" content=\"https:\/\/culture.ixelles.be\/fr\/events\/seance-de-court-metrages-pour-tout-petits\/\" \/>\n<meta property=\"og:site_name\" content=\"Ixelles\" \/>\n<meta name=\"twitter:card\" content=\"summary_large_image\" \/>\n<meta name=\"twitter:label1\" content=\"Dur\u00e9e de lecture estim\u00e9e\" \/>\n\t<meta name=\"twitter:data1\" content=\"1 minute\" \/>\n<script type=\"application\/ld+json\" class=\"yoast-schema-graph\">{\"@context\":\"https:\/\/schema.org\",\"@graph\":[{\"@type\":\"WebPage\",\"@id\":\"https:\/\/culture.ixelles.be\/fr\/events\/seance-de-court-metrages-pour-tout-petits\/\",\"url\":\"https:\/\/culture.ixelles.be\/fr\/events\/seance-de-court-metrages-pour-tout-petits\/\",\"name\":\"S\u00e9ance de court-m\u00e9trages pour tout petits - Ixelles\",\"isPartOf\":{\"@id\":\"https:\/\/culture.ixelles.be\/fr\/#website\"},\"primaryImageOfPage\":{\"@id\":\"https:\/\/culture.ixelles.be\/fr\/events\/seance-de-court-metrages-pour-tout-petits\/#primaryimage\"},\"image\":{\"@id\":\"https:\/\/culture.ixelles.be\/fr\/events\/seance-de-court-metrages-pour-tout-petits\/#primaryimage\"},\"thumbnailUrl\":\"https:\/\/culture.ixelles.be\/wp-content\/uploads\/2026\/08\/1787286744661-ec93d9b506708b950ac20918f77bf5d7b18f2080.jpg\",\"datePublished\":\"2026-08-22T00:05:51+00:00\",\"breadcrumb\":{\"@id\":\"https:\/\/culture.ixelles.be\/fr\/events\/seance-de-court-metrages-pour-tout-petits\/#breadcrumb\"},\"inLanguage\":\"fr-FR\",\"potentialAction\":[{\"@type\":\"ReadAction\",\"target\":[\"https:\/\/culture.ixelles.be\/fr\/events\/seance-de-court-metrages-pour-tout-petits\/\"]}]},{\"@type\":\"ImageObject\",\"inLanguage\":\"fr-FR\",\"@id\":\"https:\/\/culture.ixelles.be\/fr\/events\/seance-de-court-metrages-pour-tout-petits\/#primaryimage\",\"url\":\"https:\/\/culture.ixelles.be\/wp-content\/uploads\/2026\/08\/1787286744661-ec93d9b506708b950ac20918f77bf5d7b18f2080.jpg\",\"contentUrl\":\"https:\/\/culture.ixelles.be\/wp-content\/uploads\/2026\/08\/1787286744661-ec93d9b506708b950ac20918f77bf5d7b18f2080.jpg\",\"width\":1920,\"height\":1080},{\"@type\":\"BreadcrumbList\",\"@id\":\"https:\/\/culture.ixelles.be\/fr\/events\/seance-de-court-metrages-pour-tout-petits\/#breadcrumb\",\"itemListElement\":[{\"@type\":\"ListItem\",\"position\":1,\"name\":\"Accueil\",\"item\":\"https:\/\/culture.ixelles.be\/fr\/\"},{\"@type\":\"ListItem\",\"position\":2,\"name\":\"Events\",\"item\":\"https:\/\/culture.ixelles.be\/fr\/events\/\"},{\"@type\":\"ListItem\",\"position\":3,\"name\":\"S\u00e9ance de court-m\u00e9trages pour tout petits\"}]},{\"@type\":\"WebSite\",\"@id\":\"https:\/\/culture.ixelles.be\/fr\/#website\",\"url\":\"https:\/\/culture.ixelles.be\/fr\/\",\"name\":\"Ixelles\",\"description\":\"\",\"publisher\":{\"@id\":\"https:\/\/culture.ixelles.be\/fr\/#organization\"},\"potentialAction\":[{\"@type\":\"SearchAction\",\"target\":{\"@type\":\"EntryPoint\",\"urlTemplate\":\"https:\/\/culture.ixelles.be\/fr\/?s={search_term_string}\"},\"query-input\":{\"@type\":\"PropertyValueSpecification\",\"valueRequired\":true,\"valueName\":\"search_term_string\"}}],\"inLanguage\":\"fr-FR\"},{\"@type\":\"Organization\",\"@id\":\"https:\/\/culture.ixelles.be\/fr\/#organization\",\"name\":\"Service culture Ixelles\",\"url\":\"https:\/\/culture.ixelles.be\/fr\/\",\"logo\":{\"@type\":\"ImageObject\",\"inLanguage\":\"fr-FR\",\"@id\":\"https:\/\/culture.ixelles.be\/fr\/#\/schema\/logo\/image\/\",\"url\":\"https:\/\/culture.ixelles.be\/wp-content\/uploads\/2021\/05\/ixelles_green.svg\",\"contentUrl\":\"https:\/\/culture.ixelles.be\/wp-content\/uploads\/2021\/05\/ixelles_green.svg\",\"width\":1,\"height\":1,\"caption\":\"Service culture Ixelles\"},\"image\":{\"@id\":\"https:\/\/culture.ixelles.be\/fr\/#\/schema\/logo\/image\/\"}}]}<\/script>\n<!-- \/ Yoast SEO plugin. -->","yoast_head_json":{"title":"S\u00e9ance de court-m\u00e9trages pour tout petits - Ixelles","robots":{"index":"index","follow":"follow","max-snippet":"max-snippet:-1","max-image-preview":"max-image-preview:large","max-video-preview":"max-video-preview:-1"},"canonical":"https:\/\/culture.ixelles.be\/fr\/events\/seance-de-court-metrages-pour-tout-petits\/","og_locale":"fr_FR","og_type":"article","og_title":"S\u00e9ance de court-m\u00e9trages pour tout petits - Ixelles","og_url":"https:\/\/culture.ixelles.be\/fr\/events\/seance-de-court-metrages-pour-tout-petits\/","og_site_name":"Ixelles","twitter_card":"summary_large_image","twitter_misc":{"Dur\u00e9e de lecture estim\u00e9e":"1 minute"},"schema":{"@context":"https:\/\/schema.org","@graph":[{"@type":"WebPage","@id":"https:\/\/culture.ixelles.be\/fr\/events\/seance-de-court-metrages-pour-tout-petits\/","url":"https:\/\/culture.ixelles.be\/fr\/events\/seance-de-court-metrages-pour-tout-petits\/","name":"S\u00e9ance de court-m\u00e9trages pour tout petits - Ixelles","isPartOf":{"@id":"https:\/\/culture.ixelles.be\/fr\/#website"},"primaryImageOfPage":{"@id":"https:\/\/culture.ixelles.be\/fr\/events\/seance-de-court-metrages-pour-tout-petits\/#primaryimage"},"image":{"@id":"https:\/\/culture.ixelles.be\/fr\/events\/seance-de-court-metrages-pour-tout-petits\/#primaryimage"},"thumbnailUrl":"https:\/\/culture.ixelles.be\/wp-content\/uploads\/2026\/08\/1787286744661-ec93d9b506708b950ac20918f77bf5d7b18f2080.jpg","datePublished":"2026-08-22T00:05:51+00:00","breadcrumb":{"@id":"https:\/\/culture.ixelles.be\/fr\/events\/seance-de-court-metrages-pour-tout-petits\/#breadcrumb"},"inLanguage":"fr-FR","potentialAction":[{"@type":"ReadAction","target":["https:\/\/culture.ixelles.be\/fr\/events\/seance-de-court-metrages-pour-tout-petits\/"]}]},{"@type":"ImageObject","inLanguage":"fr-FR","@id":"https:\/\/culture.ixelles.be\/fr\/events\/seance-de-court-metrages-pour-tout-petits\/#primaryimage","url":"https:\/\/culture.ixelles.be\/wp-content\/uploads\/2026\/08\/1787286744661-ec93d9b506708b950ac20918f77bf5d7b18f2080.jpg","contentUrl":"https:\/\/culture.ixelles.be\/wp-content\/uploads\/2026\/08\/1787286744661-ec93d9b506708b950ac20918f77bf5d7b18f2080.jpg","width":1920,"height":1080},{"@type":"BreadcrumbList","@id":"https:\/\/culture.ixelles.be\/fr\/events\/seance-de-court-metrages-pour-tout-petits\/#breadcrumb","itemListElement":[{"@type":"ListItem","position":1,"name":"Accueil","item":"https:\/\/culture.ixelles.be\/fr\/"},{"@type":"ListItem","position":2,"name":"Events","item":"https:\/\/culture.ixelles.be\/fr\/events\/"},{"@type":"ListItem","position":3,"name":"S\u00e9ance de court-m\u00e9trages pour tout petits"}]},{"@type":"WebSite","@id":"https:\/\/culture.ixelles.be\/fr\/#website","url":"https:\/\/culture.ixelles.be\/fr\/","name":"Ixelles","description":"","publisher":{"@id":"https:\/\/culture.ixelles.be\/fr\/#organization"},"potentialAction":[{"@type":"SearchAction","target":{"@type":"EntryPoint","urlTemplate":"https:\/\/culture.ixelles.be\/fr\/?s={search_term_string}"},"query-input":{"@type":"PropertyValueSpecification","valueRequired":true,"valueName":"search_term_string"}}],"inLanguage":"fr-FR"},{"@type":"Organization","@id":"https:\/\/culture.ixelles.be\/fr\/#organization","name":"Service culture Ixelles","url":"https:\/\/culture.ixelles.be\/fr\/","logo":{"@type":"ImageObject","inLanguage":"fr-FR","@id":"https:\/\/culture.ixelles.be\/fr\/#\/schema\/logo\/image\/","url":"https:\/\/culture.ixelles.be\/wp-content\/uploads\/2021\/05\/ixelles_green.svg","contentUrl":"https:\/\/culture.ixelles.be\/wp-content\/uploads\/2021\/05\/ixelles_green.svg","width":1,"height":1,"caption":"Service culture Ixelles"},"image":{"@id":"https:\/\/culture.ixelles.be\/fr\/#\/schema\/logo\/image\/"}}]}},"_links":{"self":[{"href":"https:\/\/culture.ixelles.be\/fr\/wp-json\/wp\/v2\/events\/1983192"}],"collection":[{"href":"https:\/\/culture.ixelles.be\/fr\/wp-json\/wp\/v2\/events"}],"about":[{"href":"https:\/\/culture.ixelles.be\/fr\/wp-json\/wp\/v2\/types\/events"}],"author":[{"embeddable":true,"href":"https:\/\/culture.ixelles.be\/fr\/wp-json\/wp\/v2\/users\/1"}],"replies":[{"embeddable":true,"href":"https:\/\/culture.ixelles.be\/fr\/wp-json\/wp\/v2\/comments?post=1983192"}],"version-history":[{"count":0,"href":"https:\/\/culture.ixelles.be\/fr\/wp-json\/wp\/v2\/events\/1983192\/revisions"}],"wp:featuredmedia":[{"embeddable":true,"href":"https:\/\/culture.ixelles.be\/fr\/wp-json\/wp\/v2\/media\/1983195"}],"wp:attachment":[{"href":"https:\/\/culture.ixelles.be\/fr\/wp-json\/wp\/v2\/media?parent=1983192"}],"curies":[{"name":"wp","href":"https:\/\/api.w.org\/{rel}","templated":true}]}}