{"id":1986358,"date":"2026-08-27T23:17:02","date_gmt":"2026-08-27T23:17:02","guid":{"rendered":"https:\/\/culture.ixelles.be\/events\/brussels-oktoberfest-2026\/"},"modified":"2026-08-27T23:17:02","modified_gmt":"2026-08-27T23:17:02","slug":"brussels-oktoberfest-2026","status":"publish","type":"events","link":"https:\/\/culture.ixelles.be\/fr\/events\/brussels-oktoberfest-2026\/","title":{"rendered":"Brussels Oktoberfest 2026"},"content":{"rendered":"<p>Brussels Oktoberfest fait revivre l\u2019authentique esprit bavarois au c\u0153ur de l\u2019Europe. Du 14 au 24 octobre 2026, le Parc du Cinquantenaire se transformera en un v\u00e9ritable village bavarois, accueillant les visiteurs pour une exp\u00e9rience immersive m\u00ealant traditions, musique, gastronomie et convivialit\u00e9. Avec ses longues tables conviviales, ses animations, sa cuisine traditionnelle et son ambiance festive l\u00e9gendaire, l\u2019\u00e9v\u00e9nement offre une occasion unique de d\u00e9couvrir l\u2019univers de l\u2019Oktoberfest sans quitter Bruxelles. R\u00e9unissant visiteurs belges et internationaux, Brussels Oktoberfest est bien plus qu\u2019un festival : c\u2019est une exp\u00e9rience culturelle o\u00f9 la tradition bavaroise rencontre l\u2019hospitalit\u00e9 belge, cr\u00e9ant des moments de partage et de c\u00e9l\u00e9bration inoubliables.<\/p>\n","protected":false},"excerpt":{"rendered":"<p>Brussels Oktoberfest fait revivre l\u2019authentique esprit bavarois au c\u0153ur de l\u2019Europe. Du 14 au 24 octobre 2026, le Parc du Cinquantenaire se transformera en un v\u00e9ritable village bavarois, accueillant les visiteurs pour une exp\u00e9rience immersive m\u00ealant traditions, musique, gastronomie et convivialit\u00e9. Avec ses longues tables conviviales, ses animations, sa cuisine traditionnelle et son ambiance festive [&hellip;]<\/p>\n","protected":false},"author":1,"featured_media":1986361,"comment_status":"","ping_status":"closed","template":"","acf":[],"yoast_head":"<!-- This site is optimized with the Yoast SEO plugin v24.5 - https:\/\/yoast.com\/wordpress\/plugins\/seo\/ -->\n<title>Brussels Oktoberfest 2026 - Ixelles<\/title>\n<meta name=\"robots\" content=\"index, follow, max-snippet:-1, max-image-preview:large, max-video-preview:-1\" \/>\n<link rel=\"canonical\" href=\"https:\/\/culture.ixelles.be\/fr\/events\/brussels-oktoberfest-2026\/\" \/>\n<meta property=\"og:locale\" content=\"fr_FR\" \/>\n<meta property=\"og:type\" content=\"article\" \/>\n<meta property=\"og:title\" content=\"Brussels Oktoberfest 2026 - Ixelles\" \/>\n<meta property=\"og:url\" content=\"https:\/\/culture.ixelles.be\/fr\/events\/brussels-oktoberfest-2026\/\" \/>\n<meta property=\"og:site_name\" content=\"Ixelles\" \/>\n<meta name=\"twitter:card\" content=\"summary_large_image\" \/>\n<meta name=\"twitter:label1\" content=\"Dur\u00e9e de lecture estim\u00e9e\" \/>\n\t<meta name=\"twitter:data1\" content=\"1 minute\" \/>\n<script type=\"application\/ld+json\" class=\"yoast-schema-graph\">{\"@context\":\"https:\/\/schema.org\",\"@graph\":[{\"@type\":\"WebPage\",\"@id\":\"https:\/\/culture.ixelles.be\/fr\/events\/brussels-oktoberfest-2026\/\",\"url\":\"https:\/\/culture.ixelles.be\/fr\/events\/brussels-oktoberfest-2026\/\",\"name\":\"Brussels Oktoberfest 2026 - Ixelles\",\"isPartOf\":{\"@id\":\"https:\/\/culture.ixelles.be\/fr\/#website\"},\"primaryImageOfPage\":{\"@id\":\"https:\/\/culture.ixelles.be\/fr\/events\/brussels-oktoberfest-2026\/#primaryimage\"},\"image\":{\"@id\":\"https:\/\/culture.ixelles.be\/fr\/events\/brussels-oktoberfest-2026\/#primaryimage\"},\"thumbnailUrl\":\"https:\/\/culture.ixelles.be\/wp-content\/uploads\/2026\/08\/6d4a3de91eae97b15f299c465beeddbcda00216a.jpg\",\"datePublished\":\"2026-08-27T23:17:02+00:00\",\"breadcrumb\":{\"@id\":\"https:\/\/culture.ixelles.be\/fr\/events\/brussels-oktoberfest-2026\/#breadcrumb\"},\"inLanguage\":\"fr-FR\",\"potentialAction\":[{\"@type\":\"ReadAction\",\"target\":[\"https:\/\/culture.ixelles.be\/fr\/events\/brussels-oktoberfest-2026\/\"]}]},{\"@type\":\"ImageObject\",\"inLanguage\":\"fr-FR\",\"@id\":\"https:\/\/culture.ixelles.be\/fr\/events\/brussels-oktoberfest-2026\/#primaryimage\",\"url\":\"https:\/\/culture.ixelles.be\/wp-content\/uploads\/2026\/08\/6d4a3de91eae97b15f299c465beeddbcda00216a.jpg\",\"contentUrl\":\"https:\/\/culture.ixelles.be\/wp-content\/uploads\/2026\/08\/6d4a3de91eae97b15f299c465beeddbcda00216a.jpg\",\"width\":5210,\"height\":3468},{\"@type\":\"BreadcrumbList\",\"@id\":\"https:\/\/culture.ixelles.be\/fr\/events\/brussels-oktoberfest-2026\/#breadcrumb\",\"itemListElement\":[{\"@type\":\"ListItem\",\"position\":1,\"name\":\"Accueil\",\"item\":\"https:\/\/culture.ixelles.be\/fr\/\"},{\"@type\":\"ListItem\",\"position\":2,\"name\":\"Events\",\"item\":\"https:\/\/culture.ixelles.be\/fr\/events\/\"},{\"@type\":\"ListItem\",\"position\":3,\"name\":\"Brussels Oktoberfest 2026\"}]},{\"@type\":\"WebSite\",\"@id\":\"https:\/\/culture.ixelles.be\/fr\/#website\",\"url\":\"https:\/\/culture.ixelles.be\/fr\/\",\"name\":\"Ixelles\",\"description\":\"\",\"publisher\":{\"@id\":\"https:\/\/culture.ixelles.be\/fr\/#organization\"},\"potentialAction\":[{\"@type\":\"SearchAction\",\"target\":{\"@type\":\"EntryPoint\",\"urlTemplate\":\"https:\/\/culture.ixelles.be\/fr\/?s={search_term_string}\"},\"query-input\":{\"@type\":\"PropertyValueSpecification\",\"valueRequired\":true,\"valueName\":\"search_term_string\"}}],\"inLanguage\":\"fr-FR\"},{\"@type\":\"Organization\",\"@id\":\"https:\/\/culture.ixelles.be\/fr\/#organization\",\"name\":\"Service culture Ixelles\",\"url\":\"https:\/\/culture.ixelles.be\/fr\/\",\"logo\":{\"@type\":\"ImageObject\",\"inLanguage\":\"fr-FR\",\"@id\":\"https:\/\/culture.ixelles.be\/fr\/#\/schema\/logo\/image\/\",\"url\":\"https:\/\/culture.ixelles.be\/wp-content\/uploads\/2021\/05\/ixelles_green.svg\",\"contentUrl\":\"https:\/\/culture.ixelles.be\/wp-content\/uploads\/2021\/05\/ixelles_green.svg\",\"width\":1,\"height\":1,\"caption\":\"Service culture Ixelles\"},\"image\":{\"@id\":\"https:\/\/culture.ixelles.be\/fr\/#\/schema\/logo\/image\/\"}}]}<\/script>\n<!-- \/ Yoast SEO plugin. -->","yoast_head_json":{"title":"Brussels Oktoberfest 2026 - Ixelles","robots":{"index":"index","follow":"follow","max-snippet":"max-snippet:-1","max-image-preview":"max-image-preview:large","max-video-preview":"max-video-preview:-1"},"canonical":"https:\/\/culture.ixelles.be\/fr\/events\/brussels-oktoberfest-2026\/","og_locale":"fr_FR","og_type":"article","og_title":"Brussels Oktoberfest 2026 - Ixelles","og_url":"https:\/\/culture.ixelles.be\/fr\/events\/brussels-oktoberfest-2026\/","og_site_name":"Ixelles","twitter_card":"summary_large_image","twitter_misc":{"Dur\u00e9e de lecture estim\u00e9e":"1 minute"},"schema":{"@context":"https:\/\/schema.org","@graph":[{"@type":"WebPage","@id":"https:\/\/culture.ixelles.be\/fr\/events\/brussels-oktoberfest-2026\/","url":"https:\/\/culture.ixelles.be\/fr\/events\/brussels-oktoberfest-2026\/","name":"Brussels Oktoberfest 2026 - Ixelles","isPartOf":{"@id":"https:\/\/culture.ixelles.be\/fr\/#website"},"primaryImageOfPage":{"@id":"https:\/\/culture.ixelles.be\/fr\/events\/brussels-oktoberfest-2026\/#primaryimage"},"image":{"@id":"https:\/\/culture.ixelles.be\/fr\/events\/brussels-oktoberfest-2026\/#primaryimage"},"thumbnailUrl":"https:\/\/culture.ixelles.be\/wp-content\/uploads\/2026\/08\/6d4a3de91eae97b15f299c465beeddbcda00216a.jpg","datePublished":"2026-08-27T23:17:02+00:00","breadcrumb":{"@id":"https:\/\/culture.ixelles.be\/fr\/events\/brussels-oktoberfest-2026\/#breadcrumb"},"inLanguage":"fr-FR","potentialAction":[{"@type":"ReadAction","target":["https:\/\/culture.ixelles.be\/fr\/events\/brussels-oktoberfest-2026\/"]}]},{"@type":"ImageObject","inLanguage":"fr-FR","@id":"https:\/\/culture.ixelles.be\/fr\/events\/brussels-oktoberfest-2026\/#primaryimage","url":"https:\/\/culture.ixelles.be\/wp-content\/uploads\/2026\/08\/6d4a3de91eae97b15f299c465beeddbcda00216a.jpg","contentUrl":"https:\/\/culture.ixelles.be\/wp-content\/uploads\/2026\/08\/6d4a3de91eae97b15f299c465beeddbcda00216a.jpg","width":5210,"height":3468},{"@type":"BreadcrumbList","@id":"https:\/\/culture.ixelles.be\/fr\/events\/brussels-oktoberfest-2026\/#breadcrumb","itemListElement":[{"@type":"ListItem","position":1,"name":"Accueil","item":"https:\/\/culture.ixelles.be\/fr\/"},{"@type":"ListItem","position":2,"name":"Events","item":"https:\/\/culture.ixelles.be\/fr\/events\/"},{"@type":"ListItem","position":3,"name":"Brussels Oktoberfest 2026"}]},{"@type":"WebSite","@id":"https:\/\/culture.ixelles.be\/fr\/#website","url":"https:\/\/culture.ixelles.be\/fr\/","name":"Ixelles","description":"","publisher":{"@id":"https:\/\/culture.ixelles.be\/fr\/#organization"},"potentialAction":[{"@type":"SearchAction","target":{"@type":"EntryPoint","urlTemplate":"https:\/\/culture.ixelles.be\/fr\/?s={search_term_string}"},"query-input":{"@type":"PropertyValueSpecification","valueRequired":true,"valueName":"search_term_string"}}],"inLanguage":"fr-FR"},{"@type":"Organization","@id":"https:\/\/culture.ixelles.be\/fr\/#organization","name":"Service culture Ixelles","url":"https:\/\/culture.ixelles.be\/fr\/","logo":{"@type":"ImageObject","inLanguage":"fr-FR","@id":"https:\/\/culture.ixelles.be\/fr\/#\/schema\/logo\/image\/","url":"https:\/\/culture.ixelles.be\/wp-content\/uploads\/2021\/05\/ixelles_green.svg","contentUrl":"https:\/\/culture.ixelles.be\/wp-content\/uploads\/2021\/05\/ixelles_green.svg","width":1,"height":1,"caption":"Service culture Ixelles"},"image":{"@id":"https:\/\/culture.ixelles.be\/fr\/#\/schema\/logo\/image\/"}}]}},"_links":{"self":[{"href":"https:\/\/culture.ixelles.be\/fr\/wp-json\/wp\/v2\/events\/1986358"}],"collection":[{"href":"https:\/\/culture.ixelles.be\/fr\/wp-json\/wp\/v2\/events"}],"about":[{"href":"https:\/\/culture.ixelles.be\/fr\/wp-json\/wp\/v2\/types\/events"}],"author":[{"embeddable":true,"href":"https:\/\/culture.ixelles.be\/fr\/wp-json\/wp\/v2\/users\/1"}],"replies":[{"embeddable":true,"href":"https:\/\/culture.ixelles.be\/fr\/wp-json\/wp\/v2\/comments?post=1986358"}],"version-history":[{"count":0,"href":"https:\/\/culture.ixelles.be\/fr\/wp-json\/wp\/v2\/events\/1986358\/revisions"}],"wp:featuredmedia":[{"embeddable":true,"href":"https:\/\/culture.ixelles.be\/fr\/wp-json\/wp\/v2\/media\/1986361"}],"wp:attachment":[{"href":"https:\/\/culture.ixelles.be\/fr\/wp-json\/wp\/v2\/media?parent=1986358"}],"curies":[{"name":"wp","href":"https:\/\/api.w.org\/{rel}","templated":true}]}}