{"id":1988869,"date":"2026-08-31T23:21:35","date_gmt":"2026-08-31T23:21:35","guid":{"rendered":"https:\/\/culture.ixelles.be\/events\/lopera-de-la-lune\/"},"modified":"2026-08-31T23:21:35","modified_gmt":"2026-08-31T23:21:35","slug":"lopera-de-la-lune","status":"publish","type":"events","link":"https:\/\/culture.ixelles.be\/fr\/events\/lopera-de-la-lune\/","title":{"rendered":"L&rsquo;op\u00e9ra de la lune"},"content":{"rendered":"<p>Inspir\u00e9e du texte po\u00e9tique de Jacques Pr\u00e9vert, cette cr\u00e9ation raconte l\u2019histoire de Michel Morin, un enfant r\u00eaveur qui s\u2019\u00e9chappe du quotidien pour rejoindre la lune un lieu magique o\u00f9 tout est possible. L\u00e0-haut, les voix, les corps et les musiques se r\u00e9pondent pour c\u00e9l\u00e9brer la libert\u00e9 et la po\u00e9sie.<br \/>\nCette version sc\u00e9nique m\u00eale po\u00e9sie, chant, danse et th\u00e9\u00e2tre dans une<br \/>\napproche inclusive qui valorise la diversit\u00e9 des corps, des voix et des talents.<\/p>\n","protected":false},"excerpt":{"rendered":"<p>Inspir\u00e9e du texte po\u00e9tique de Jacques Pr\u00e9vert, cette cr\u00e9ation raconte l\u2019histoire de Michel Morin, un enfant r\u00eaveur qui s\u2019\u00e9chappe du quotidien pour rejoindre la lune un lieu magique o\u00f9 tout est possible. L\u00e0-haut, les voix, les corps et les musiques se r\u00e9pondent pour c\u00e9l\u00e9brer la libert\u00e9 et la po\u00e9sie. Cette version sc\u00e9nique m\u00eale po\u00e9sie, chant, [&hellip;]<\/p>\n","protected":false},"author":1,"featured_media":1988872,"comment_status":"","ping_status":"closed","template":"","acf":[],"yoast_head":"<!-- This site is optimized with the Yoast SEO plugin v24.5 - https:\/\/yoast.com\/wordpress\/plugins\/seo\/ -->\n<title>L&#039;op\u00e9ra de la lune - Ixelles<\/title>\n<meta name=\"robots\" content=\"index, follow, max-snippet:-1, max-image-preview:large, max-video-preview:-1\" \/>\n<link rel=\"canonical\" href=\"https:\/\/culture.ixelles.be\/fr\/events\/lopera-de-la-lune\/\" \/>\n<meta property=\"og:locale\" content=\"fr_FR\" \/>\n<meta property=\"og:type\" content=\"article\" \/>\n<meta property=\"og:title\" content=\"L&#039;op\u00e9ra de la lune - Ixelles\" \/>\n<meta property=\"og:url\" content=\"https:\/\/culture.ixelles.be\/fr\/events\/lopera-de-la-lune\/\" \/>\n<meta property=\"og:site_name\" content=\"Ixelles\" \/>\n<meta name=\"twitter:card\" content=\"summary_large_image\" \/>\n<script type=\"application\/ld+json\" class=\"yoast-schema-graph\">{\"@context\":\"https:\/\/schema.org\",\"@graph\":[{\"@type\":\"WebPage\",\"@id\":\"https:\/\/culture.ixelles.be\/fr\/events\/lopera-de-la-lune\/\",\"url\":\"https:\/\/culture.ixelles.be\/fr\/events\/lopera-de-la-lune\/\",\"name\":\"L'op\u00e9ra de la lune - Ixelles\",\"isPartOf\":{\"@id\":\"https:\/\/culture.ixelles.be\/fr\/#website\"},\"primaryImageOfPage\":{\"@id\":\"https:\/\/culture.ixelles.be\/fr\/events\/lopera-de-la-lune\/#primaryimage\"},\"image\":{\"@id\":\"https:\/\/culture.ixelles.be\/fr\/events\/lopera-de-la-lune\/#primaryimage\"},\"thumbnailUrl\":\"https:\/\/culture.ixelles.be\/wp-content\/uploads\/2026\/08\/c7052ed0efe16e7a8d0d010380c36185bd95e7f3.jpg\",\"datePublished\":\"2026-08-31T23:21:35+00:00\",\"breadcrumb\":{\"@id\":\"https:\/\/culture.ixelles.be\/fr\/events\/lopera-de-la-lune\/#breadcrumb\"},\"inLanguage\":\"fr-FR\",\"potentialAction\":[{\"@type\":\"ReadAction\",\"target\":[\"https:\/\/culture.ixelles.be\/fr\/events\/lopera-de-la-lune\/\"]}]},{\"@type\":\"ImageObject\",\"inLanguage\":\"fr-FR\",\"@id\":\"https:\/\/culture.ixelles.be\/fr\/events\/lopera-de-la-lune\/#primaryimage\",\"url\":\"https:\/\/culture.ixelles.be\/wp-content\/uploads\/2026\/08\/c7052ed0efe16e7a8d0d010380c36185bd95e7f3.jpg\",\"contentUrl\":\"https:\/\/culture.ixelles.be\/wp-content\/uploads\/2026\/08\/c7052ed0efe16e7a8d0d010380c36185bd95e7f3.jpg\",\"width\":5008,\"height\":7063},{\"@type\":\"BreadcrumbList\",\"@id\":\"https:\/\/culture.ixelles.be\/fr\/events\/lopera-de-la-lune\/#breadcrumb\",\"itemListElement\":[{\"@type\":\"ListItem\",\"position\":1,\"name\":\"Accueil\",\"item\":\"https:\/\/culture.ixelles.be\/fr\/\"},{\"@type\":\"ListItem\",\"position\":2,\"name\":\"Events\",\"item\":\"https:\/\/culture.ixelles.be\/fr\/events\/\"},{\"@type\":\"ListItem\",\"position\":3,\"name\":\"L&rsquo;op\u00e9ra de la lune\"}]},{\"@type\":\"WebSite\",\"@id\":\"https:\/\/culture.ixelles.be\/fr\/#website\",\"url\":\"https:\/\/culture.ixelles.be\/fr\/\",\"name\":\"Ixelles\",\"description\":\"\",\"publisher\":{\"@id\":\"https:\/\/culture.ixelles.be\/fr\/#organization\"},\"potentialAction\":[{\"@type\":\"SearchAction\",\"target\":{\"@type\":\"EntryPoint\",\"urlTemplate\":\"https:\/\/culture.ixelles.be\/fr\/?s={search_term_string}\"},\"query-input\":{\"@type\":\"PropertyValueSpecification\",\"valueRequired\":true,\"valueName\":\"search_term_string\"}}],\"inLanguage\":\"fr-FR\"},{\"@type\":\"Organization\",\"@id\":\"https:\/\/culture.ixelles.be\/fr\/#organization\",\"name\":\"Service culture Ixelles\",\"url\":\"https:\/\/culture.ixelles.be\/fr\/\",\"logo\":{\"@type\":\"ImageObject\",\"inLanguage\":\"fr-FR\",\"@id\":\"https:\/\/culture.ixelles.be\/fr\/#\/schema\/logo\/image\/\",\"url\":\"https:\/\/culture.ixelles.be\/wp-content\/uploads\/2021\/05\/ixelles_green.svg\",\"contentUrl\":\"https:\/\/culture.ixelles.be\/wp-content\/uploads\/2021\/05\/ixelles_green.svg\",\"width\":1,\"height\":1,\"caption\":\"Service culture Ixelles\"},\"image\":{\"@id\":\"https:\/\/culture.ixelles.be\/fr\/#\/schema\/logo\/image\/\"}}]}<\/script>\n<!-- \/ Yoast SEO plugin. -->","yoast_head_json":{"title":"L'op\u00e9ra de la lune - Ixelles","robots":{"index":"index","follow":"follow","max-snippet":"max-snippet:-1","max-image-preview":"max-image-preview:large","max-video-preview":"max-video-preview:-1"},"canonical":"https:\/\/culture.ixelles.be\/fr\/events\/lopera-de-la-lune\/","og_locale":"fr_FR","og_type":"article","og_title":"L'op\u00e9ra de la lune - Ixelles","og_url":"https:\/\/culture.ixelles.be\/fr\/events\/lopera-de-la-lune\/","og_site_name":"Ixelles","twitter_card":"summary_large_image","schema":{"@context":"https:\/\/schema.org","@graph":[{"@type":"WebPage","@id":"https:\/\/culture.ixelles.be\/fr\/events\/lopera-de-la-lune\/","url":"https:\/\/culture.ixelles.be\/fr\/events\/lopera-de-la-lune\/","name":"L'op\u00e9ra de la lune - Ixelles","isPartOf":{"@id":"https:\/\/culture.ixelles.be\/fr\/#website"},"primaryImageOfPage":{"@id":"https:\/\/culture.ixelles.be\/fr\/events\/lopera-de-la-lune\/#primaryimage"},"image":{"@id":"https:\/\/culture.ixelles.be\/fr\/events\/lopera-de-la-lune\/#primaryimage"},"thumbnailUrl":"https:\/\/culture.ixelles.be\/wp-content\/uploads\/2026\/08\/c7052ed0efe16e7a8d0d010380c36185bd95e7f3.jpg","datePublished":"2026-08-31T23:21:35+00:00","breadcrumb":{"@id":"https:\/\/culture.ixelles.be\/fr\/events\/lopera-de-la-lune\/#breadcrumb"},"inLanguage":"fr-FR","potentialAction":[{"@type":"ReadAction","target":["https:\/\/culture.ixelles.be\/fr\/events\/lopera-de-la-lune\/"]}]},{"@type":"ImageObject","inLanguage":"fr-FR","@id":"https:\/\/culture.ixelles.be\/fr\/events\/lopera-de-la-lune\/#primaryimage","url":"https:\/\/culture.ixelles.be\/wp-content\/uploads\/2026\/08\/c7052ed0efe16e7a8d0d010380c36185bd95e7f3.jpg","contentUrl":"https:\/\/culture.ixelles.be\/wp-content\/uploads\/2026\/08\/c7052ed0efe16e7a8d0d010380c36185bd95e7f3.jpg","width":5008,"height":7063},{"@type":"BreadcrumbList","@id":"https:\/\/culture.ixelles.be\/fr\/events\/lopera-de-la-lune\/#breadcrumb","itemListElement":[{"@type":"ListItem","position":1,"name":"Accueil","item":"https:\/\/culture.ixelles.be\/fr\/"},{"@type":"ListItem","position":2,"name":"Events","item":"https:\/\/culture.ixelles.be\/fr\/events\/"},{"@type":"ListItem","position":3,"name":"L&rsquo;op\u00e9ra de la lune"}]},{"@type":"WebSite","@id":"https:\/\/culture.ixelles.be\/fr\/#website","url":"https:\/\/culture.ixelles.be\/fr\/","name":"Ixelles","description":"","publisher":{"@id":"https:\/\/culture.ixelles.be\/fr\/#organization"},"potentialAction":[{"@type":"SearchAction","target":{"@type":"EntryPoint","urlTemplate":"https:\/\/culture.ixelles.be\/fr\/?s={search_term_string}"},"query-input":{"@type":"PropertyValueSpecification","valueRequired":true,"valueName":"search_term_string"}}],"inLanguage":"fr-FR"},{"@type":"Organization","@id":"https:\/\/culture.ixelles.be\/fr\/#organization","name":"Service culture Ixelles","url":"https:\/\/culture.ixelles.be\/fr\/","logo":{"@type":"ImageObject","inLanguage":"fr-FR","@id":"https:\/\/culture.ixelles.be\/fr\/#\/schema\/logo\/image\/","url":"https:\/\/culture.ixelles.be\/wp-content\/uploads\/2021\/05\/ixelles_green.svg","contentUrl":"https:\/\/culture.ixelles.be\/wp-content\/uploads\/2021\/05\/ixelles_green.svg","width":1,"height":1,"caption":"Service culture Ixelles"},"image":{"@id":"https:\/\/culture.ixelles.be\/fr\/#\/schema\/logo\/image\/"}}]}},"_links":{"self":[{"href":"https:\/\/culture.ixelles.be\/fr\/wp-json\/wp\/v2\/events\/1988869"}],"collection":[{"href":"https:\/\/culture.ixelles.be\/fr\/wp-json\/wp\/v2\/events"}],"about":[{"href":"https:\/\/culture.ixelles.be\/fr\/wp-json\/wp\/v2\/types\/events"}],"author":[{"embeddable":true,"href":"https:\/\/culture.ixelles.be\/fr\/wp-json\/wp\/v2\/users\/1"}],"replies":[{"embeddable":true,"href":"https:\/\/culture.ixelles.be\/fr\/wp-json\/wp\/v2\/comments?post=1988869"}],"version-history":[{"count":0,"href":"https:\/\/culture.ixelles.be\/fr\/wp-json\/wp\/v2\/events\/1988869\/revisions"}],"wp:featuredmedia":[{"embeddable":true,"href":"https:\/\/culture.ixelles.be\/fr\/wp-json\/wp\/v2\/media\/1988872"}],"wp:attachment":[{"href":"https:\/\/culture.ixelles.be\/fr\/wp-json\/wp\/v2\/media?parent=1988869"}],"curies":[{"name":"wp","href":"https:\/\/api.w.org\/{rel}","templated":true}]}}