{"id":1991845,"date":"2026-09-04T23:07:35","date_gmt":"2026-09-04T23:07:35","guid":{"rendered":"https:\/\/culture.ixelles.be\/events\/ante-festival-le-cimetiere-dixelles-et-son-patrimoine-funeraire\/"},"modified":"2026-09-04T23:07:35","modified_gmt":"2026-09-04T23:07:35","slug":"ante-festival-le-cimetiere-dixelles-et-son-patrimoine-funeraire","status":"publish","type":"events","link":"https:\/\/culture.ixelles.be\/fr\/events\/ante-festival-le-cimetiere-dixelles-et-son-patrimoine-funeraire\/","title":{"rendered":"ANTE Festival: Le cimeti\u00e8re d&rsquo;Ixelles et son patrimoine fun\u00e9raire"},"content":{"rendered":"<p>Dans le cadre de l&rsquo;ANTE Festival nous vous proposons un parcours sur le patrimoine fun\u00e9raire n\u00e9oclassique. Le cimeti\u00e8re d\u2019Ixelles, cr\u00e9\u00e9 en 1877, nous offre de tr\u00e8s beaux exemples de l\u2019architecture n\u00e9oclassique parmi les cimeti\u00e8res de la R\u00e9gion Bruxelloise. Nombreux monuments fun\u00e9raires font r\u00e9f\u00e9rences \u00e0 l\u2019architecture de la Rome Antique. Nous d\u00e9couvrirons leurs caract\u00e9ristiques en termes de gabarits, mat\u00e9riaux, bas-reliefs, ornementations, symboliques, \u2026 ainsi que leur \u00e9volution architecturale durant ces 150 derni\u00e8res ann\u00e9es.<\/p>\n","protected":false},"excerpt":{"rendered":"<p>Dans le cadre de l&rsquo;ANTE Festival nous vous proposons un parcours sur le patrimoine fun\u00e9raire n\u00e9oclassique. Le cimeti\u00e8re d\u2019Ixelles, cr\u00e9\u00e9 en 1877, nous offre de tr\u00e8s beaux exemples de l\u2019architecture n\u00e9oclassique parmi les cimeti\u00e8res de la R\u00e9gion Bruxelloise. Nombreux monuments fun\u00e9raires font r\u00e9f\u00e9rences \u00e0 l\u2019architecture de la Rome Antique. Nous d\u00e9couvrirons leurs caract\u00e9ristiques en termes [&hellip;]<\/p>\n","protected":false},"author":1,"featured_media":1991848,"comment_status":"","ping_status":"closed","template":"","acf":[],"yoast_head":"<!-- This site is optimized with the Yoast SEO plugin v24.5 - https:\/\/yoast.com\/wordpress\/plugins\/seo\/ -->\n<title>ANTE Festival: Le cimeti\u00e8re d&#039;Ixelles et son patrimoine fun\u00e9raire - Ixelles<\/title>\n<meta name=\"robots\" content=\"index, follow, max-snippet:-1, max-image-preview:large, max-video-preview:-1\" \/>\n<link rel=\"canonical\" href=\"https:\/\/culture.ixelles.be\/fr\/events\/ante-festival-le-cimetiere-dixelles-et-son-patrimoine-funeraire\/\" \/>\n<meta property=\"og:locale\" content=\"fr_FR\" \/>\n<meta property=\"og:type\" content=\"article\" \/>\n<meta property=\"og:title\" content=\"ANTE Festival: Le cimeti\u00e8re d&#039;Ixelles et son patrimoine fun\u00e9raire - Ixelles\" \/>\n<meta property=\"og:url\" content=\"https:\/\/culture.ixelles.be\/fr\/events\/ante-festival-le-cimetiere-dixelles-et-son-patrimoine-funeraire\/\" \/>\n<meta property=\"og:site_name\" content=\"Ixelles\" \/>\n<meta name=\"twitter:card\" content=\"summary_large_image\" \/>\n<script type=\"application\/ld+json\" class=\"yoast-schema-graph\">{\"@context\":\"https:\/\/schema.org\",\"@graph\":[{\"@type\":\"WebPage\",\"@id\":\"https:\/\/culture.ixelles.be\/fr\/events\/ante-festival-le-cimetiere-dixelles-et-son-patrimoine-funeraire\/\",\"url\":\"https:\/\/culture.ixelles.be\/fr\/events\/ante-festival-le-cimetiere-dixelles-et-son-patrimoine-funeraire\/\",\"name\":\"ANTE Festival: Le cimeti\u00e8re d'Ixelles et son patrimoine fun\u00e9raire - Ixelles\",\"isPartOf\":{\"@id\":\"https:\/\/culture.ixelles.be\/fr\/#website\"},\"primaryImageOfPage\":{\"@id\":\"https:\/\/culture.ixelles.be\/fr\/events\/ante-festival-le-cimetiere-dixelles-et-son-patrimoine-funeraire\/#primaryimage\"},\"image\":{\"@id\":\"https:\/\/culture.ixelles.be\/fr\/events\/ante-festival-le-cimetiere-dixelles-et-son-patrimoine-funeraire\/#primaryimage\"},\"thumbnailUrl\":\"https:\/\/culture.ixelles.be\/wp-content\/uploads\/2026\/09\/7750f65abb856fd3882cb1de8777bfc79b749da3.jpg\",\"datePublished\":\"2026-09-04T23:07:35+00:00\",\"breadcrumb\":{\"@id\":\"https:\/\/culture.ixelles.be\/fr\/events\/ante-festival-le-cimetiere-dixelles-et-son-patrimoine-funeraire\/#breadcrumb\"},\"inLanguage\":\"fr-FR\",\"potentialAction\":[{\"@type\":\"ReadAction\",\"target\":[\"https:\/\/culture.ixelles.be\/fr\/events\/ante-festival-le-cimetiere-dixelles-et-son-patrimoine-funeraire\/\"]}]},{\"@type\":\"ImageObject\",\"inLanguage\":\"fr-FR\",\"@id\":\"https:\/\/culture.ixelles.be\/fr\/events\/ante-festival-le-cimetiere-dixelles-et-son-patrimoine-funeraire\/#primaryimage\",\"url\":\"https:\/\/culture.ixelles.be\/wp-content\/uploads\/2026\/09\/7750f65abb856fd3882cb1de8777bfc79b749da3.jpg\",\"contentUrl\":\"https:\/\/culture.ixelles.be\/wp-content\/uploads\/2026\/09\/7750f65abb856fd3882cb1de8777bfc79b749da3.jpg\",\"width\":4000,\"height\":3000},{\"@type\":\"BreadcrumbList\",\"@id\":\"https:\/\/culture.ixelles.be\/fr\/events\/ante-festival-le-cimetiere-dixelles-et-son-patrimoine-funeraire\/#breadcrumb\",\"itemListElement\":[{\"@type\":\"ListItem\",\"position\":1,\"name\":\"Accueil\",\"item\":\"https:\/\/culture.ixelles.be\/fr\/\"},{\"@type\":\"ListItem\",\"position\":2,\"name\":\"Events\",\"item\":\"https:\/\/culture.ixelles.be\/fr\/events\/\"},{\"@type\":\"ListItem\",\"position\":3,\"name\":\"ANTE Festival: Le cimeti\u00e8re d&rsquo;Ixelles et son patrimoine fun\u00e9raire\"}]},{\"@type\":\"WebSite\",\"@id\":\"https:\/\/culture.ixelles.be\/fr\/#website\",\"url\":\"https:\/\/culture.ixelles.be\/fr\/\",\"name\":\"Ixelles\",\"description\":\"\",\"publisher\":{\"@id\":\"https:\/\/culture.ixelles.be\/fr\/#organization\"},\"potentialAction\":[{\"@type\":\"SearchAction\",\"target\":{\"@type\":\"EntryPoint\",\"urlTemplate\":\"https:\/\/culture.ixelles.be\/fr\/?s={search_term_string}\"},\"query-input\":{\"@type\":\"PropertyValueSpecification\",\"valueRequired\":true,\"valueName\":\"search_term_string\"}}],\"inLanguage\":\"fr-FR\"},{\"@type\":\"Organization\",\"@id\":\"https:\/\/culture.ixelles.be\/fr\/#organization\",\"name\":\"Service culture Ixelles\",\"url\":\"https:\/\/culture.ixelles.be\/fr\/\",\"logo\":{\"@type\":\"ImageObject\",\"inLanguage\":\"fr-FR\",\"@id\":\"https:\/\/culture.ixelles.be\/fr\/#\/schema\/logo\/image\/\",\"url\":\"https:\/\/culture.ixelles.be\/wp-content\/uploads\/2021\/05\/ixelles_green.svg\",\"contentUrl\":\"https:\/\/culture.ixelles.be\/wp-content\/uploads\/2021\/05\/ixelles_green.svg\",\"width\":1,\"height\":1,\"caption\":\"Service culture Ixelles\"},\"image\":{\"@id\":\"https:\/\/culture.ixelles.be\/fr\/#\/schema\/logo\/image\/\"}}]}<\/script>\n<!-- \/ Yoast SEO plugin. -->","yoast_head_json":{"title":"ANTE Festival: Le cimeti\u00e8re d'Ixelles et son patrimoine fun\u00e9raire - Ixelles","robots":{"index":"index","follow":"follow","max-snippet":"max-snippet:-1","max-image-preview":"max-image-preview:large","max-video-preview":"max-video-preview:-1"},"canonical":"https:\/\/culture.ixelles.be\/fr\/events\/ante-festival-le-cimetiere-dixelles-et-son-patrimoine-funeraire\/","og_locale":"fr_FR","og_type":"article","og_title":"ANTE Festival: Le cimeti\u00e8re d'Ixelles et son patrimoine fun\u00e9raire - Ixelles","og_url":"https:\/\/culture.ixelles.be\/fr\/events\/ante-festival-le-cimetiere-dixelles-et-son-patrimoine-funeraire\/","og_site_name":"Ixelles","twitter_card":"summary_large_image","schema":{"@context":"https:\/\/schema.org","@graph":[{"@type":"WebPage","@id":"https:\/\/culture.ixelles.be\/fr\/events\/ante-festival-le-cimetiere-dixelles-et-son-patrimoine-funeraire\/","url":"https:\/\/culture.ixelles.be\/fr\/events\/ante-festival-le-cimetiere-dixelles-et-son-patrimoine-funeraire\/","name":"ANTE Festival: Le cimeti\u00e8re d'Ixelles et son patrimoine fun\u00e9raire - Ixelles","isPartOf":{"@id":"https:\/\/culture.ixelles.be\/fr\/#website"},"primaryImageOfPage":{"@id":"https:\/\/culture.ixelles.be\/fr\/events\/ante-festival-le-cimetiere-dixelles-et-son-patrimoine-funeraire\/#primaryimage"},"image":{"@id":"https:\/\/culture.ixelles.be\/fr\/events\/ante-festival-le-cimetiere-dixelles-et-son-patrimoine-funeraire\/#primaryimage"},"thumbnailUrl":"https:\/\/culture.ixelles.be\/wp-content\/uploads\/2026\/09\/7750f65abb856fd3882cb1de8777bfc79b749da3.jpg","datePublished":"2026-09-04T23:07:35+00:00","breadcrumb":{"@id":"https:\/\/culture.ixelles.be\/fr\/events\/ante-festival-le-cimetiere-dixelles-et-son-patrimoine-funeraire\/#breadcrumb"},"inLanguage":"fr-FR","potentialAction":[{"@type":"ReadAction","target":["https:\/\/culture.ixelles.be\/fr\/events\/ante-festival-le-cimetiere-dixelles-et-son-patrimoine-funeraire\/"]}]},{"@type":"ImageObject","inLanguage":"fr-FR","@id":"https:\/\/culture.ixelles.be\/fr\/events\/ante-festival-le-cimetiere-dixelles-et-son-patrimoine-funeraire\/#primaryimage","url":"https:\/\/culture.ixelles.be\/wp-content\/uploads\/2026\/09\/7750f65abb856fd3882cb1de8777bfc79b749da3.jpg","contentUrl":"https:\/\/culture.ixelles.be\/wp-content\/uploads\/2026\/09\/7750f65abb856fd3882cb1de8777bfc79b749da3.jpg","width":4000,"height":3000},{"@type":"BreadcrumbList","@id":"https:\/\/culture.ixelles.be\/fr\/events\/ante-festival-le-cimetiere-dixelles-et-son-patrimoine-funeraire\/#breadcrumb","itemListElement":[{"@type":"ListItem","position":1,"name":"Accueil","item":"https:\/\/culture.ixelles.be\/fr\/"},{"@type":"ListItem","position":2,"name":"Events","item":"https:\/\/culture.ixelles.be\/fr\/events\/"},{"@type":"ListItem","position":3,"name":"ANTE Festival: Le cimeti\u00e8re d&rsquo;Ixelles et son patrimoine fun\u00e9raire"}]},{"@type":"WebSite","@id":"https:\/\/culture.ixelles.be\/fr\/#website","url":"https:\/\/culture.ixelles.be\/fr\/","name":"Ixelles","description":"","publisher":{"@id":"https:\/\/culture.ixelles.be\/fr\/#organization"},"potentialAction":[{"@type":"SearchAction","target":{"@type":"EntryPoint","urlTemplate":"https:\/\/culture.ixelles.be\/fr\/?s={search_term_string}"},"query-input":{"@type":"PropertyValueSpecification","valueRequired":true,"valueName":"search_term_string"}}],"inLanguage":"fr-FR"},{"@type":"Organization","@id":"https:\/\/culture.ixelles.be\/fr\/#organization","name":"Service culture Ixelles","url":"https:\/\/culture.ixelles.be\/fr\/","logo":{"@type":"ImageObject","inLanguage":"fr-FR","@id":"https:\/\/culture.ixelles.be\/fr\/#\/schema\/logo\/image\/","url":"https:\/\/culture.ixelles.be\/wp-content\/uploads\/2021\/05\/ixelles_green.svg","contentUrl":"https:\/\/culture.ixelles.be\/wp-content\/uploads\/2021\/05\/ixelles_green.svg","width":1,"height":1,"caption":"Service culture Ixelles"},"image":{"@id":"https:\/\/culture.ixelles.be\/fr\/#\/schema\/logo\/image\/"}}]}},"_links":{"self":[{"href":"https:\/\/culture.ixelles.be\/fr\/wp-json\/wp\/v2\/events\/1991845"}],"collection":[{"href":"https:\/\/culture.ixelles.be\/fr\/wp-json\/wp\/v2\/events"}],"about":[{"href":"https:\/\/culture.ixelles.be\/fr\/wp-json\/wp\/v2\/types\/events"}],"author":[{"embeddable":true,"href":"https:\/\/culture.ixelles.be\/fr\/wp-json\/wp\/v2\/users\/1"}],"replies":[{"embeddable":true,"href":"https:\/\/culture.ixelles.be\/fr\/wp-json\/wp\/v2\/comments?post=1991845"}],"version-history":[{"count":0,"href":"https:\/\/culture.ixelles.be\/fr\/wp-json\/wp\/v2\/events\/1991845\/revisions"}],"wp:featuredmedia":[{"embeddable":true,"href":"https:\/\/culture.ixelles.be\/fr\/wp-json\/wp\/v2\/media\/1991848"}],"wp:attachment":[{"href":"https:\/\/culture.ixelles.be\/fr\/wp-json\/wp\/v2\/media?parent=1991845"}],"curies":[{"name":"wp","href":"https:\/\/api.w.org\/{rel}","templated":true}]}}