{"id":1991908,"date":"2026-09-04T23:09:20","date_gmt":"2026-09-04T23:09:20","guid":{"rendered":"https:\/\/culture.ixelles.be\/events\/meme-si-je-taime\/"},"modified":"2026-09-04T23:09:20","modified_gmt":"2026-09-04T23:09:20","slug":"meme-si-je-taime","status":"publish","type":"events","link":"https:\/\/culture.ixelles.be\/fr\/events\/meme-si-je-taime\/","title":{"rendered":"M\u00eame si je t&rsquo;aime"},"content":{"rendered":"<p>Enfants et adultes : un quotidien ensemble, mille mani\u00e8res de le vivre ! Avec \u00ab M\u00eame si je t\u2019aime \u00bb, Bloutch va tour \u00e0 tour soutenir, ironiser, d\u00e9fendre, tourner en d\u00e9rision jeunes et moins jeunes dans la grande valse de la vie.<\/p>\n<p>Les chansons, tels des miroirs th\u00e9matiques, refl\u00e8tent nos v\u00e9cus et sont autant de sujets de discussions et de r\u00e9flexions.<br \/>\nAvec un ton empreint de philosophie, d\u2019humour et d\u2019engagement, Bloutch cartographie les ponts et les foss\u00e9s entre deux g\u00e9n\u00e9rations d\u2019humains.<\/p>\n","protected":false},"excerpt":{"rendered":"<p>Enfants et adultes : un quotidien ensemble, mille mani\u00e8res de le vivre ! Avec \u00ab M\u00eame si je t\u2019aime \u00bb, Bloutch va tour \u00e0 tour soutenir, ironiser, d\u00e9fendre, tourner en d\u00e9rision jeunes et moins jeunes dans la grande valse de la vie. Les chansons, tels des miroirs th\u00e9matiques, refl\u00e8tent nos v\u00e9cus et sont autant de [&hellip;]<\/p>\n","protected":false},"author":1,"featured_media":0,"comment_status":"","ping_status":"closed","template":"","acf":[],"yoast_head":"<!-- This site is optimized with the Yoast SEO plugin v24.5 - https:\/\/yoast.com\/wordpress\/plugins\/seo\/ -->\n<title>M\u00eame si je t&#039;aime - Ixelles<\/title>\n<meta name=\"robots\" content=\"index, follow, max-snippet:-1, max-image-preview:large, max-video-preview:-1\" \/>\n<link rel=\"canonical\" href=\"https:\/\/culture.ixelles.be\/fr\/events\/meme-si-je-taime\/\" \/>\n<meta property=\"og:locale\" content=\"fr_FR\" \/>\n<meta property=\"og:type\" content=\"article\" \/>\n<meta property=\"og:title\" content=\"M\u00eame si je t&#039;aime - Ixelles\" \/>\n<meta property=\"og:url\" content=\"https:\/\/culture.ixelles.be\/fr\/events\/meme-si-je-taime\/\" \/>\n<meta property=\"og:site_name\" content=\"Ixelles\" \/>\n<meta name=\"twitter:card\" content=\"summary_large_image\" \/>\n<script type=\"application\/ld+json\" class=\"yoast-schema-graph\">{\"@context\":\"https:\/\/schema.org\",\"@graph\":[{\"@type\":\"WebPage\",\"@id\":\"https:\/\/culture.ixelles.be\/fr\/events\/meme-si-je-taime\/\",\"url\":\"https:\/\/culture.ixelles.be\/fr\/events\/meme-si-je-taime\/\",\"name\":\"M\u00eame si je t'aime - Ixelles\",\"isPartOf\":{\"@id\":\"https:\/\/culture.ixelles.be\/fr\/#website\"},\"datePublished\":\"2026-09-04T23:09:20+00:00\",\"breadcrumb\":{\"@id\":\"https:\/\/culture.ixelles.be\/fr\/events\/meme-si-je-taime\/#breadcrumb\"},\"inLanguage\":\"fr-FR\",\"potentialAction\":[{\"@type\":\"ReadAction\",\"target\":[\"https:\/\/culture.ixelles.be\/fr\/events\/meme-si-je-taime\/\"]}]},{\"@type\":\"BreadcrumbList\",\"@id\":\"https:\/\/culture.ixelles.be\/fr\/events\/meme-si-je-taime\/#breadcrumb\",\"itemListElement\":[{\"@type\":\"ListItem\",\"position\":1,\"name\":\"Accueil\",\"item\":\"https:\/\/culture.ixelles.be\/fr\/\"},{\"@type\":\"ListItem\",\"position\":2,\"name\":\"Events\",\"item\":\"https:\/\/culture.ixelles.be\/fr\/events\/\"},{\"@type\":\"ListItem\",\"position\":3,\"name\":\"M\u00eame si je t&rsquo;aime\"}]},{\"@type\":\"WebSite\",\"@id\":\"https:\/\/culture.ixelles.be\/fr\/#website\",\"url\":\"https:\/\/culture.ixelles.be\/fr\/\",\"name\":\"Ixelles\",\"description\":\"\",\"publisher\":{\"@id\":\"https:\/\/culture.ixelles.be\/fr\/#organization\"},\"potentialAction\":[{\"@type\":\"SearchAction\",\"target\":{\"@type\":\"EntryPoint\",\"urlTemplate\":\"https:\/\/culture.ixelles.be\/fr\/?s={search_term_string}\"},\"query-input\":{\"@type\":\"PropertyValueSpecification\",\"valueRequired\":true,\"valueName\":\"search_term_string\"}}],\"inLanguage\":\"fr-FR\"},{\"@type\":\"Organization\",\"@id\":\"https:\/\/culture.ixelles.be\/fr\/#organization\",\"name\":\"Service culture Ixelles\",\"url\":\"https:\/\/culture.ixelles.be\/fr\/\",\"logo\":{\"@type\":\"ImageObject\",\"inLanguage\":\"fr-FR\",\"@id\":\"https:\/\/culture.ixelles.be\/fr\/#\/schema\/logo\/image\/\",\"url\":\"https:\/\/culture.ixelles.be\/wp-content\/uploads\/2021\/05\/ixelles_green.svg\",\"contentUrl\":\"https:\/\/culture.ixelles.be\/wp-content\/uploads\/2021\/05\/ixelles_green.svg\",\"width\":1,\"height\":1,\"caption\":\"Service culture Ixelles\"},\"image\":{\"@id\":\"https:\/\/culture.ixelles.be\/fr\/#\/schema\/logo\/image\/\"}}]}<\/script>\n<!-- \/ Yoast SEO plugin. -->","yoast_head_json":{"title":"M\u00eame si je t'aime - Ixelles","robots":{"index":"index","follow":"follow","max-snippet":"max-snippet:-1","max-image-preview":"max-image-preview:large","max-video-preview":"max-video-preview:-1"},"canonical":"https:\/\/culture.ixelles.be\/fr\/events\/meme-si-je-taime\/","og_locale":"fr_FR","og_type":"article","og_title":"M\u00eame si je t'aime - Ixelles","og_url":"https:\/\/culture.ixelles.be\/fr\/events\/meme-si-je-taime\/","og_site_name":"Ixelles","twitter_card":"summary_large_image","schema":{"@context":"https:\/\/schema.org","@graph":[{"@type":"WebPage","@id":"https:\/\/culture.ixelles.be\/fr\/events\/meme-si-je-taime\/","url":"https:\/\/culture.ixelles.be\/fr\/events\/meme-si-je-taime\/","name":"M\u00eame si je t'aime - Ixelles","isPartOf":{"@id":"https:\/\/culture.ixelles.be\/fr\/#website"},"datePublished":"2026-09-04T23:09:20+00:00","breadcrumb":{"@id":"https:\/\/culture.ixelles.be\/fr\/events\/meme-si-je-taime\/#breadcrumb"},"inLanguage":"fr-FR","potentialAction":[{"@type":"ReadAction","target":["https:\/\/culture.ixelles.be\/fr\/events\/meme-si-je-taime\/"]}]},{"@type":"BreadcrumbList","@id":"https:\/\/culture.ixelles.be\/fr\/events\/meme-si-je-taime\/#breadcrumb","itemListElement":[{"@type":"ListItem","position":1,"name":"Accueil","item":"https:\/\/culture.ixelles.be\/fr\/"},{"@type":"ListItem","position":2,"name":"Events","item":"https:\/\/culture.ixelles.be\/fr\/events\/"},{"@type":"ListItem","position":3,"name":"M\u00eame si je t&rsquo;aime"}]},{"@type":"WebSite","@id":"https:\/\/culture.ixelles.be\/fr\/#website","url":"https:\/\/culture.ixelles.be\/fr\/","name":"Ixelles","description":"","publisher":{"@id":"https:\/\/culture.ixelles.be\/fr\/#organization"},"potentialAction":[{"@type":"SearchAction","target":{"@type":"EntryPoint","urlTemplate":"https:\/\/culture.ixelles.be\/fr\/?s={search_term_string}"},"query-input":{"@type":"PropertyValueSpecification","valueRequired":true,"valueName":"search_term_string"}}],"inLanguage":"fr-FR"},{"@type":"Organization","@id":"https:\/\/culture.ixelles.be\/fr\/#organization","name":"Service culture Ixelles","url":"https:\/\/culture.ixelles.be\/fr\/","logo":{"@type":"ImageObject","inLanguage":"fr-FR","@id":"https:\/\/culture.ixelles.be\/fr\/#\/schema\/logo\/image\/","url":"https:\/\/culture.ixelles.be\/wp-content\/uploads\/2021\/05\/ixelles_green.svg","contentUrl":"https:\/\/culture.ixelles.be\/wp-content\/uploads\/2021\/05\/ixelles_green.svg","width":1,"height":1,"caption":"Service culture Ixelles"},"image":{"@id":"https:\/\/culture.ixelles.be\/fr\/#\/schema\/logo\/image\/"}}]}},"_links":{"self":[{"href":"https:\/\/culture.ixelles.be\/fr\/wp-json\/wp\/v2\/events\/1991908"}],"collection":[{"href":"https:\/\/culture.ixelles.be\/fr\/wp-json\/wp\/v2\/events"}],"about":[{"href":"https:\/\/culture.ixelles.be\/fr\/wp-json\/wp\/v2\/types\/events"}],"author":[{"embeddable":true,"href":"https:\/\/culture.ixelles.be\/fr\/wp-json\/wp\/v2\/users\/1"}],"replies":[{"embeddable":true,"href":"https:\/\/culture.ixelles.be\/fr\/wp-json\/wp\/v2\/comments?post=1991908"}],"version-history":[{"count":0,"href":"https:\/\/culture.ixelles.be\/fr\/wp-json\/wp\/v2\/events\/1991908\/revisions"}],"wp:attachment":[{"href":"https:\/\/culture.ixelles.be\/fr\/wp-json\/wp\/v2\/media?parent=1991908"}],"curies":[{"name":"wp","href":"https:\/\/api.w.org\/{rel}","templated":true}]}}