{"id":1991983,"date":"2026-09-04T23:11:23","date_gmt":"2026-09-04T23:11:23","guid":{"rendered":"https:\/\/culture.ixelles.be\/events\/grand-dire\/"},"modified":"2026-09-04T23:11:23","modified_gmt":"2026-09-04T23:11:23","slug":"grand-dire","status":"publish","type":"events","link":"https:\/\/culture.ixelles.be\/fr\/events\/grand-dire\/","title":{"rendered":"Grand Dire"},"content":{"rendered":"<p>Grand Dire<br \/>\nCompagnie Domya<\/p>\n<p>Grand Dire est un spectacle musical en mosa\u00efque qui explore ce moment fragile o\u00f9 l\u2019on n\u2019est plus tout \u00e0 fait un enfant, pas encore un adulte.<br \/>\nEntrem\u00ealant slam, chansons, solos, textes po\u00e9tiques, chaque fragment traverse une \u00e9tape de cette transformation : l\u2019insouciance, la qu\u00eate d\u2019identit\u00e9, les bouleversements du corps, le regard des autres, les rapports de genre, l\u2019amiti\u00e9 qui \u00e9volue. \u00c0 partir de paroles recueillies aupr\u00e8s de pr\u00e9-adolescents, trois artistes partagent sur sc\u00e8ne la rencontre qu\u2019iels ont v\u00e9cue avec eux. Les t\u00e9moignages se m\u00ealent \u00e0 leurs propres souvenirs pour faire \u00e9merger une parole \u00e0 la fois intime et collective. La musique live devient un espace de dialogue : elle porte les \u00e9lans, les silences, les contradictions.Grand Dire devient un lieu de r\u00e9sonance o\u00f9 les paroles des jeunes croisent celles des adultes, et o\u00f9 chacun peut reconna\u00eetre un morceau de son histoire.<\/p>\n","protected":false},"excerpt":{"rendered":"<p>Grand Dire Compagnie Domya Grand Dire est un spectacle musical en mosa\u00efque qui explore ce moment fragile o\u00f9 l\u2019on n\u2019est plus tout \u00e0 fait un enfant, pas encore un adulte. Entrem\u00ealant slam, chansons, solos, textes po\u00e9tiques, chaque fragment traverse une \u00e9tape de cette transformation : l\u2019insouciance, la qu\u00eate d\u2019identit\u00e9, les bouleversements du corps, le regard [&hellip;]<\/p>\n","protected":false},"author":1,"featured_media":1991986,"comment_status":"","ping_status":"closed","template":"","acf":[],"yoast_head":"<!-- This site is optimized with the Yoast SEO plugin v24.5 - https:\/\/yoast.com\/wordpress\/plugins\/seo\/ -->\n<title>Grand Dire - Ixelles<\/title>\n<meta name=\"robots\" content=\"index, follow, max-snippet:-1, max-image-preview:large, max-video-preview:-1\" \/>\n<link rel=\"canonical\" href=\"https:\/\/culture.ixelles.be\/fr\/events\/grand-dire\/\" \/>\n<meta property=\"og:locale\" content=\"fr_FR\" \/>\n<meta property=\"og:type\" content=\"article\" \/>\n<meta property=\"og:title\" content=\"Grand Dire - Ixelles\" \/>\n<meta property=\"og:url\" content=\"https:\/\/culture.ixelles.be\/fr\/events\/grand-dire\/\" \/>\n<meta property=\"og:site_name\" content=\"Ixelles\" \/>\n<meta name=\"twitter:card\" content=\"summary_large_image\" \/>\n<meta name=\"twitter:label1\" content=\"Dur\u00e9e de lecture estim\u00e9e\" \/>\n\t<meta name=\"twitter:data1\" content=\"1 minute\" \/>\n<script type=\"application\/ld+json\" class=\"yoast-schema-graph\">{\"@context\":\"https:\/\/schema.org\",\"@graph\":[{\"@type\":\"WebPage\",\"@id\":\"https:\/\/culture.ixelles.be\/fr\/events\/grand-dire\/\",\"url\":\"https:\/\/culture.ixelles.be\/fr\/events\/grand-dire\/\",\"name\":\"Grand Dire - Ixelles\",\"isPartOf\":{\"@id\":\"https:\/\/culture.ixelles.be\/fr\/#website\"},\"primaryImageOfPage\":{\"@id\":\"https:\/\/culture.ixelles.be\/fr\/events\/grand-dire\/#primaryimage\"},\"image\":{\"@id\":\"https:\/\/culture.ixelles.be\/fr\/events\/grand-dire\/#primaryimage\"},\"thumbnailUrl\":\"https:\/\/culture.ixelles.be\/wp-content\/uploads\/2026\/09\/d95ff813b8efb349652701b8fa6572fd2a08b89f.jpg\",\"datePublished\":\"2026-09-04T23:11:23+00:00\",\"breadcrumb\":{\"@id\":\"https:\/\/culture.ixelles.be\/fr\/events\/grand-dire\/#breadcrumb\"},\"inLanguage\":\"fr-FR\",\"potentialAction\":[{\"@type\":\"ReadAction\",\"target\":[\"https:\/\/culture.ixelles.be\/fr\/events\/grand-dire\/\"]}]},{\"@type\":\"ImageObject\",\"inLanguage\":\"fr-FR\",\"@id\":\"https:\/\/culture.ixelles.be\/fr\/events\/grand-dire\/#primaryimage\",\"url\":\"https:\/\/culture.ixelles.be\/wp-content\/uploads\/2026\/09\/d95ff813b8efb349652701b8fa6572fd2a08b89f.jpg\",\"contentUrl\":\"https:\/\/culture.ixelles.be\/wp-content\/uploads\/2026\/09\/d95ff813b8efb349652701b8fa6572fd2a08b89f.jpg\",\"width\":4125,\"height\":2568},{\"@type\":\"BreadcrumbList\",\"@id\":\"https:\/\/culture.ixelles.be\/fr\/events\/grand-dire\/#breadcrumb\",\"itemListElement\":[{\"@type\":\"ListItem\",\"position\":1,\"name\":\"Accueil\",\"item\":\"https:\/\/culture.ixelles.be\/fr\/\"},{\"@type\":\"ListItem\",\"position\":2,\"name\":\"Events\",\"item\":\"https:\/\/culture.ixelles.be\/fr\/events\/\"},{\"@type\":\"ListItem\",\"position\":3,\"name\":\"Grand Dire\"}]},{\"@type\":\"WebSite\",\"@id\":\"https:\/\/culture.ixelles.be\/fr\/#website\",\"url\":\"https:\/\/culture.ixelles.be\/fr\/\",\"name\":\"Ixelles\",\"description\":\"\",\"publisher\":{\"@id\":\"https:\/\/culture.ixelles.be\/fr\/#organization\"},\"potentialAction\":[{\"@type\":\"SearchAction\",\"target\":{\"@type\":\"EntryPoint\",\"urlTemplate\":\"https:\/\/culture.ixelles.be\/fr\/?s={search_term_string}\"},\"query-input\":{\"@type\":\"PropertyValueSpecification\",\"valueRequired\":true,\"valueName\":\"search_term_string\"}}],\"inLanguage\":\"fr-FR\"},{\"@type\":\"Organization\",\"@id\":\"https:\/\/culture.ixelles.be\/fr\/#organization\",\"name\":\"Service culture Ixelles\",\"url\":\"https:\/\/culture.ixelles.be\/fr\/\",\"logo\":{\"@type\":\"ImageObject\",\"inLanguage\":\"fr-FR\",\"@id\":\"https:\/\/culture.ixelles.be\/fr\/#\/schema\/logo\/image\/\",\"url\":\"https:\/\/culture.ixelles.be\/wp-content\/uploads\/2021\/05\/ixelles_green.svg\",\"contentUrl\":\"https:\/\/culture.ixelles.be\/wp-content\/uploads\/2021\/05\/ixelles_green.svg\",\"width\":1,\"height\":1,\"caption\":\"Service culture Ixelles\"},\"image\":{\"@id\":\"https:\/\/culture.ixelles.be\/fr\/#\/schema\/logo\/image\/\"}}]}<\/script>\n<!-- \/ Yoast SEO plugin. -->","yoast_head_json":{"title":"Grand Dire - Ixelles","robots":{"index":"index","follow":"follow","max-snippet":"max-snippet:-1","max-image-preview":"max-image-preview:large","max-video-preview":"max-video-preview:-1"},"canonical":"https:\/\/culture.ixelles.be\/fr\/events\/grand-dire\/","og_locale":"fr_FR","og_type":"article","og_title":"Grand Dire - Ixelles","og_url":"https:\/\/culture.ixelles.be\/fr\/events\/grand-dire\/","og_site_name":"Ixelles","twitter_card":"summary_large_image","twitter_misc":{"Dur\u00e9e de lecture estim\u00e9e":"1 minute"},"schema":{"@context":"https:\/\/schema.org","@graph":[{"@type":"WebPage","@id":"https:\/\/culture.ixelles.be\/fr\/events\/grand-dire\/","url":"https:\/\/culture.ixelles.be\/fr\/events\/grand-dire\/","name":"Grand Dire - Ixelles","isPartOf":{"@id":"https:\/\/culture.ixelles.be\/fr\/#website"},"primaryImageOfPage":{"@id":"https:\/\/culture.ixelles.be\/fr\/events\/grand-dire\/#primaryimage"},"image":{"@id":"https:\/\/culture.ixelles.be\/fr\/events\/grand-dire\/#primaryimage"},"thumbnailUrl":"https:\/\/culture.ixelles.be\/wp-content\/uploads\/2026\/09\/d95ff813b8efb349652701b8fa6572fd2a08b89f.jpg","datePublished":"2026-09-04T23:11:23+00:00","breadcrumb":{"@id":"https:\/\/culture.ixelles.be\/fr\/events\/grand-dire\/#breadcrumb"},"inLanguage":"fr-FR","potentialAction":[{"@type":"ReadAction","target":["https:\/\/culture.ixelles.be\/fr\/events\/grand-dire\/"]}]},{"@type":"ImageObject","inLanguage":"fr-FR","@id":"https:\/\/culture.ixelles.be\/fr\/events\/grand-dire\/#primaryimage","url":"https:\/\/culture.ixelles.be\/wp-content\/uploads\/2026\/09\/d95ff813b8efb349652701b8fa6572fd2a08b89f.jpg","contentUrl":"https:\/\/culture.ixelles.be\/wp-content\/uploads\/2026\/09\/d95ff813b8efb349652701b8fa6572fd2a08b89f.jpg","width":4125,"height":2568},{"@type":"BreadcrumbList","@id":"https:\/\/culture.ixelles.be\/fr\/events\/grand-dire\/#breadcrumb","itemListElement":[{"@type":"ListItem","position":1,"name":"Accueil","item":"https:\/\/culture.ixelles.be\/fr\/"},{"@type":"ListItem","position":2,"name":"Events","item":"https:\/\/culture.ixelles.be\/fr\/events\/"},{"@type":"ListItem","position":3,"name":"Grand Dire"}]},{"@type":"WebSite","@id":"https:\/\/culture.ixelles.be\/fr\/#website","url":"https:\/\/culture.ixelles.be\/fr\/","name":"Ixelles","description":"","publisher":{"@id":"https:\/\/culture.ixelles.be\/fr\/#organization"},"potentialAction":[{"@type":"SearchAction","target":{"@type":"EntryPoint","urlTemplate":"https:\/\/culture.ixelles.be\/fr\/?s={search_term_string}"},"query-input":{"@type":"PropertyValueSpecification","valueRequired":true,"valueName":"search_term_string"}}],"inLanguage":"fr-FR"},{"@type":"Organization","@id":"https:\/\/culture.ixelles.be\/fr\/#organization","name":"Service culture Ixelles","url":"https:\/\/culture.ixelles.be\/fr\/","logo":{"@type":"ImageObject","inLanguage":"fr-FR","@id":"https:\/\/culture.ixelles.be\/fr\/#\/schema\/logo\/image\/","url":"https:\/\/culture.ixelles.be\/wp-content\/uploads\/2021\/05\/ixelles_green.svg","contentUrl":"https:\/\/culture.ixelles.be\/wp-content\/uploads\/2021\/05\/ixelles_green.svg","width":1,"height":1,"caption":"Service culture Ixelles"},"image":{"@id":"https:\/\/culture.ixelles.be\/fr\/#\/schema\/logo\/image\/"}}]}},"_links":{"self":[{"href":"https:\/\/culture.ixelles.be\/fr\/wp-json\/wp\/v2\/events\/1991983"}],"collection":[{"href":"https:\/\/culture.ixelles.be\/fr\/wp-json\/wp\/v2\/events"}],"about":[{"href":"https:\/\/culture.ixelles.be\/fr\/wp-json\/wp\/v2\/types\/events"}],"author":[{"embeddable":true,"href":"https:\/\/culture.ixelles.be\/fr\/wp-json\/wp\/v2\/users\/1"}],"replies":[{"embeddable":true,"href":"https:\/\/culture.ixelles.be\/fr\/wp-json\/wp\/v2\/comments?post=1991983"}],"version-history":[{"count":0,"href":"https:\/\/culture.ixelles.be\/fr\/wp-json\/wp\/v2\/events\/1991983\/revisions"}],"wp:featuredmedia":[{"embeddable":true,"href":"https:\/\/culture.ixelles.be\/fr\/wp-json\/wp\/v2\/media\/1991986"}],"wp:attachment":[{"href":"https:\/\/culture.ixelles.be\/fr\/wp-json\/wp\/v2\/media?parent=1991983"}],"curies":[{"name":"wp","href":"https:\/\/api.w.org\/{rel}","templated":true}]}}