{"id":1992776,"date":"2026-09-05T23:14:28","date_gmt":"2026-09-05T23:14:28","guid":{"rendered":"https:\/\/culture.ixelles.be\/events\/d-festival-wallpaper\/"},"modified":"2026-09-05T23:14:28","modified_gmt":"2026-09-05T23:14:28","slug":"d-festival-wallpaper","status":"publish","type":"events","link":"https:\/\/culture.ixelles.be\/fr\/events\/d-festival-wallpaper\/","title":{"rendered":"D Festival : Wallpaper"},"content":{"rendered":"<p>Motifs en mouvements<br \/>\nLes motifs des rouleaux de papiers peints qui d\u00e9corent les int\u00e9rieurs sont autant de marqueurs du temps qui passe, et touchent \u00e0 notre Histoire sociale et esth\u00e9tique.<br \/>\nChor\u00e9graphe, danseuse, performeuse, vid\u00e9aste, nourrie d&rsquo;architecture et de surr\u00e9alisme, Astero Styliani Lamprinou s&rsquo;inspire d&rsquo;imprim\u00e9s datant du baroque aux seventies, en passant par les Ann\u00e9es folles ou les ann\u00e9es 1950, pour proposer une travers\u00e9e du temps comme autant de mutations, comme autant de l\u00e9s d&rsquo;un papier peint qui change, s&rsquo;accumule, se fragmente.<br \/>\nAu croisement de la danse et de la performance, WALLPAPER part du vide pour aller vers des pleins qui changent de textures, de couleurs, au gr\u00e9 des \u00e9poques. M\u00e9taphore d&rsquo;une soci\u00e9t\u00e9 en constante \u00e9volution.   Avec Chor\u00e9graphie, interpr\u00e9tation, dramaturgie, sc\u00e9nographie Astero Styliani Lamprinou<br \/>\nRegard ext\u00e9rieur Aleksandra Janeva Imfeld, Maria Xernou<br \/>\nCostumes Marie-C\u00e9line Debande<br \/>\nConseil sc\u00e9nographique Barbara Kraft<br \/>\nSc\u00e9nographie Barbara Kraft<br \/>\nSon Antonin Simon<br \/>\nConception lumi\u00e8re Meri Ekola<br \/>\nR\u00e9gie lumi\u00e8re Lukas Varady Szabo<br \/>\nRegard dramaturgique Patrick Bont\u00e9<br \/>\nProduction Noord Film Nord asbl<br \/>\nAssistant de production Corentin Stevens<br \/>\nCoproduction Les Brigittines, Cie Trans-Nice<br \/>\nAvec le soutien de Charleroi danse, F\u00e9d\u00e9ration Wallonie-Bruxelles, Wallonie Bruxelles Th\u00e9\u00e2tre-Danse, GC De Markten, Le Jacques Franck, Centre culturel de Rixensart, L&rsquo;entrep\u00f4t Nice, Le Marni, studio Thor, Le Delta Accompagnement P\u00e2co, Iles \u2013 artist project<br \/>\nR\u00e9sidences GC De Markten, Destelheide, Le Jacques Franck, Centre culturel Rixensart, L&rsquo;entrep\u00f4t Nice, Le Marni, Charleroi Danse, studio Thor, Le Delta<\/p>\n","protected":false},"excerpt":{"rendered":"<p>Motifs en mouvements Les motifs des rouleaux de papiers peints qui d\u00e9corent les int\u00e9rieurs sont autant de marqueurs du temps qui passe, et touchent \u00e0 notre Histoire sociale et esth\u00e9tique. Chor\u00e9graphe, danseuse, performeuse, vid\u00e9aste, nourrie d&rsquo;architecture et de surr\u00e9alisme, Astero Styliani Lamprinou s&rsquo;inspire d&rsquo;imprim\u00e9s datant du baroque aux seventies, en passant par les Ann\u00e9es folles [&hellip;]<\/p>\n","protected":false},"author":1,"featured_media":1992779,"comment_status":"","ping_status":"closed","template":"","acf":[],"yoast_head":"<!-- This site is optimized with the Yoast SEO plugin v24.5 - https:\/\/yoast.com\/wordpress\/plugins\/seo\/ -->\n<title>D Festival : Wallpaper - Ixelles<\/title>\n<meta name=\"robots\" content=\"index, follow, max-snippet:-1, max-image-preview:large, max-video-preview:-1\" \/>\n<link rel=\"canonical\" href=\"https:\/\/culture.ixelles.be\/fr\/events\/d-festival-wallpaper\/\" \/>\n<meta property=\"og:locale\" content=\"fr_FR\" \/>\n<meta property=\"og:type\" content=\"article\" \/>\n<meta property=\"og:title\" content=\"D Festival : Wallpaper - Ixelles\" \/>\n<meta property=\"og:url\" content=\"https:\/\/culture.ixelles.be\/fr\/events\/d-festival-wallpaper\/\" \/>\n<meta property=\"og:site_name\" content=\"Ixelles\" \/>\n<meta name=\"twitter:card\" content=\"summary_large_image\" \/>\n<meta name=\"twitter:label1\" content=\"Dur\u00e9e de lecture estim\u00e9e\" \/>\n\t<meta name=\"twitter:data1\" content=\"1 minute\" \/>\n<script type=\"application\/ld+json\" class=\"yoast-schema-graph\">{\"@context\":\"https:\/\/schema.org\",\"@graph\":[{\"@type\":\"WebPage\",\"@id\":\"https:\/\/culture.ixelles.be\/fr\/events\/d-festival-wallpaper\/\",\"url\":\"https:\/\/culture.ixelles.be\/fr\/events\/d-festival-wallpaper\/\",\"name\":\"D Festival : Wallpaper - Ixelles\",\"isPartOf\":{\"@id\":\"https:\/\/culture.ixelles.be\/fr\/#website\"},\"primaryImageOfPage\":{\"@id\":\"https:\/\/culture.ixelles.be\/fr\/events\/d-festival-wallpaper\/#primaryimage\"},\"image\":{\"@id\":\"https:\/\/culture.ixelles.be\/fr\/events\/d-festival-wallpaper\/#primaryimage\"},\"thumbnailUrl\":\"https:\/\/culture.ixelles.be\/wp-content\/uploads\/2026\/09\/1788582840963-b20dea1a20825e42b1c24bc6078384e72979d0bd.jpg\",\"datePublished\":\"2026-09-05T23:14:28+00:00\",\"breadcrumb\":{\"@id\":\"https:\/\/culture.ixelles.be\/fr\/events\/d-festival-wallpaper\/#breadcrumb\"},\"inLanguage\":\"fr-FR\",\"potentialAction\":[{\"@type\":\"ReadAction\",\"target\":[\"https:\/\/culture.ixelles.be\/fr\/events\/d-festival-wallpaper\/\"]}]},{\"@type\":\"ImageObject\",\"inLanguage\":\"fr-FR\",\"@id\":\"https:\/\/culture.ixelles.be\/fr\/events\/d-festival-wallpaper\/#primaryimage\",\"url\":\"https:\/\/culture.ixelles.be\/wp-content\/uploads\/2026\/09\/1788582840963-b20dea1a20825e42b1c24bc6078384e72979d0bd.jpg\",\"contentUrl\":\"https:\/\/culture.ixelles.be\/wp-content\/uploads\/2026\/09\/1788582840963-b20dea1a20825e42b1c24bc6078384e72979d0bd.jpg\",\"width\":3144,\"height\":4192},{\"@type\":\"BreadcrumbList\",\"@id\":\"https:\/\/culture.ixelles.be\/fr\/events\/d-festival-wallpaper\/#breadcrumb\",\"itemListElement\":[{\"@type\":\"ListItem\",\"position\":1,\"name\":\"Accueil\",\"item\":\"https:\/\/culture.ixelles.be\/fr\/\"},{\"@type\":\"ListItem\",\"position\":2,\"name\":\"Events\",\"item\":\"https:\/\/culture.ixelles.be\/fr\/events\/\"},{\"@type\":\"ListItem\",\"position\":3,\"name\":\"D Festival : Wallpaper\"}]},{\"@type\":\"WebSite\",\"@id\":\"https:\/\/culture.ixelles.be\/fr\/#website\",\"url\":\"https:\/\/culture.ixelles.be\/fr\/\",\"name\":\"Ixelles\",\"description\":\"\",\"publisher\":{\"@id\":\"https:\/\/culture.ixelles.be\/fr\/#organization\"},\"potentialAction\":[{\"@type\":\"SearchAction\",\"target\":{\"@type\":\"EntryPoint\",\"urlTemplate\":\"https:\/\/culture.ixelles.be\/fr\/?s={search_term_string}\"},\"query-input\":{\"@type\":\"PropertyValueSpecification\",\"valueRequired\":true,\"valueName\":\"search_term_string\"}}],\"inLanguage\":\"fr-FR\"},{\"@type\":\"Organization\",\"@id\":\"https:\/\/culture.ixelles.be\/fr\/#organization\",\"name\":\"Service culture Ixelles\",\"url\":\"https:\/\/culture.ixelles.be\/fr\/\",\"logo\":{\"@type\":\"ImageObject\",\"inLanguage\":\"fr-FR\",\"@id\":\"https:\/\/culture.ixelles.be\/fr\/#\/schema\/logo\/image\/\",\"url\":\"https:\/\/culture.ixelles.be\/wp-content\/uploads\/2021\/05\/ixelles_green.svg\",\"contentUrl\":\"https:\/\/culture.ixelles.be\/wp-content\/uploads\/2021\/05\/ixelles_green.svg\",\"width\":1,\"height\":1,\"caption\":\"Service culture Ixelles\"},\"image\":{\"@id\":\"https:\/\/culture.ixelles.be\/fr\/#\/schema\/logo\/image\/\"}}]}<\/script>\n<!-- \/ Yoast SEO plugin. -->","yoast_head_json":{"title":"D Festival : Wallpaper - Ixelles","robots":{"index":"index","follow":"follow","max-snippet":"max-snippet:-1","max-image-preview":"max-image-preview:large","max-video-preview":"max-video-preview:-1"},"canonical":"https:\/\/culture.ixelles.be\/fr\/events\/d-festival-wallpaper\/","og_locale":"fr_FR","og_type":"article","og_title":"D Festival : Wallpaper - Ixelles","og_url":"https:\/\/culture.ixelles.be\/fr\/events\/d-festival-wallpaper\/","og_site_name":"Ixelles","twitter_card":"summary_large_image","twitter_misc":{"Dur\u00e9e de lecture estim\u00e9e":"1 minute"},"schema":{"@context":"https:\/\/schema.org","@graph":[{"@type":"WebPage","@id":"https:\/\/culture.ixelles.be\/fr\/events\/d-festival-wallpaper\/","url":"https:\/\/culture.ixelles.be\/fr\/events\/d-festival-wallpaper\/","name":"D Festival : Wallpaper - Ixelles","isPartOf":{"@id":"https:\/\/culture.ixelles.be\/fr\/#website"},"primaryImageOfPage":{"@id":"https:\/\/culture.ixelles.be\/fr\/events\/d-festival-wallpaper\/#primaryimage"},"image":{"@id":"https:\/\/culture.ixelles.be\/fr\/events\/d-festival-wallpaper\/#primaryimage"},"thumbnailUrl":"https:\/\/culture.ixelles.be\/wp-content\/uploads\/2026\/09\/1788582840963-b20dea1a20825e42b1c24bc6078384e72979d0bd.jpg","datePublished":"2026-09-05T23:14:28+00:00","breadcrumb":{"@id":"https:\/\/culture.ixelles.be\/fr\/events\/d-festival-wallpaper\/#breadcrumb"},"inLanguage":"fr-FR","potentialAction":[{"@type":"ReadAction","target":["https:\/\/culture.ixelles.be\/fr\/events\/d-festival-wallpaper\/"]}]},{"@type":"ImageObject","inLanguage":"fr-FR","@id":"https:\/\/culture.ixelles.be\/fr\/events\/d-festival-wallpaper\/#primaryimage","url":"https:\/\/culture.ixelles.be\/wp-content\/uploads\/2026\/09\/1788582840963-b20dea1a20825e42b1c24bc6078384e72979d0bd.jpg","contentUrl":"https:\/\/culture.ixelles.be\/wp-content\/uploads\/2026\/09\/1788582840963-b20dea1a20825e42b1c24bc6078384e72979d0bd.jpg","width":3144,"height":4192},{"@type":"BreadcrumbList","@id":"https:\/\/culture.ixelles.be\/fr\/events\/d-festival-wallpaper\/#breadcrumb","itemListElement":[{"@type":"ListItem","position":1,"name":"Accueil","item":"https:\/\/culture.ixelles.be\/fr\/"},{"@type":"ListItem","position":2,"name":"Events","item":"https:\/\/culture.ixelles.be\/fr\/events\/"},{"@type":"ListItem","position":3,"name":"D Festival : Wallpaper"}]},{"@type":"WebSite","@id":"https:\/\/culture.ixelles.be\/fr\/#website","url":"https:\/\/culture.ixelles.be\/fr\/","name":"Ixelles","description":"","publisher":{"@id":"https:\/\/culture.ixelles.be\/fr\/#organization"},"potentialAction":[{"@type":"SearchAction","target":{"@type":"EntryPoint","urlTemplate":"https:\/\/culture.ixelles.be\/fr\/?s={search_term_string}"},"query-input":{"@type":"PropertyValueSpecification","valueRequired":true,"valueName":"search_term_string"}}],"inLanguage":"fr-FR"},{"@type":"Organization","@id":"https:\/\/culture.ixelles.be\/fr\/#organization","name":"Service culture Ixelles","url":"https:\/\/culture.ixelles.be\/fr\/","logo":{"@type":"ImageObject","inLanguage":"fr-FR","@id":"https:\/\/culture.ixelles.be\/fr\/#\/schema\/logo\/image\/","url":"https:\/\/culture.ixelles.be\/wp-content\/uploads\/2021\/05\/ixelles_green.svg","contentUrl":"https:\/\/culture.ixelles.be\/wp-content\/uploads\/2021\/05\/ixelles_green.svg","width":1,"height":1,"caption":"Service culture Ixelles"},"image":{"@id":"https:\/\/culture.ixelles.be\/fr\/#\/schema\/logo\/image\/"}}]}},"_links":{"self":[{"href":"https:\/\/culture.ixelles.be\/fr\/wp-json\/wp\/v2\/events\/1992776"}],"collection":[{"href":"https:\/\/culture.ixelles.be\/fr\/wp-json\/wp\/v2\/events"}],"about":[{"href":"https:\/\/culture.ixelles.be\/fr\/wp-json\/wp\/v2\/types\/events"}],"author":[{"embeddable":true,"href":"https:\/\/culture.ixelles.be\/fr\/wp-json\/wp\/v2\/users\/1"}],"replies":[{"embeddable":true,"href":"https:\/\/culture.ixelles.be\/fr\/wp-json\/wp\/v2\/comments?post=1992776"}],"version-history":[{"count":0,"href":"https:\/\/culture.ixelles.be\/fr\/wp-json\/wp\/v2\/events\/1992776\/revisions"}],"wp:featuredmedia":[{"embeddable":true,"href":"https:\/\/culture.ixelles.be\/fr\/wp-json\/wp\/v2\/media\/1992779"}],"wp:attachment":[{"href":"https:\/\/culture.ixelles.be\/fr\/wp-json\/wp\/v2\/media?parent=1992776"}],"curies":[{"name":"wp","href":"https:\/\/api.w.org\/{rel}","templated":true}]}}