{"id":1309212,"date":"2021-06-29T04:27:09","date_gmt":"2021-06-29T04:27:09","guid":{"rendered":"https:\/\/culture.ixelles.be\/places\/kinograph-see-u\/"},"modified":"2022-11-24T01:00:26","modified_gmt":"2022-11-24T01:00:26","slug":"kinograph-see-u","status":"publish","type":"places","link":"https:\/\/culture.ixelles.be\/fr\/places\/kinograph-see-u\/","title":{"rendered":"Kinograph (See U)"},"content":{"rendered":"<p>Premier pop up cin\u00e9ma de Bruxelles, le Kinograph s&rsquo;est install\u00e9 dans les anciennes casernes d&rsquo;Ixelles dans le cadre du projet d&rsquo;occupation transitoire See U. C&rsquo;est un lieu de d\u00e9couverte et de partage qui est organis\u00e9 sur un mod\u00e8le coop\u00e9ratif \u00ab horizontal \u00bb.<\/p>\n","protected":false},"excerpt":{"rendered":"<p>Premier pop up cin\u00e9ma de Bruxelles, le Kinograph s&rsquo;est install\u00e9 dans les anciennes casernes d&rsquo;Ixelles dans le cadre du projet d&rsquo;occupation transitoire See U. C&rsquo;est un lieu de d\u00e9couverte et de partage qui est organis\u00e9 sur un mod\u00e8le coop\u00e9ratif \u00ab horizontal \u00bb.<\/p>\n","protected":false},"author":1,"featured_media":1353467,"parent":0,"comment_status":"open","ping_status":"open","template":"","meta":{"_acf_changed":false,"_monsterinsights_skip_tracking":false,"_monsterinsights_sitenote_active":false,"_monsterinsights_sitenote_note":"","_monsterinsights_sitenote_category":0,"footnotes":""},"acf":{"original_id":"273281","published_at":"2019-04-12T10:26:03+02:00","last_updated_at":"2022-11-23T23:51:43+01:00","website":"https:\/\/kinograph.brussels\/","phone_booking":"","address_city":"Ixelles","phone_contact":"","lat":"50.82314978","lon":"4.38695682","address_line1":"Avenue de la Couronne, 227","prices":"[]","ratings":"{}","stib_mivb_stops":"[{\"translations\":{\"fr\":{\"name\":\"Delporte\"},\"nl\":{\"name\":\"Delporte\"}},\"location\":{\"lat\":50.824183,\"lon\":4.385896},\"lines\":[{\"short_name\":\"95\",\"translations\":{\"fr\":{\"long_name\":\"Grand-Place - Wiener\"},\"nl\":{\"long_name\":\"Grote Markt - Wiener\"}},\"vehicle_type\":\"bus\",\"icon_background_color\":\"#36578C\",\"icon_text_color\":\"#FFFFFF\"},{\"short_name\":\"N08\",\"translations\":{\"fr\":{\"long_name\":\"Gare Centrale - Wiener\"},\"nl\":{\"long_name\":\"Centraal Station - Wiener\"}},\"vehicle_type\":\"bus\",\"icon_background_color\":\"#94C9FD\",\"icon_text_color\":\"#000000\"}]},{\"translations\":{\"fr\":{\"name\":\"Etterbeek Gare\"},\"nl\":{\"name\":\"Etterbeek Station\"}},\"location\":{\"lat\":50.822289,\"lon\":4.388666},\"lines\":[{\"short_name\":\"T7\",\"translations\":{\"fr\":{\"long_name\":\"Vanderkindere - Heysel\"},\"nl\":{\"long_name\":\"Vanderkindere - Heizel\"}},\"vehicle_type\":\"bus\",\"icon_background_color\":\"#F25482\",\"icon_text_color\":\"#000000\"}]},{\"translations\":{\"fr\":{\"name\":\"Delporte\"},\"nl\":{\"name\":\"Delporte\"}},\"location\":{\"lat\":50.824345,\"lon\":4.385783},\"lines\":[{\"short_name\":\"95\",\"translations\":{\"fr\":{\"long_name\":\"Grand-Place - Wiener\"},\"nl\":{\"long_name\":\"Grote Markt - Wiener\"}},\"vehicle_type\":\"bus\",\"icon_background_color\":\"#36578C\",\"icon_text_color\":\"#FFFFFF\"},{\"short_name\":\"N08\",\"translations\":{\"fr\":{\"long_name\":\"Gare Centrale - Wiener\"},\"nl\":{\"long_name\":\"Centraal Station - Wiener\"}},\"vehicle_type\":\"bus\",\"icon_background_color\":\"#94C9FD\",\"icon_text_color\":\"#000000\"}]},{\"translations\":{\"fr\":{\"name\":\"Etterbeek Gare\"},\"nl\":{\"name\":\"Etterbeek Station\"}},\"location\":{\"lat\":50.822089,\"lon\":4.38845},\"lines\":[{\"short_name\":\"T7\",\"translations\":{\"fr\":{\"long_name\":\"Vanderkindere - Heysel\"},\"nl\":{\"long_name\":\"Vanderkindere - Heizel\"}},\"vehicle_type\":\"bus\",\"icon_background_color\":\"#FFFFFF\",\"icon_text_color\":\"#000000\"}]},{\"translations\":{\"fr\":{\"name\":\"Etterbeek Gare\"},\"nl\":{\"name\":\"Etterbeek Station\"}},\"location\":{\"lat\":50.822187,\"lon\":4.388819},\"lines\":[{\"short_name\":\"7\",\"translations\":{\"fr\":{\"long_name\":\"Vanderkindere - Heysel\"},\"nl\":{\"long_name\":\"Vanderkindere - Heizel\"}},\"vehicle_type\":\"tram\",\"icon_background_color\":\"#FFF06E\",\"icon_text_color\":\"#000000\"},{\"short_name\":\"25\",\"translations\":{\"fr\":{\"long_name\":\"Boondael Gare - Rogier\"},\"nl\":{\"long_name\":\"Boondaal Station - Rogier\"}},\"vehicle_type\":\"tram\",\"icon_background_color\":\"#991F36\",\"icon_text_color\":\"#FFFFFF\"}]}]","is_closed_on_public_holidays":"","can_be_privatized":"","is_accessible_pmr":"","facebook_link":"","date_exceptions":"[]","closing_days":"[]","weekschema":"[]","_event_gallery":"https:\/\/culture.ixelles.be\/wp-content\/uploads\/2021\/06\/4154f4a06f08b766b014caf6d73e862397cdc1a8.jpg","_event_pictures":"https:\/\/culture.ixelles.be\/wp-content\/uploads\/2021\/06\/4154f4a06f08b766b014caf6d73e862397cdc1a8.jpg"},"yoast_head":"<!-- This site is optimized with the Yoast SEO plugin v24.5 - https:\/\/yoast.com\/wordpress\/plugins\/seo\/ -->\n<title>Kinograph (See U) - Ixelles<\/title>\n<meta name=\"robots\" content=\"index, follow, max-snippet:-1, max-image-preview:large, max-video-preview:-1\" \/>\n<link rel=\"canonical\" href=\"https:\/\/culture.ixelles.be\/fr\/places\/kinograph-see-u\/\" \/>\n<meta property=\"og:locale\" content=\"fr_FR\" \/>\n<meta property=\"og:type\" content=\"article\" \/>\n<meta property=\"og:title\" content=\"Kinograph (See U) - Ixelles\" \/>\n<meta property=\"og:description\" content=\"Premier pop up cin\u00e9ma de Bruxelles, le Kinograph s&rsquo;est install\u00e9 dans les anciennes casernes d&rsquo;Ixelles dans le cadre du projet d&rsquo;occupation transitoire See U. C&rsquo;est un lieu de d\u00e9couverte et de partage qui est organis\u00e9 sur un mod\u00e8le coop\u00e9ratif \u00ab horizontal \u00bb.\" \/>\n<meta property=\"og:url\" content=\"https:\/\/culture.ixelles.be\/fr\/places\/kinograph-see-u\/\" \/>\n<meta property=\"og:site_name\" content=\"Ixelles\" \/>\n<meta property=\"article:modified_time\" content=\"2022-11-24T01:00:26+00:00\" \/>\n<meta name=\"twitter:card\" content=\"summary_large_image\" \/>\n<script type=\"application\/ld+json\" class=\"yoast-schema-graph\">{\"@context\":\"https:\/\/schema.org\",\"@graph\":[{\"@type\":\"WebPage\",\"@id\":\"https:\/\/culture.ixelles.be\/fr\/places\/kinograph-see-u\/\",\"url\":\"https:\/\/culture.ixelles.be\/fr\/places\/kinograph-see-u\/\",\"name\":\"Kinograph (See U) - Ixelles\",\"isPartOf\":{\"@id\":\"https:\/\/culture.ixelles.be\/fr\/#website\"},\"primaryImageOfPage\":{\"@id\":\"https:\/\/culture.ixelles.be\/fr\/places\/kinograph-see-u\/#primaryimage\"},\"image\":{\"@id\":\"https:\/\/culture.ixelles.be\/fr\/places\/kinograph-see-u\/#primaryimage\"},\"thumbnailUrl\":\"https:\/\/culture.ixelles.be\/wp-content\/uploads\/2021\/06\/4154f4a06f08b766b014caf6d73e862397cdc1a8.jpg\",\"datePublished\":\"2021-06-29T04:27:09+00:00\",\"dateModified\":\"2022-11-24T01:00:26+00:00\",\"breadcrumb\":{\"@id\":\"https:\/\/culture.ixelles.be\/fr\/places\/kinograph-see-u\/#breadcrumb\"},\"inLanguage\":\"fr-FR\",\"potentialAction\":[{\"@type\":\"ReadAction\",\"target\":[\"https:\/\/culture.ixelles.be\/fr\/places\/kinograph-see-u\/\"]}]},{\"@type\":\"ImageObject\",\"inLanguage\":\"fr-FR\",\"@id\":\"https:\/\/culture.ixelles.be\/fr\/places\/kinograph-see-u\/#primaryimage\",\"url\":\"https:\/\/culture.ixelles.be\/wp-content\/uploads\/2021\/06\/4154f4a06f08b766b014caf6d73e862397cdc1a8.jpg\",\"contentUrl\":\"https:\/\/culture.ixelles.be\/wp-content\/uploads\/2021\/06\/4154f4a06f08b766b014caf6d73e862397cdc1a8.jpg\",\"width\":2048,\"height\":1365},{\"@type\":\"BreadcrumbList\",\"@id\":\"https:\/\/culture.ixelles.be\/fr\/places\/kinograph-see-u\/#breadcrumb\",\"itemListElement\":[{\"@type\":\"ListItem\",\"position\":1,\"name\":\"Accueil\",\"item\":\"https:\/\/culture.ixelles.be\/fr\/\"},{\"@type\":\"ListItem\",\"position\":2,\"name\":\"Places\",\"item\":\"https:\/\/culture.ixelles.be\/fr\/places\/\"},{\"@type\":\"ListItem\",\"position\":3,\"name\":\"Kinograph (See U)\"}]},{\"@type\":\"WebSite\",\"@id\":\"https:\/\/culture.ixelles.be\/fr\/#website\",\"url\":\"https:\/\/culture.ixelles.be\/fr\/\",\"name\":\"Ixelles\",\"description\":\"\",\"publisher\":{\"@id\":\"https:\/\/culture.ixelles.be\/fr\/#organization\"},\"potentialAction\":[{\"@type\":\"SearchAction\",\"target\":{\"@type\":\"EntryPoint\",\"urlTemplate\":\"https:\/\/culture.ixelles.be\/fr\/?s={search_term_string}\"},\"query-input\":{\"@type\":\"PropertyValueSpecification\",\"valueRequired\":true,\"valueName\":\"search_term_string\"}}],\"inLanguage\":\"fr-FR\"},{\"@type\":\"Organization\",\"@id\":\"https:\/\/culture.ixelles.be\/fr\/#organization\",\"name\":\"Service culture Ixelles\",\"url\":\"https:\/\/culture.ixelles.be\/fr\/\",\"logo\":{\"@type\":\"ImageObject\",\"inLanguage\":\"fr-FR\",\"@id\":\"https:\/\/culture.ixelles.be\/fr\/#\/schema\/logo\/image\/\",\"url\":\"https:\/\/culture.ixelles.be\/wp-content\/uploads\/2021\/05\/ixelles_green.svg\",\"contentUrl\":\"https:\/\/culture.ixelles.be\/wp-content\/uploads\/2021\/05\/ixelles_green.svg\",\"width\":1,\"height\":1,\"caption\":\"Service culture Ixelles\"},\"image\":{\"@id\":\"https:\/\/culture.ixelles.be\/fr\/#\/schema\/logo\/image\/\"}}]}<\/script>\n<!-- \/ Yoast SEO plugin. -->","yoast_head_json":{"title":"Kinograph (See U) - Ixelles","robots":{"index":"index","follow":"follow","max-snippet":"max-snippet:-1","max-image-preview":"max-image-preview:large","max-video-preview":"max-video-preview:-1"},"canonical":"https:\/\/culture.ixelles.be\/fr\/places\/kinograph-see-u\/","og_locale":"fr_FR","og_type":"article","og_title":"Kinograph (See U) - Ixelles","og_description":"Premier pop up cin\u00e9ma de Bruxelles, le Kinograph s&rsquo;est install\u00e9 dans les anciennes casernes d&rsquo;Ixelles dans le cadre du projet d&rsquo;occupation transitoire See U. C&rsquo;est un lieu de d\u00e9couverte et de partage qui est organis\u00e9 sur un mod\u00e8le coop\u00e9ratif \u00ab horizontal \u00bb.","og_url":"https:\/\/culture.ixelles.be\/fr\/places\/kinograph-see-u\/","og_site_name":"Ixelles","article_modified_time":"2022-11-24T01:00:26+00:00","twitter_card":"summary_large_image","schema":{"@context":"https:\/\/schema.org","@graph":[{"@type":"WebPage","@id":"https:\/\/culture.ixelles.be\/fr\/places\/kinograph-see-u\/","url":"https:\/\/culture.ixelles.be\/fr\/places\/kinograph-see-u\/","name":"Kinograph (See U) - Ixelles","isPartOf":{"@id":"https:\/\/culture.ixelles.be\/fr\/#website"},"primaryImageOfPage":{"@id":"https:\/\/culture.ixelles.be\/fr\/places\/kinograph-see-u\/#primaryimage"},"image":{"@id":"https:\/\/culture.ixelles.be\/fr\/places\/kinograph-see-u\/#primaryimage"},"thumbnailUrl":"https:\/\/culture.ixelles.be\/wp-content\/uploads\/2021\/06\/4154f4a06f08b766b014caf6d73e862397cdc1a8.jpg","datePublished":"2021-06-29T04:27:09+00:00","dateModified":"2022-11-24T01:00:26+00:00","breadcrumb":{"@id":"https:\/\/culture.ixelles.be\/fr\/places\/kinograph-see-u\/#breadcrumb"},"inLanguage":"fr-FR","potentialAction":[{"@type":"ReadAction","target":["https:\/\/culture.ixelles.be\/fr\/places\/kinograph-see-u\/"]}]},{"@type":"ImageObject","inLanguage":"fr-FR","@id":"https:\/\/culture.ixelles.be\/fr\/places\/kinograph-see-u\/#primaryimage","url":"https:\/\/culture.ixelles.be\/wp-content\/uploads\/2021\/06\/4154f4a06f08b766b014caf6d73e862397cdc1a8.jpg","contentUrl":"https:\/\/culture.ixelles.be\/wp-content\/uploads\/2021\/06\/4154f4a06f08b766b014caf6d73e862397cdc1a8.jpg","width":2048,"height":1365},{"@type":"BreadcrumbList","@id":"https:\/\/culture.ixelles.be\/fr\/places\/kinograph-see-u\/#breadcrumb","itemListElement":[{"@type":"ListItem","position":1,"name":"Accueil","item":"https:\/\/culture.ixelles.be\/fr\/"},{"@type":"ListItem","position":2,"name":"Places","item":"https:\/\/culture.ixelles.be\/fr\/places\/"},{"@type":"ListItem","position":3,"name":"Kinograph (See U)"}]},{"@type":"WebSite","@id":"https:\/\/culture.ixelles.be\/fr\/#website","url":"https:\/\/culture.ixelles.be\/fr\/","name":"Ixelles","description":"","publisher":{"@id":"https:\/\/culture.ixelles.be\/fr\/#organization"},"potentialAction":[{"@type":"SearchAction","target":{"@type":"EntryPoint","urlTemplate":"https:\/\/culture.ixelles.be\/fr\/?s={search_term_string}"},"query-input":{"@type":"PropertyValueSpecification","valueRequired":true,"valueName":"search_term_string"}}],"inLanguage":"fr-FR"},{"@type":"Organization","@id":"https:\/\/culture.ixelles.be\/fr\/#organization","name":"Service culture Ixelles","url":"https:\/\/culture.ixelles.be\/fr\/","logo":{"@type":"ImageObject","inLanguage":"fr-FR","@id":"https:\/\/culture.ixelles.be\/fr\/#\/schema\/logo\/image\/","url":"https:\/\/culture.ixelles.be\/wp-content\/uploads\/2021\/05\/ixelles_green.svg","contentUrl":"https:\/\/culture.ixelles.be\/wp-content\/uploads\/2021\/05\/ixelles_green.svg","width":1,"height":1,"caption":"Service culture Ixelles"},"image":{"@id":"https:\/\/culture.ixelles.be\/fr\/#\/schema\/logo\/image\/"}}]}},"_links":{"self":[{"href":"https:\/\/culture.ixelles.be\/fr\/wp-json\/wp\/v2\/places\/1309212"}],"collection":[{"href":"https:\/\/culture.ixelles.be\/fr\/wp-json\/wp\/v2\/places"}],"about":[{"href":"https:\/\/culture.ixelles.be\/fr\/wp-json\/wp\/v2\/types\/places"}],"author":[{"embeddable":true,"href":"https:\/\/culture.ixelles.be\/fr\/wp-json\/wp\/v2\/users\/1"}],"replies":[{"embeddable":true,"href":"https:\/\/culture.ixelles.be\/fr\/wp-json\/wp\/v2\/comments?post=1309212"}],"version-history":[{"count":1,"href":"https:\/\/culture.ixelles.be\/fr\/wp-json\/wp\/v2\/places\/1309212\/revisions"}],"predecessor-version":[{"id":1353464,"href":"https:\/\/culture.ixelles.be\/fr\/wp-json\/wp\/v2\/places\/1309212\/revisions\/1353464"}],"wp:featuredmedia":[{"embeddable":true,"href":"https:\/\/culture.ixelles.be\/fr\/wp-json\/wp\/v2\/media\/1353467"}],"wp:attachment":[{"href":"https:\/\/culture.ixelles.be\/fr\/wp-json\/wp\/v2\/media?parent=1309212"}],"curies":[{"name":"wp","href":"https:\/\/api.w.org\/{rel}","templated":true}]}}