{"id":1310158,"date":"2021-06-29T04:30:02","date_gmt":"2021-06-29T04:30:02","guid":{"rendered":"https:\/\/culture.ixelles.be\/places\/suzanne-gallery\/"},"modified":"2021-06-29T04:30:02","modified_gmt":"2021-06-29T04:30:02","slug":"suzanne-gallery","status":"publish","type":"places","link":"https:\/\/culture.ixelles.be\/fr\/places\/suzanne-gallery\/","title":{"rendered":"Suzanne Gallery"},"content":{"rendered":"<p>Suzanne est n\u00e9e de la complicit\u00e9 de trois amis d&rsquo;univers graphiques diff\u00e9rents mais partageant une m\u00eame sensibilit\u00e9.<br \/>\nSuzanne offre \u00e0 son public une s\u00e9lection personnelle et attractive de coups de c\u0153ur artistiques.<br \/>\nUne de ses missions est de mettre les artistes\/cr\u00e9ateurs\/concepteurs en collaboration, de confronter leurs m\u00e9diums via un projet commun.<\/p>\n","protected":false},"excerpt":{"rendered":"<p>Suzanne est n\u00e9e de la complicit\u00e9 de trois amis d&rsquo;univers graphiques diff\u00e9rents mais partageant une m\u00eame sensibilit\u00e9. Suzanne offre \u00e0 son public une s\u00e9lection personnelle et attractive de coups de c\u0153ur artistiques. Une de ses missions est de mettre les artistes\/cr\u00e9ateurs\/concepteurs en collaboration, de confronter leurs m\u00e9diums via un projet commun.<\/p>\n","protected":false},"author":1,"featured_media":0,"parent":0,"comment_status":"open","ping_status":"open","template":"","meta":{"_acf_changed":false,"_monsterinsights_skip_tracking":false,"_monsterinsights_sitenote_active":false,"_monsterinsights_sitenote_note":"","_monsterinsights_sitenote_category":0,"footnotes":""},"acf":{"original_id":"259090","published_at":"2014-08-20T12:16:28+02:00","last_updated_at":"2022-07-14T17:50:31+02:00","website":"http:\/\/www.suzannegallery.com","phone_booking":"","address_city":"Ixelles","phone_contact":"0498-41.57088","lat":"50.8244867","lon":"4.36876539","address_line1":"Chauss\u00e9e de Vleurgat, 102","prices":"[]","ratings":"{}","stib_mivb_stops":"[{\"translations\":{\"fr\":{\"name\":\"Vleurgat\"},\"nl\":{\"name\":\"Vleurgat\"}},\"location\":{\"lat\":50.82351,\"lon\":4.367886},\"lines\":[{\"short_name\":\"38\",\"translations\":{\"fr\":{\"long_name\":\"Gare Centrale - Heros\"},\"nl\":{\"long_name\":\"Centraal Station - Helden\"}},\"vehicle_type\":\"bus\",\"icon_background_color\":\"#B085B3\",\"icon_text_color\":\"#FFFFFF\"},{\"short_name\":\"60\",\"translations\":{\"fr\":{\"long_name\":\"Ambiorix - Uccle Calevoet\"},\"nl\":{\"long_name\":\"Ambiorix - Ukkel Kalevoet\"}},\"vehicle_type\":\"bus\",\"icon_background_color\":\"#FF9EC2\",\"icon_text_color\":\"#000000\"},{\"short_name\":\"N10\",\"translations\":{\"fr\":{\"long_name\":\"Gare Centrale - Fort-Jaco\"},\"nl\":{\"long_name\":\"Centraal Station - Fort-Jaco\"}},\"vehicle_type\":\"bus\",\"icon_background_color\":\"#D2FF0A\",\"icon_text_color\":\"#000000\"},{\"short_name\":\"T7\",\"translations\":{\"fr\":{\"long_name\":\"Vanderkindere - Heysel\"},\"nl\":{\"long_name\":\"Vanderkindere - Heizel\"}},\"vehicle_type\":\"bus\",\"icon_background_color\":\"#FFFFFF\",\"icon_text_color\":\"#000000\"}]},{\"translations\":{\"fr\":{\"name\":\"Vleurgat\"},\"nl\":{\"name\":\"Vleurgat\"}},\"location\":{\"lat\":50.823843,\"lon\":4.367276},\"lines\":[{\"short_name\":\"93\",\"translations\":{\"fr\":{\"long_name\":\"Stade - Legrand\"},\"nl\":{\"long_name\":\"Stadion - Legrand\"}},\"vehicle_type\":\"tram\",\"icon_background_color\":\"#E87D0D\",\"icon_text_color\":\"#FFFFFF\"},{\"short_name\":\"94\",\"translations\":{\"fr\":{\"long_name\":\"Louise - Musee Du Tram\"},\"nl\":{\"long_name\":\"Louiza - Trammuseum\"}},\"vehicle_type\":\"tram\",\"icon_background_color\":\"#F7E017\",\"icon_text_color\":\"#000000\"}]},{\"translations\":{\"fr\":{\"name\":\"Vleurgat\"},\"nl\":{\"name\":\"Vleurgat\"}},\"location\":{\"lat\":50.823546,\"lon\":4.367574},\"lines\":[{\"short_name\":\"38\",\"translations\":{\"fr\":{\"long_name\":\"Gare Centrale - Heros\"},\"nl\":{\"long_name\":\"Centraal Station - Helden\"}},\"vehicle_type\":\"bus\",\"icon_background_color\":\"#B085B3\",\"icon_text_color\":\"#FFFFFF\"},{\"short_name\":\"60\",\"translations\":{\"fr\":{\"long_name\":\"Ambiorix - Uccle Calevoet\"},\"nl\":{\"long_name\":\"Ambiorix - Ukkel Kalevoet\"}},\"vehicle_type\":\"bus\",\"icon_background_color\":\"#FF9EC2\",\"icon_text_color\":\"#000000\"},{\"short_name\":\"N10\",\"translations\":{\"fr\":{\"long_name\":\"Gare Centrale - Fort-Jaco\"},\"nl\":{\"long_name\":\"Centraal Station - Fort-Jaco\"}},\"vehicle_type\":\"bus\",\"icon_background_color\":\"#D2FF0A\",\"icon_text_color\":\"#000000\"},{\"short_name\":\"T7\",\"translations\":{\"fr\":{\"long_name\":\"Vanderkindere - Heysel\"},\"nl\":{\"long_name\":\"Vanderkindere - Heizel\"}},\"vehicle_type\":\"bus\",\"icon_background_color\":\"#FFFFFF\",\"icon_text_color\":\"#000000\"}]},{\"translations\":{\"fr\":{\"name\":\"Biarritz\"},\"nl\":{\"name\":\"Biarritz\"}},\"location\":{\"lat\":50.825713,\"lon\":4.369547},\"lines\":[{\"short_name\":\"38\",\"translations\":{\"fr\":{\"long_name\":\"Gare Centrale - Heros\"},\"nl\":{\"long_name\":\"Centraal Station - Helden\"}},\"vehicle_type\":\"bus\",\"icon_background_color\":\"#B085B3\",\"icon_text_color\":\"#FFFFFF\"},{\"short_name\":\"60\",\"translations\":{\"fr\":{\"long_name\":\"Ambiorix - Uccle Calevoet\"},\"nl\":{\"long_name\":\"Ambiorix - Ukkel Kalevoet\"}},\"vehicle_type\":\"bus\",\"icon_background_color\":\"#FF9EC2\",\"icon_text_color\":\"#000000\"},{\"short_name\":\"N10\",\"translations\":{\"fr\":{\"long_name\":\"Gare Centrale - Fort-Jaco\"},\"nl\":{\"long_name\":\"Centraal Station - Fort-Jaco\"}},\"vehicle_type\":\"bus\",\"icon_background_color\":\"#D2FF0A\",\"icon_text_color\":\"#000000\"},{\"short_name\":\"T7\",\"translations\":{\"fr\":{\"long_name\":\"Vanderkindere - Heysel\"},\"nl\":{\"long_name\":\"Vanderkindere - Heizel\"}},\"vehicle_type\":\"bus\",\"icon_background_color\":\"#FFFFFF\",\"icon_text_color\":\"#000000\"}]},{\"translations\":{\"fr\":{\"name\":\"Biarritz\"},\"nl\":{\"name\":\"Biarritz\"}},\"location\":{\"lat\":50.825848,\"lon\":4.369774},\"lines\":[{\"short_name\":\"38\",\"translations\":{\"fr\":{\"long_name\":\"Gare Centrale - Heros\"},\"nl\":{\"long_name\":\"Centraal Station - Helden\"}},\"vehicle_type\":\"bus\",\"icon_background_color\":\"#B085B3\",\"icon_text_color\":\"#FFFFFF\"},{\"short_name\":\"60\",\"translations\":{\"fr\":{\"long_name\":\"Ambiorix - Uccle Calevoet\"},\"nl\":{\"long_name\":\"Ambiorix - Ukkel Kalevoet\"}},\"vehicle_type\":\"bus\",\"icon_background_color\":\"#FF9EC2\",\"icon_text_color\":\"#000000\"},{\"short_name\":\"N10\",\"translations\":{\"fr\":{\"long_name\":\"Gare Centrale - Fort-Jaco\"},\"nl\":{\"long_name\":\"Centraal Station - Fort-Jaco\"}},\"vehicle_type\":\"bus\",\"icon_background_color\":\"#D2FF0A\",\"icon_text_color\":\"#000000\"}]}]","is_closed_on_public_holidays":"","can_be_privatized":"","is_accessible_pmr":"","facebook_link":"","date_exceptions":"[]","closing_days":"[]","weekschema":"[]","_event_gallery":"","_event_pictures":""},"yoast_head":"<!-- This site is optimized with the Yoast SEO plugin v24.5 - https:\/\/yoast.com\/wordpress\/plugins\/seo\/ -->\n<title>Suzanne Gallery - Ixelles<\/title>\n<meta name=\"robots\" content=\"index, follow, max-snippet:-1, max-image-preview:large, max-video-preview:-1\" \/>\n<link rel=\"canonical\" href=\"https:\/\/culture.ixelles.be\/fr\/places\/suzanne-gallery\/\" \/>\n<meta property=\"og:locale\" content=\"fr_FR\" \/>\n<meta property=\"og:type\" content=\"article\" \/>\n<meta property=\"og:title\" content=\"Suzanne Gallery - Ixelles\" \/>\n<meta property=\"og:description\" content=\"Suzanne est n\u00e9e de la complicit\u00e9 de trois amis d&rsquo;univers graphiques diff\u00e9rents mais partageant une m\u00eame sensibilit\u00e9. Suzanne offre \u00e0 son public une s\u00e9lection personnelle et attractive de coups de c\u0153ur artistiques. Une de ses missions est de mettre les artistes\/cr\u00e9ateurs\/concepteurs en collaboration, de confronter leurs m\u00e9diums via un projet commun.\" \/>\n<meta property=\"og:url\" content=\"https:\/\/culture.ixelles.be\/fr\/places\/suzanne-gallery\/\" \/>\n<meta property=\"og:site_name\" content=\"Ixelles\" \/>\n<meta name=\"twitter:card\" content=\"summary_large_image\" \/>\n<script type=\"application\/ld+json\" class=\"yoast-schema-graph\">{\"@context\":\"https:\/\/schema.org\",\"@graph\":[{\"@type\":\"WebPage\",\"@id\":\"https:\/\/culture.ixelles.be\/fr\/places\/suzanne-gallery\/\",\"url\":\"https:\/\/culture.ixelles.be\/fr\/places\/suzanne-gallery\/\",\"name\":\"Suzanne Gallery - Ixelles\",\"isPartOf\":{\"@id\":\"https:\/\/culture.ixelles.be\/fr\/#website\"},\"datePublished\":\"2021-06-29T04:30:02+00:00\",\"breadcrumb\":{\"@id\":\"https:\/\/culture.ixelles.be\/fr\/places\/suzanne-gallery\/#breadcrumb\"},\"inLanguage\":\"fr-FR\",\"potentialAction\":[{\"@type\":\"ReadAction\",\"target\":[\"https:\/\/culture.ixelles.be\/fr\/places\/suzanne-gallery\/\"]}]},{\"@type\":\"BreadcrumbList\",\"@id\":\"https:\/\/culture.ixelles.be\/fr\/places\/suzanne-gallery\/#breadcrumb\",\"itemListElement\":[{\"@type\":\"ListItem\",\"position\":1,\"name\":\"Accueil\",\"item\":\"https:\/\/culture.ixelles.be\/fr\/\"},{\"@type\":\"ListItem\",\"position\":2,\"name\":\"Places\",\"item\":\"https:\/\/culture.ixelles.be\/fr\/places\/\"},{\"@type\":\"ListItem\",\"position\":3,\"name\":\"Suzanne Gallery\"}]},{\"@type\":\"WebSite\",\"@id\":\"https:\/\/culture.ixelles.be\/fr\/#website\",\"url\":\"https:\/\/culture.ixelles.be\/fr\/\",\"name\":\"Ixelles\",\"description\":\"\",\"publisher\":{\"@id\":\"https:\/\/culture.ixelles.be\/fr\/#organization\"},\"potentialAction\":[{\"@type\":\"SearchAction\",\"target\":{\"@type\":\"EntryPoint\",\"urlTemplate\":\"https:\/\/culture.ixelles.be\/fr\/?s={search_term_string}\"},\"query-input\":{\"@type\":\"PropertyValueSpecification\",\"valueRequired\":true,\"valueName\":\"search_term_string\"}}],\"inLanguage\":\"fr-FR\"},{\"@type\":\"Organization\",\"@id\":\"https:\/\/culture.ixelles.be\/fr\/#organization\",\"name\":\"Service culture Ixelles\",\"url\":\"https:\/\/culture.ixelles.be\/fr\/\",\"logo\":{\"@type\":\"ImageObject\",\"inLanguage\":\"fr-FR\",\"@id\":\"https:\/\/culture.ixelles.be\/fr\/#\/schema\/logo\/image\/\",\"url\":\"https:\/\/culture.ixelles.be\/wp-content\/uploads\/2021\/05\/ixelles_green.svg\",\"contentUrl\":\"https:\/\/culture.ixelles.be\/wp-content\/uploads\/2021\/05\/ixelles_green.svg\",\"width\":1,\"height\":1,\"caption\":\"Service culture Ixelles\"},\"image\":{\"@id\":\"https:\/\/culture.ixelles.be\/fr\/#\/schema\/logo\/image\/\"}}]}<\/script>\n<!-- \/ Yoast SEO plugin. -->","yoast_head_json":{"title":"Suzanne Gallery - Ixelles","robots":{"index":"index","follow":"follow","max-snippet":"max-snippet:-1","max-image-preview":"max-image-preview:large","max-video-preview":"max-video-preview:-1"},"canonical":"https:\/\/culture.ixelles.be\/fr\/places\/suzanne-gallery\/","og_locale":"fr_FR","og_type":"article","og_title":"Suzanne Gallery - Ixelles","og_description":"Suzanne est n\u00e9e de la complicit\u00e9 de trois amis d&rsquo;univers graphiques diff\u00e9rents mais partageant une m\u00eame sensibilit\u00e9. Suzanne offre \u00e0 son public une s\u00e9lection personnelle et attractive de coups de c\u0153ur artistiques. Une de ses missions est de mettre les artistes\/cr\u00e9ateurs\/concepteurs en collaboration, de confronter leurs m\u00e9diums via un projet commun.","og_url":"https:\/\/culture.ixelles.be\/fr\/places\/suzanne-gallery\/","og_site_name":"Ixelles","twitter_card":"summary_large_image","schema":{"@context":"https:\/\/schema.org","@graph":[{"@type":"WebPage","@id":"https:\/\/culture.ixelles.be\/fr\/places\/suzanne-gallery\/","url":"https:\/\/culture.ixelles.be\/fr\/places\/suzanne-gallery\/","name":"Suzanne Gallery - Ixelles","isPartOf":{"@id":"https:\/\/culture.ixelles.be\/fr\/#website"},"datePublished":"2021-06-29T04:30:02+00:00","breadcrumb":{"@id":"https:\/\/culture.ixelles.be\/fr\/places\/suzanne-gallery\/#breadcrumb"},"inLanguage":"fr-FR","potentialAction":[{"@type":"ReadAction","target":["https:\/\/culture.ixelles.be\/fr\/places\/suzanne-gallery\/"]}]},{"@type":"BreadcrumbList","@id":"https:\/\/culture.ixelles.be\/fr\/places\/suzanne-gallery\/#breadcrumb","itemListElement":[{"@type":"ListItem","position":1,"name":"Accueil","item":"https:\/\/culture.ixelles.be\/fr\/"},{"@type":"ListItem","position":2,"name":"Places","item":"https:\/\/culture.ixelles.be\/fr\/places\/"},{"@type":"ListItem","position":3,"name":"Suzanne Gallery"}]},{"@type":"WebSite","@id":"https:\/\/culture.ixelles.be\/fr\/#website","url":"https:\/\/culture.ixelles.be\/fr\/","name":"Ixelles","description":"","publisher":{"@id":"https:\/\/culture.ixelles.be\/fr\/#organization"},"potentialAction":[{"@type":"SearchAction","target":{"@type":"EntryPoint","urlTemplate":"https:\/\/culture.ixelles.be\/fr\/?s={search_term_string}"},"query-input":{"@type":"PropertyValueSpecification","valueRequired":true,"valueName":"search_term_string"}}],"inLanguage":"fr-FR"},{"@type":"Organization","@id":"https:\/\/culture.ixelles.be\/fr\/#organization","name":"Service culture Ixelles","url":"https:\/\/culture.ixelles.be\/fr\/","logo":{"@type":"ImageObject","inLanguage":"fr-FR","@id":"https:\/\/culture.ixelles.be\/fr\/#\/schema\/logo\/image\/","url":"https:\/\/culture.ixelles.be\/wp-content\/uploads\/2021\/05\/ixelles_green.svg","contentUrl":"https:\/\/culture.ixelles.be\/wp-content\/uploads\/2021\/05\/ixelles_green.svg","width":1,"height":1,"caption":"Service culture Ixelles"},"image":{"@id":"https:\/\/culture.ixelles.be\/fr\/#\/schema\/logo\/image\/"}}]}},"_links":{"self":[{"href":"https:\/\/culture.ixelles.be\/fr\/wp-json\/wp\/v2\/places\/1310158"}],"collection":[{"href":"https:\/\/culture.ixelles.be\/fr\/wp-json\/wp\/v2\/places"}],"about":[{"href":"https:\/\/culture.ixelles.be\/fr\/wp-json\/wp\/v2\/types\/places"}],"author":[{"embeddable":true,"href":"https:\/\/culture.ixelles.be\/fr\/wp-json\/wp\/v2\/users\/1"}],"replies":[{"embeddable":true,"href":"https:\/\/culture.ixelles.be\/fr\/wp-json\/wp\/v2\/comments?post=1310158"}],"version-history":[{"count":0,"href":"https:\/\/culture.ixelles.be\/fr\/wp-json\/wp\/v2\/places\/1310158\/revisions"}],"wp:attachment":[{"href":"https:\/\/culture.ixelles.be\/fr\/wp-json\/wp\/v2\/media?parent=1310158"}],"curies":[{"name":"wp","href":"https:\/\/api.w.org\/{rel}","templated":true}]}}