{"id":1310597,"date":"2021-12-24T00:00:16","date_gmt":"2021-12-24T00:00:16","guid":{"rendered":"https:\/\/culture.ixelles.be\/places\/fondation-thalie\/"},"modified":"2024-10-03T00:02:15","modified_gmt":"2024-10-03T00:02:15","slug":"fondation-thalie","status":"publish","type":"places","link":"https:\/\/culture.ixelles.be\/fr\/places\/fondation-thalie\/","title":{"rendered":"Fondation Thalie"},"content":{"rendered":"<p>Cr\u00e9\u00e9e en 2014, la Fondation Thalie est un projet philanthropique engag\u00e9, qui a pour objet de soutenir la cr\u00e9ation contemporaine comme levier d\u2019action, d\u2019\u00e9changes et de transmission.<br \/>\nBas\u00e9e \u00e0 Bruxelles, la Fondation met en place une programmation multidisciplinaire qui associe arts visuels, performance, litt\u00e9rature et arts culinaires. Elle accueille un public d\u2019amateurs passionn\u00e9s mais aussi de professionnels et d\u2019\u00e9tudiants.<\/p>\n","protected":false},"excerpt":{"rendered":"<p>Cr\u00e9\u00e9e en 2014, la Fondation Thalie est un projet philanthropique engag\u00e9, qui a pour objet de soutenir la cr\u00e9ation contemporaine comme levier d\u2019action, d\u2019\u00e9changes et de transmission. Bas\u00e9e \u00e0 Bruxelles, la Fondation met en place une programmation multidisciplinaire qui associe arts visuels, performance, litt\u00e9rature et arts culinaires. Elle accueille un public d\u2019amateurs passionn\u00e9s mais aussi [&hellip;]<\/p>\n","protected":false},"author":1,"featured_media":1604211,"parent":0,"comment_status":"open","ping_status":"open","template":"","meta":{"_acf_changed":false,"_monsterinsights_skip_tracking":false,"_monsterinsights_sitenote_active":false,"_monsterinsights_sitenote_note":"","_monsterinsights_sitenote_category":0,"footnotes":""},"acf":{"original_id":"266572","published_at":"2016-10-10T16:18:33+02:00","last_updated_at":"2024-10-02T15:07:04+02:00","website":"http:\/\/www.fondationthalie.org","phone_booking":"","address_city":"Ixelles","phone_contact":"+32 2 446 03 43","lat":"50.82203802","lon":"4.36626345","address_line1":"Rue Buchholtz, 15","prices":"[]","ratings":"{}","stib_mivb_stops":"[]","is_closed_on_public_holidays":"","can_be_privatized":"1","is_accessible_pmr":"","facebook_link":"","date_exceptions":"[]","closing_days":"[]","weekschema":"[{\"days\":{\"monday\":{\"is_open\":false},\"tuesday\":{\"is_open\":false},\"wednesday\":{\"is_open\":true,\"hours\":[{\"start\":\"12:00:00\",\"end\":\"18:00:00\"}]},\"thursday\":{\"is_open\":true,\"hours\":[{\"start\":\"12:00:00\",\"end\":\"18:00:00\"}]},\"friday\":{\"is_open\":true,\"hours\":[{\"start\":\"12:00:00\",\"end\":\"18:00:00\"}]},\"saturday\":{\"is_open\":true,\"hours\":[{\"start\":\"12:00:00\",\"end\":\"18:00:00\"}]},\"sunday\":{\"is_open\":false}},\"translations\":{\"de\":[\"monday and tuesday: closed\",\"wednesday, thursday, friday and saturday: from 12:00 to 18:00\",\"sunday: closed\"],\"pt\":[\"monday and tuesday: closed\",\"wednesday, thursday, friday and saturday: from 12:00 to 18:00\",\"sunday: closed\"],\"en\":[\"monday and tuesday: closed\",\"wednesday, thursday, friday and saturday: from 12:00 to 18:00\",\"sunday: closed\"],\"it\":[\"monday and tuesday: closed\",\"wednesday, thursday, friday and saturday: from 12:00 to 18:00\",\"sunday: closed\"],\"cn\":[\"monday and tuesday: closed\",\"wednesday, thursday, friday and saturday: from 12:00 to 18:00\",\"sunday: closed\"],\"fr\":[\"lundi et mardi: fermu00e9\",\"mercredi, jeudi, vendredi et samedi: de 12:00 u00e0 18:00\",\"dimanche: fermu00e9\"],\"sp\":[\"monday and tuesday: closed\",\"wednesday, thursday, friday and saturday: from 12:00 to 18:00\",\"sunday: closed\"],\"nl\":[\"maandag en dinsdag: gesloten\",\"woensdag, donderdag, vrijdag en zaterdag: van 12:00 tot 18:00\",\"zondag: gesloten\"]},\"is_also_by_appointment\":false}]","_event_gallery":"https:\/\/culture.ixelles.be\/wp-content\/uploads\/2021\/12\/5ac27ce275bf0417441d9b9bcc580a89138126a4.jpg","_event_pictures":"https:\/\/culture.ixelles.be\/wp-content\/uploads\/2021\/12\/5ac27ce275bf0417441d9b9bcc580a89138126a4.jpg|***|https:\/\/culture.ixelles.be\/wp-content\/uploads\/2021\/12\/8945b52b278777e4d6dcc91eac56efd428e7871e.jpg|***|https:\/\/culture.ixelles.be\/wp-content\/uploads\/2021\/12\/fd795d9aad560c0430a21556f00498ee6f401831.jpg|***|https:\/\/culture.ixelles.be\/wp-content\/uploads\/2021\/12\/df652e98c42803403e5cd1c6d9cc48da50c22941.jpg"},"yoast_head":"<!-- This site is optimized with the Yoast SEO plugin v24.5 - https:\/\/yoast.com\/wordpress\/plugins\/seo\/ -->\n<title>Fondation Thalie - Ixelles<\/title>\n<meta name=\"robots\" content=\"index, follow, max-snippet:-1, max-image-preview:large, max-video-preview:-1\" \/>\n<link rel=\"canonical\" href=\"https:\/\/culture.ixelles.be\/fr\/places\/fondation-thalie\/\" \/>\n<meta property=\"og:locale\" content=\"fr_FR\" \/>\n<meta property=\"og:type\" content=\"article\" \/>\n<meta property=\"og:title\" content=\"Fondation Thalie - Ixelles\" \/>\n<meta property=\"og:description\" content=\"Cr\u00e9\u00e9e en 2014, la Fondation Thalie est un projet philanthropique engag\u00e9, qui a pour objet de soutenir la cr\u00e9ation contemporaine comme levier d\u2019action, d\u2019\u00e9changes et de transmission. Bas\u00e9e \u00e0 Bruxelles, la Fondation met en place une programmation multidisciplinaire qui associe arts visuels, performance, litt\u00e9rature et arts culinaires. Elle accueille un public d\u2019amateurs passionn\u00e9s mais aussi [&hellip;]\" \/>\n<meta property=\"og:url\" content=\"https:\/\/culture.ixelles.be\/fr\/places\/fondation-thalie\/\" \/>\n<meta property=\"og:site_name\" content=\"Ixelles\" \/>\n<meta property=\"article:modified_time\" content=\"2024-10-03T00:02:15+00:00\" \/>\n<meta property=\"og:image\" content=\"https:\/\/culture.ixelles.be\/wp-content\/uploads\/2021\/12\/5ac27ce275bf0417441d9b9bcc580a89138126a4-1024x683.jpg\" \/>\n\t<meta property=\"og:image:width\" content=\"1024\" \/>\n\t<meta property=\"og:image:height\" content=\"683\" \/>\n\t<meta property=\"og:image:type\" content=\"image\/jpeg\" \/>\n<meta name=\"twitter:card\" content=\"summary_large_image\" \/>\n<script type=\"application\/ld+json\" class=\"yoast-schema-graph\">{\"@context\":\"https:\/\/schema.org\",\"@graph\":[{\"@type\":\"WebPage\",\"@id\":\"https:\/\/culture.ixelles.be\/fr\/places\/fondation-thalie\/\",\"url\":\"https:\/\/culture.ixelles.be\/fr\/places\/fondation-thalie\/\",\"name\":\"Fondation Thalie - Ixelles\",\"isPartOf\":{\"@id\":\"https:\/\/culture.ixelles.be\/fr\/#website\"},\"primaryImageOfPage\":{\"@id\":\"https:\/\/culture.ixelles.be\/fr\/places\/fondation-thalie\/#primaryimage\"},\"image\":{\"@id\":\"https:\/\/culture.ixelles.be\/fr\/places\/fondation-thalie\/#primaryimage\"},\"thumbnailUrl\":\"https:\/\/culture.ixelles.be\/wp-content\/uploads\/2021\/12\/5ac27ce275bf0417441d9b9bcc580a89138126a4.jpg\",\"datePublished\":\"2021-12-24T00:00:16+00:00\",\"dateModified\":\"2024-10-03T00:02:15+00:00\",\"breadcrumb\":{\"@id\":\"https:\/\/culture.ixelles.be\/fr\/places\/fondation-thalie\/#breadcrumb\"},\"inLanguage\":\"fr-FR\",\"potentialAction\":[{\"@type\":\"ReadAction\",\"target\":[\"https:\/\/culture.ixelles.be\/fr\/places\/fondation-thalie\/\"]}]},{\"@type\":\"ImageObject\",\"inLanguage\":\"fr-FR\",\"@id\":\"https:\/\/culture.ixelles.be\/fr\/places\/fondation-thalie\/#primaryimage\",\"url\":\"https:\/\/culture.ixelles.be\/wp-content\/uploads\/2021\/12\/5ac27ce275bf0417441d9b9bcc580a89138126a4.jpg\",\"contentUrl\":\"https:\/\/culture.ixelles.be\/wp-content\/uploads\/2021\/12\/5ac27ce275bf0417441d9b9bcc580a89138126a4.jpg\",\"width\":3543,\"height\":2362},{\"@type\":\"BreadcrumbList\",\"@id\":\"https:\/\/culture.ixelles.be\/fr\/places\/fondation-thalie\/#breadcrumb\",\"itemListElement\":[{\"@type\":\"ListItem\",\"position\":1,\"name\":\"Accueil\",\"item\":\"https:\/\/culture.ixelles.be\/fr\/\"},{\"@type\":\"ListItem\",\"position\":2,\"name\":\"Places\",\"item\":\"https:\/\/culture.ixelles.be\/fr\/places\/\"},{\"@type\":\"ListItem\",\"position\":3,\"name\":\"Fondation Thalie\"}]},{\"@type\":\"WebSite\",\"@id\":\"https:\/\/culture.ixelles.be\/fr\/#website\",\"url\":\"https:\/\/culture.ixelles.be\/fr\/\",\"name\":\"Ixelles\",\"description\":\"\",\"publisher\":{\"@id\":\"https:\/\/culture.ixelles.be\/fr\/#organization\"},\"potentialAction\":[{\"@type\":\"SearchAction\",\"target\":{\"@type\":\"EntryPoint\",\"urlTemplate\":\"https:\/\/culture.ixelles.be\/fr\/?s={search_term_string}\"},\"query-input\":{\"@type\":\"PropertyValueSpecification\",\"valueRequired\":true,\"valueName\":\"search_term_string\"}}],\"inLanguage\":\"fr-FR\"},{\"@type\":\"Organization\",\"@id\":\"https:\/\/culture.ixelles.be\/fr\/#organization\",\"name\":\"Service culture Ixelles\",\"url\":\"https:\/\/culture.ixelles.be\/fr\/\",\"logo\":{\"@type\":\"ImageObject\",\"inLanguage\":\"fr-FR\",\"@id\":\"https:\/\/culture.ixelles.be\/fr\/#\/schema\/logo\/image\/\",\"url\":\"https:\/\/culture.ixelles.be\/wp-content\/uploads\/2021\/05\/ixelles_green.svg\",\"contentUrl\":\"https:\/\/culture.ixelles.be\/wp-content\/uploads\/2021\/05\/ixelles_green.svg\",\"width\":1,\"height\":1,\"caption\":\"Service culture Ixelles\"},\"image\":{\"@id\":\"https:\/\/culture.ixelles.be\/fr\/#\/schema\/logo\/image\/\"}}]}<\/script>\n<!-- \/ Yoast SEO plugin. -->","yoast_head_json":{"title":"Fondation Thalie - Ixelles","robots":{"index":"index","follow":"follow","max-snippet":"max-snippet:-1","max-image-preview":"max-image-preview:large","max-video-preview":"max-video-preview:-1"},"canonical":"https:\/\/culture.ixelles.be\/fr\/places\/fondation-thalie\/","og_locale":"fr_FR","og_type":"article","og_title":"Fondation Thalie - Ixelles","og_description":"Cr\u00e9\u00e9e en 2014, la Fondation Thalie est un projet philanthropique engag\u00e9, qui a pour objet de soutenir la cr\u00e9ation contemporaine comme levier d\u2019action, d\u2019\u00e9changes et de transmission. Bas\u00e9e \u00e0 Bruxelles, la Fondation met en place une programmation multidisciplinaire qui associe arts visuels, performance, litt\u00e9rature et arts culinaires. Elle accueille un public d\u2019amateurs passionn\u00e9s mais aussi [&hellip;]","og_url":"https:\/\/culture.ixelles.be\/fr\/places\/fondation-thalie\/","og_site_name":"Ixelles","article_modified_time":"2024-10-03T00:02:15+00:00","og_image":[{"width":1024,"height":683,"url":"https:\/\/culture.ixelles.be\/wp-content\/uploads\/2021\/12\/5ac27ce275bf0417441d9b9bcc580a89138126a4-1024x683.jpg","type":"image\/jpeg"}],"twitter_card":"summary_large_image","schema":{"@context":"https:\/\/schema.org","@graph":[{"@type":"WebPage","@id":"https:\/\/culture.ixelles.be\/fr\/places\/fondation-thalie\/","url":"https:\/\/culture.ixelles.be\/fr\/places\/fondation-thalie\/","name":"Fondation Thalie - Ixelles","isPartOf":{"@id":"https:\/\/culture.ixelles.be\/fr\/#website"},"primaryImageOfPage":{"@id":"https:\/\/culture.ixelles.be\/fr\/places\/fondation-thalie\/#primaryimage"},"image":{"@id":"https:\/\/culture.ixelles.be\/fr\/places\/fondation-thalie\/#primaryimage"},"thumbnailUrl":"https:\/\/culture.ixelles.be\/wp-content\/uploads\/2021\/12\/5ac27ce275bf0417441d9b9bcc580a89138126a4.jpg","datePublished":"2021-12-24T00:00:16+00:00","dateModified":"2024-10-03T00:02:15+00:00","breadcrumb":{"@id":"https:\/\/culture.ixelles.be\/fr\/places\/fondation-thalie\/#breadcrumb"},"inLanguage":"fr-FR","potentialAction":[{"@type":"ReadAction","target":["https:\/\/culture.ixelles.be\/fr\/places\/fondation-thalie\/"]}]},{"@type":"ImageObject","inLanguage":"fr-FR","@id":"https:\/\/culture.ixelles.be\/fr\/places\/fondation-thalie\/#primaryimage","url":"https:\/\/culture.ixelles.be\/wp-content\/uploads\/2021\/12\/5ac27ce275bf0417441d9b9bcc580a89138126a4.jpg","contentUrl":"https:\/\/culture.ixelles.be\/wp-content\/uploads\/2021\/12\/5ac27ce275bf0417441d9b9bcc580a89138126a4.jpg","width":3543,"height":2362},{"@type":"BreadcrumbList","@id":"https:\/\/culture.ixelles.be\/fr\/places\/fondation-thalie\/#breadcrumb","itemListElement":[{"@type":"ListItem","position":1,"name":"Accueil","item":"https:\/\/culture.ixelles.be\/fr\/"},{"@type":"ListItem","position":2,"name":"Places","item":"https:\/\/culture.ixelles.be\/fr\/places\/"},{"@type":"ListItem","position":3,"name":"Fondation Thalie"}]},{"@type":"WebSite","@id":"https:\/\/culture.ixelles.be\/fr\/#website","url":"https:\/\/culture.ixelles.be\/fr\/","name":"Ixelles","description":"","publisher":{"@id":"https:\/\/culture.ixelles.be\/fr\/#organization"},"potentialAction":[{"@type":"SearchAction","target":{"@type":"EntryPoint","urlTemplate":"https:\/\/culture.ixelles.be\/fr\/?s={search_term_string}"},"query-input":{"@type":"PropertyValueSpecification","valueRequired":true,"valueName":"search_term_string"}}],"inLanguage":"fr-FR"},{"@type":"Organization","@id":"https:\/\/culture.ixelles.be\/fr\/#organization","name":"Service culture Ixelles","url":"https:\/\/culture.ixelles.be\/fr\/","logo":{"@type":"ImageObject","inLanguage":"fr-FR","@id":"https:\/\/culture.ixelles.be\/fr\/#\/schema\/logo\/image\/","url":"https:\/\/culture.ixelles.be\/wp-content\/uploads\/2021\/05\/ixelles_green.svg","contentUrl":"https:\/\/culture.ixelles.be\/wp-content\/uploads\/2021\/05\/ixelles_green.svg","width":1,"height":1,"caption":"Service culture Ixelles"},"image":{"@id":"https:\/\/culture.ixelles.be\/fr\/#\/schema\/logo\/image\/"}}]}},"_links":{"self":[{"href":"https:\/\/culture.ixelles.be\/fr\/wp-json\/wp\/v2\/places\/1310597"}],"collection":[{"href":"https:\/\/culture.ixelles.be\/fr\/wp-json\/wp\/v2\/places"}],"about":[{"href":"https:\/\/culture.ixelles.be\/fr\/wp-json\/wp\/v2\/types\/places"}],"author":[{"embeddable":true,"href":"https:\/\/culture.ixelles.be\/fr\/wp-json\/wp\/v2\/users\/1"}],"replies":[{"embeddable":true,"href":"https:\/\/culture.ixelles.be\/fr\/wp-json\/wp\/v2\/comments?post=1310597"}],"version-history":[{"count":1,"href":"https:\/\/culture.ixelles.be\/fr\/wp-json\/wp\/v2\/places\/1310597\/revisions"}],"predecessor-version":[{"id":1349557,"href":"https:\/\/culture.ixelles.be\/fr\/wp-json\/wp\/v2\/places\/1310597\/revisions\/1349557"}],"wp:featuredmedia":[{"embeddable":true,"href":"https:\/\/culture.ixelles.be\/fr\/wp-json\/wp\/v2\/media\/1604211"}],"wp:attachment":[{"href":"https:\/\/culture.ixelles.be\/fr\/wp-json\/wp\/v2\/media?parent=1310597"}],"curies":[{"name":"wp","href":"https:\/\/api.w.org\/{rel}","templated":true}]}}