{"id":1311601,"date":"2022-10-06T23:00:18","date_gmt":"2022-10-06T23:00:18","guid":{"rendered":"https:\/\/culture.ixelles.be\/places\/medex-musee-ephemere-de-lexil\/"},"modified":"2024-04-20T00:12:47","modified_gmt":"2024-04-20T00:12:47","slug":"medex-musee-ephemere-de-lexil","status":"publish","type":"places","link":"https:\/\/culture.ixelles.be\/fr\/places\/medex-musee-ephemere-de-lexil\/","title":{"rendered":"Medex (Mus\u00e9e \u00e9ph\u00e9m\u00e8re de l&rsquo;exil)"},"content":{"rendered":"<p>Un mus\u00e9e qui n\u2019en est pas un, un mus\u00e9e valise qui porte une vision de la culture dans diff\u00e9rents endroits le temps d\u2019une exposition, d\u2019une performance ou d\u2019un \u00e9v\u00e9nement. <\/p>\n<p>Le Medex est un mus\u00e9e itin\u00e9rant, en d\u00e9placement, fait pour porter l&rsquo;attention sur la th\u00e9matique de la migration et ses enjeux. Il est bas\u00e9 actuellement dans un ancien CARWASH \u00e0 Ixelles dans le quartier Matong\u00e9.<\/p>\n","protected":false},"excerpt":{"rendered":"<p>Un mus\u00e9e qui n\u2019en est pas un, un mus\u00e9e valise qui porte une vision de la culture dans diff\u00e9rents endroits le temps d\u2019une exposition, d\u2019une performance ou d\u2019un \u00e9v\u00e9nement. Le Medex est un mus\u00e9e itin\u00e9rant, en d\u00e9placement, fait pour porter l&rsquo;attention sur la th\u00e9matique de la migration et ses enjeux. Il est bas\u00e9 actuellement dans [&hellip;]<\/p>\n","protected":false},"author":1,"featured_media":1546809,"parent":0,"comment_status":"open","ping_status":"open","template":"","meta":{"_acf_changed":false,"_monsterinsights_skip_tracking":false,"_monsterinsights_sitenote_active":false,"_monsterinsights_sitenote_note":"","_monsterinsights_sitenote_category":0,"footnotes":""},"acf":{"original_id":"265418","published_at":"2016-02-21T19:04:10+01:00","last_updated_at":"2024-04-19T20:30:17+02:00","website":"http:\/\/www.medexmuseum.com","phone_booking":"","address_city":"Ixelles","phone_contact":"+32 488 50 60 42","lat":"50.83605471","lon":"4.36619976","address_line1":"Rue Longue Vie, 34A","prices":"[]","ratings":"{}","stib_mivb_stops":"[]","is_closed_on_public_holidays":"","can_be_privatized":"","is_accessible_pmr":"1","facebook_link":"","date_exceptions":"[]","closing_days":"[]","weekschema":"[]","_event_gallery":"https:\/\/culture.ixelles.be\/wp-content\/uploads\/2022\/10\/944ab87234e9c0f8a6f60c68f90ea322bb8da52d.jpg","_event_pictures":"https:\/\/culture.ixelles.be\/wp-content\/uploads\/2022\/10\/944ab87234e9c0f8a6f60c68f90ea322bb8da52d.jpg"},"yoast_head":"<!-- This site is optimized with the Yoast SEO plugin v24.5 - https:\/\/yoast.com\/wordpress\/plugins\/seo\/ -->\n<title>Medex (Mus\u00e9e \u00e9ph\u00e9m\u00e8re de l&#039;exil) - Ixelles<\/title>\n<meta name=\"robots\" content=\"index, follow, max-snippet:-1, max-image-preview:large, max-video-preview:-1\" \/>\n<link rel=\"canonical\" href=\"https:\/\/culture.ixelles.be\/fr\/places\/medex-musee-ephemere-de-lexil\/\" \/>\n<meta property=\"og:locale\" content=\"fr_FR\" \/>\n<meta property=\"og:type\" content=\"article\" \/>\n<meta property=\"og:title\" content=\"Medex (Mus\u00e9e \u00e9ph\u00e9m\u00e8re de l&#039;exil) - Ixelles\" \/>\n<meta property=\"og:description\" content=\"Un mus\u00e9e qui n\u2019en est pas un, un mus\u00e9e valise qui porte une vision de la culture dans diff\u00e9rents endroits le temps d\u2019une exposition, d\u2019une performance ou d\u2019un \u00e9v\u00e9nement. Le Medex est un mus\u00e9e itin\u00e9rant, en d\u00e9placement, fait pour porter l&rsquo;attention sur la th\u00e9matique de la migration et ses enjeux. Il est bas\u00e9 actuellement dans [&hellip;]\" \/>\n<meta property=\"og:url\" content=\"https:\/\/culture.ixelles.be\/fr\/places\/medex-musee-ephemere-de-lexil\/\" \/>\n<meta property=\"og:site_name\" content=\"Ixelles\" \/>\n<meta property=\"article:modified_time\" content=\"2024-04-20T00:12:47+00:00\" \/>\n<meta property=\"og:image\" content=\"https:\/\/i0.wp.com\/culture.ixelles.be\/wp-content\/uploads\/2022\/10\/944ab87234e9c0f8a6f60c68f90ea322bb8da52d.jpg?fit=2048%2C1366&ssl=1\" \/>\n\t<meta property=\"og:image:width\" content=\"2048\" \/>\n\t<meta property=\"og:image:height\" content=\"1366\" \/>\n\t<meta property=\"og:image:type\" content=\"image\/jpeg\" \/>\n<meta name=\"twitter:card\" content=\"summary_large_image\" \/>\n<script type=\"application\/ld+json\" class=\"yoast-schema-graph\">{\"@context\":\"https:\/\/schema.org\",\"@graph\":[{\"@type\":\"WebPage\",\"@id\":\"https:\/\/culture.ixelles.be\/fr\/places\/medex-musee-ephemere-de-lexil\/\",\"url\":\"https:\/\/culture.ixelles.be\/fr\/places\/medex-musee-ephemere-de-lexil\/\",\"name\":\"Medex (Mus\u00e9e \u00e9ph\u00e9m\u00e8re de l'exil) - Ixelles\",\"isPartOf\":{\"@id\":\"https:\/\/culture.ixelles.be\/fr\/#website\"},\"primaryImageOfPage\":{\"@id\":\"https:\/\/culture.ixelles.be\/fr\/places\/medex-musee-ephemere-de-lexil\/#primaryimage\"},\"image\":{\"@id\":\"https:\/\/culture.ixelles.be\/fr\/places\/medex-musee-ephemere-de-lexil\/#primaryimage\"},\"thumbnailUrl\":\"https:\/\/culture.ixelles.be\/wp-content\/uploads\/2022\/10\/944ab87234e9c0f8a6f60c68f90ea322bb8da52d.jpg\",\"datePublished\":\"2022-10-06T23:00:18+00:00\",\"dateModified\":\"2024-04-20T00:12:47+00:00\",\"breadcrumb\":{\"@id\":\"https:\/\/culture.ixelles.be\/fr\/places\/medex-musee-ephemere-de-lexil\/#breadcrumb\"},\"inLanguage\":\"fr-FR\",\"potentialAction\":[{\"@type\":\"ReadAction\",\"target\":[\"https:\/\/culture.ixelles.be\/fr\/places\/medex-musee-ephemere-de-lexil\/\"]}]},{\"@type\":\"ImageObject\",\"inLanguage\":\"fr-FR\",\"@id\":\"https:\/\/culture.ixelles.be\/fr\/places\/medex-musee-ephemere-de-lexil\/#primaryimage\",\"url\":\"https:\/\/culture.ixelles.be\/wp-content\/uploads\/2022\/10\/944ab87234e9c0f8a6f60c68f90ea322bb8da52d.jpg\",\"contentUrl\":\"https:\/\/culture.ixelles.be\/wp-content\/uploads\/2022\/10\/944ab87234e9c0f8a6f60c68f90ea322bb8da52d.jpg\",\"width\":2048,\"height\":1366},{\"@type\":\"BreadcrumbList\",\"@id\":\"https:\/\/culture.ixelles.be\/fr\/places\/medex-musee-ephemere-de-lexil\/#breadcrumb\",\"itemListElement\":[{\"@type\":\"ListItem\",\"position\":1,\"name\":\"Accueil\",\"item\":\"https:\/\/culture.ixelles.be\/fr\/\"},{\"@type\":\"ListItem\",\"position\":2,\"name\":\"Places\",\"item\":\"https:\/\/culture.ixelles.be\/fr\/places\/\"},{\"@type\":\"ListItem\",\"position\":3,\"name\":\"Medex (Mus\u00e9e \u00e9ph\u00e9m\u00e8re de l&rsquo;exil)\"}]},{\"@type\":\"WebSite\",\"@id\":\"https:\/\/culture.ixelles.be\/fr\/#website\",\"url\":\"https:\/\/culture.ixelles.be\/fr\/\",\"name\":\"Ixelles\",\"description\":\"\",\"publisher\":{\"@id\":\"https:\/\/culture.ixelles.be\/fr\/#organization\"},\"potentialAction\":[{\"@type\":\"SearchAction\",\"target\":{\"@type\":\"EntryPoint\",\"urlTemplate\":\"https:\/\/culture.ixelles.be\/fr\/?s={search_term_string}\"},\"query-input\":{\"@type\":\"PropertyValueSpecification\",\"valueRequired\":true,\"valueName\":\"search_term_string\"}}],\"inLanguage\":\"fr-FR\"},{\"@type\":\"Organization\",\"@id\":\"https:\/\/culture.ixelles.be\/fr\/#organization\",\"name\":\"Service culture Ixelles\",\"url\":\"https:\/\/culture.ixelles.be\/fr\/\",\"logo\":{\"@type\":\"ImageObject\",\"inLanguage\":\"fr-FR\",\"@id\":\"https:\/\/culture.ixelles.be\/fr\/#\/schema\/logo\/image\/\",\"url\":\"https:\/\/culture.ixelles.be\/wp-content\/uploads\/2021\/05\/ixelles_green.svg\",\"contentUrl\":\"https:\/\/culture.ixelles.be\/wp-content\/uploads\/2021\/05\/ixelles_green.svg\",\"width\":1,\"height\":1,\"caption\":\"Service culture Ixelles\"},\"image\":{\"@id\":\"https:\/\/culture.ixelles.be\/fr\/#\/schema\/logo\/image\/\"}}]}<\/script>\n<!-- \/ Yoast SEO plugin. -->","yoast_head_json":{"title":"Medex (Mus\u00e9e \u00e9ph\u00e9m\u00e8re de l'exil) - Ixelles","robots":{"index":"index","follow":"follow","max-snippet":"max-snippet:-1","max-image-preview":"max-image-preview:large","max-video-preview":"max-video-preview:-1"},"canonical":"https:\/\/culture.ixelles.be\/fr\/places\/medex-musee-ephemere-de-lexil\/","og_locale":"fr_FR","og_type":"article","og_title":"Medex (Mus\u00e9e \u00e9ph\u00e9m\u00e8re de l'exil) - Ixelles","og_description":"Un mus\u00e9e qui n\u2019en est pas un, un mus\u00e9e valise qui porte une vision de la culture dans diff\u00e9rents endroits le temps d\u2019une exposition, d\u2019une performance ou d\u2019un \u00e9v\u00e9nement. Le Medex est un mus\u00e9e itin\u00e9rant, en d\u00e9placement, fait pour porter l&rsquo;attention sur la th\u00e9matique de la migration et ses enjeux. Il est bas\u00e9 actuellement dans [&hellip;]","og_url":"https:\/\/culture.ixelles.be\/fr\/places\/medex-musee-ephemere-de-lexil\/","og_site_name":"Ixelles","article_modified_time":"2024-04-20T00:12:47+00:00","og_image":[{"width":2048,"height":1366,"url":"https:\/\/i0.wp.com\/culture.ixelles.be\/wp-content\/uploads\/2022\/10\/944ab87234e9c0f8a6f60c68f90ea322bb8da52d.jpg?fit=2048%2C1366&ssl=1","type":"image\/jpeg"}],"twitter_card":"summary_large_image","schema":{"@context":"https:\/\/schema.org","@graph":[{"@type":"WebPage","@id":"https:\/\/culture.ixelles.be\/fr\/places\/medex-musee-ephemere-de-lexil\/","url":"https:\/\/culture.ixelles.be\/fr\/places\/medex-musee-ephemere-de-lexil\/","name":"Medex (Mus\u00e9e \u00e9ph\u00e9m\u00e8re de l'exil) - Ixelles","isPartOf":{"@id":"https:\/\/culture.ixelles.be\/fr\/#website"},"primaryImageOfPage":{"@id":"https:\/\/culture.ixelles.be\/fr\/places\/medex-musee-ephemere-de-lexil\/#primaryimage"},"image":{"@id":"https:\/\/culture.ixelles.be\/fr\/places\/medex-musee-ephemere-de-lexil\/#primaryimage"},"thumbnailUrl":"https:\/\/culture.ixelles.be\/wp-content\/uploads\/2022\/10\/944ab87234e9c0f8a6f60c68f90ea322bb8da52d.jpg","datePublished":"2022-10-06T23:00:18+00:00","dateModified":"2024-04-20T00:12:47+00:00","breadcrumb":{"@id":"https:\/\/culture.ixelles.be\/fr\/places\/medex-musee-ephemere-de-lexil\/#breadcrumb"},"inLanguage":"fr-FR","potentialAction":[{"@type":"ReadAction","target":["https:\/\/culture.ixelles.be\/fr\/places\/medex-musee-ephemere-de-lexil\/"]}]},{"@type":"ImageObject","inLanguage":"fr-FR","@id":"https:\/\/culture.ixelles.be\/fr\/places\/medex-musee-ephemere-de-lexil\/#primaryimage","url":"https:\/\/culture.ixelles.be\/wp-content\/uploads\/2022\/10\/944ab87234e9c0f8a6f60c68f90ea322bb8da52d.jpg","contentUrl":"https:\/\/culture.ixelles.be\/wp-content\/uploads\/2022\/10\/944ab87234e9c0f8a6f60c68f90ea322bb8da52d.jpg","width":2048,"height":1366},{"@type":"BreadcrumbList","@id":"https:\/\/culture.ixelles.be\/fr\/places\/medex-musee-ephemere-de-lexil\/#breadcrumb","itemListElement":[{"@type":"ListItem","position":1,"name":"Accueil","item":"https:\/\/culture.ixelles.be\/fr\/"},{"@type":"ListItem","position":2,"name":"Places","item":"https:\/\/culture.ixelles.be\/fr\/places\/"},{"@type":"ListItem","position":3,"name":"Medex (Mus\u00e9e \u00e9ph\u00e9m\u00e8re de l&rsquo;exil)"}]},{"@type":"WebSite","@id":"https:\/\/culture.ixelles.be\/fr\/#website","url":"https:\/\/culture.ixelles.be\/fr\/","name":"Ixelles","description":"","publisher":{"@id":"https:\/\/culture.ixelles.be\/fr\/#organization"},"potentialAction":[{"@type":"SearchAction","target":{"@type":"EntryPoint","urlTemplate":"https:\/\/culture.ixelles.be\/fr\/?s={search_term_string}"},"query-input":{"@type":"PropertyValueSpecification","valueRequired":true,"valueName":"search_term_string"}}],"inLanguage":"fr-FR"},{"@type":"Organization","@id":"https:\/\/culture.ixelles.be\/fr\/#organization","name":"Service culture Ixelles","url":"https:\/\/culture.ixelles.be\/fr\/","logo":{"@type":"ImageObject","inLanguage":"fr-FR","@id":"https:\/\/culture.ixelles.be\/fr\/#\/schema\/logo\/image\/","url":"https:\/\/culture.ixelles.be\/wp-content\/uploads\/2021\/05\/ixelles_green.svg","contentUrl":"https:\/\/culture.ixelles.be\/wp-content\/uploads\/2021\/05\/ixelles_green.svg","width":1,"height":1,"caption":"Service culture Ixelles"},"image":{"@id":"https:\/\/culture.ixelles.be\/fr\/#\/schema\/logo\/image\/"}}]}},"_links":{"self":[{"href":"https:\/\/culture.ixelles.be\/fr\/wp-json\/wp\/v2\/places\/1311601"}],"collection":[{"href":"https:\/\/culture.ixelles.be\/fr\/wp-json\/wp\/v2\/places"}],"about":[{"href":"https:\/\/culture.ixelles.be\/fr\/wp-json\/wp\/v2\/types\/places"}],"author":[{"embeddable":true,"href":"https:\/\/culture.ixelles.be\/fr\/wp-json\/wp\/v2\/users\/1"}],"replies":[{"embeddable":true,"href":"https:\/\/culture.ixelles.be\/fr\/wp-json\/wp\/v2\/comments?post=1311601"}],"version-history":[{"count":2,"href":"https:\/\/culture.ixelles.be\/fr\/wp-json\/wp\/v2\/places\/1311601\/revisions"}],"predecessor-version":[{"id":1400203,"href":"https:\/\/culture.ixelles.be\/fr\/wp-json\/wp\/v2\/places\/1311601\/revisions\/1400203"}],"wp:featuredmedia":[{"embeddable":true,"href":"https:\/\/culture.ixelles.be\/fr\/wp-json\/wp\/v2\/media\/1546809"}],"wp:attachment":[{"href":"https:\/\/culture.ixelles.be\/fr\/wp-json\/wp\/v2\/media?parent=1311601"}],"curies":[{"name":"wp","href":"https:\/\/api.w.org\/{rel}","templated":true}]}}