{"id":1373155,"date":"2023-01-17T01:00:03","date_gmt":"2023-01-17T01:00:03","guid":{"rendered":"https:\/\/culture.ixelles.be\/places\/galerie-alienor-prouvost\/"},"modified":"2023-10-04T00:12:05","modified_gmt":"2023-10-04T00:12:05","slug":"galerie-alienor-prouvost","status":"publish","type":"places","link":"https:\/\/culture.ixelles.be\/fr\/places\/galerie-alienor-prouvost\/","title":{"rendered":"Galerie Alienor Prouvost"},"content":{"rendered":"<p>Apr\u00e8s quelques ann\u00e9es \u00e0 travailler dans l\u2019art moderne \u00e0 Paris, Ali\u00e9nor Prouvost d\u00e9cide de r\u00e9aliser son r\u00eave et de fonder sa galerie au c\u0153ur de la capitale europ\u00e9enne. En mars 2019, elle ouvre les portes du 64, rue Washington dans le quartier du Ch\u00e2telain.<\/p>\n<p>La galerie Ali\u00e9nor Prouvost explore principalement les mouvements de l\u2019apr\u00e8s-guerre mais s\u2019int\u00e9resse aussi beaucoup \u00e0 l\u2019Art contemporain.<br \/>\nElle a pour but de d\u00e9mocratiser l\u2019Art, le diffuser et le rendre accessible aupr\u00e8s du plus grand nombre. Elle pr\u00e9sente ainsi, pour les artistes d\u2019apr\u00e8s-guerre, souvent des \u0153uvres sur papier pour permettre aux jeunes collectionneurs de retrouver d\u2019une exposition \u00e0 l\u2019autre les m\u00eames gammes de prix ; de 25 euros \u00e0 15 000 euros. Pour les artistes d\u00e9j\u00e0 tr\u00e8s c\u00f4t\u00e9s, elle travaille \u00e9galement en courtage et essaye de rechercher pour vous l\u2019\u0153uvre la plus proche de vos souhaits.<\/p>\n<p>La galerie collabore uniquement en direct avec les artistes, les ayants droit d\u2019artistes ou des fondations pour proposer un contenu toujours exclusif et unique. Gr\u00e2ce \u00e0 ces partenariats, la galerie s\u2019engage sur le long terme \u00e0 contribuer au rayonnement de leurs \u0153uvres. Attach\u00e9e \u00e0 une vision actuelle de son r\u00f4le, elle participe \u00e0 repenser l\u2019histoire de l\u2019art, aiguiser les regards \u2013 et ce \u00e0 destination de tous et toutes.<\/p>\n","protected":false},"excerpt":{"rendered":"<p>Apr\u00e8s quelques ann\u00e9es \u00e0 travailler dans l\u2019art moderne \u00e0 Paris, Ali\u00e9nor Prouvost d\u00e9cide de r\u00e9aliser son r\u00eave et de fonder sa galerie au c\u0153ur de la capitale europ\u00e9enne. En mars 2019, elle ouvre les portes du 64, rue Washington dans le quartier du Ch\u00e2telain. La galerie Ali\u00e9nor Prouvost explore principalement les mouvements de l\u2019apr\u00e8s-guerre mais [&hellip;]<\/p>\n","protected":false},"author":1,"featured_media":1475367,"parent":0,"comment_status":"closed","ping_status":"closed","template":"","meta":{"_acf_changed":false,"_monsterinsights_skip_tracking":false,"_monsterinsights_sitenote_active":false,"_monsterinsights_sitenote_note":"","_monsterinsights_sitenote_category":0,"footnotes":""},"acf":{"original_id":"276427","published_at":"2021-03-26T07:46:51+01:00","last_updated_at":"2023-10-03T16:15:15+02:00","website":"http:\/\/www.alienorprouvost.com","phone_booking":"","address_city":"Ixelles","phone_contact":"+32 2 347 18 49","lat":"50.82414519","lon":"4.36349286","address_line1":"Rue Washington, 64","prices":"[]","ratings":"{}","stib_mivb_stops":"[]","is_closed_on_public_holidays":"","can_be_privatized":"","is_accessible_pmr":"","facebook_link":"","date_exceptions":"[]","closing_days":"[]","weekschema":"[{\"days\":{\"monday\":{\"is_open\":false},\"tuesday\":{\"is_open\":true,\"hours\":[{\"start\":\"10:00:00\",\"end\":\"18:00:00\"}]},\"wednesday\":{\"is_open\":true,\"hours\":[{\"start\":\"10:00:00\",\"end\":\"18:00:00\"}]},\"thursday\":{\"is_open\":true,\"hours\":[{\"start\":\"10:00:00\",\"end\":\"18:00:00\"}]},\"friday\":{\"is_open\":true,\"hours\":[{\"start\":\"10:00:00\",\"end\":\"18:00:00\"}]},\"saturday\":{\"is_open\":true,\"hours\":[{\"start\":\"12:00:00\",\"end\":\"18:00:00\"}]},\"sunday\":{\"is_open\":false}},\"translations\":{\"de\":[\"monday: closed\",\"tuesday, wednesday, thursday and friday: from 10:00 to 18:00\",\"saturday: from 12:00 to 18:00\",\"sunday: closed\"],\"pt\":[\"monday: closed\",\"tuesday, wednesday, thursday and friday: from 10:00 to 18:00\",\"saturday: from 12:00 to 18:00\",\"sunday: closed\"],\"en\":[\"monday: closed\",\"tuesday, wednesday, thursday and friday: from 10:00 to 18:00\",\"saturday: from 12:00 to 18:00\",\"sunday: closed\"],\"it\":[\"monday: closed\",\"tuesday, wednesday, thursday and friday: from 10:00 to 18:00\",\"saturday: from 12:00 to 18:00\",\"sunday: closed\"],\"cn\":[\"monday: closed\",\"tuesday, wednesday, thursday and friday: from 10:00 to 18:00\",\"saturday: from 12:00 to 18:00\",\"sunday: closed\"],\"fr\":[\"lundi: fermu00e9\",\"mardi, mercredi, jeudi et vendredi: de 10:00 u00e0 18:00\",\"samedi: de 12:00 u00e0 18:00\",\"dimanche: fermu00e9\"],\"sp\":[\"monday: closed\",\"tuesday, wednesday, thursday and friday: from 10:00 to 18:00\",\"saturday: from 12:00 to 18:00\",\"sunday: closed\"],\"nl\":[\"maandag: gesloten\",\"dinsdag, woensdag, donderdag en vrijdag: van 10:00 tot 18:00\",\"zaterdag: van 12:00 tot 18:00\",\"zondag: gesloten\"]},\"is_also_by_appointment\":false}]","_event_gallery":"https:\/\/culture.ixelles.be\/wp-content\/uploads\/2023\/01\/6908fc68b327d654e783712caa5482181fd8a987.jpg","_event_pictures":"https:\/\/culture.ixelles.be\/wp-content\/uploads\/2023\/01\/6908fc68b327d654e783712caa5482181fd8a987.jpg|***|https:\/\/culture.ixelles.be\/wp-content\/uploads\/2023\/01\/608dff5744b9891ffdceddba1875b79a75d05d4f.jpg|***|https:\/\/culture.ixelles.be\/wp-content\/uploads\/2023\/01\/e45ca3e39d76730efabd7af5fd6ef05e89c776a7.jpg"},"yoast_head":"<!-- This site is optimized with the Yoast SEO plugin v24.5 - https:\/\/yoast.com\/wordpress\/plugins\/seo\/ -->\n<title>Galerie Alienor Prouvost - Ixelles<\/title>\n<meta name=\"robots\" content=\"index, follow, max-snippet:-1, max-image-preview:large, max-video-preview:-1\" \/>\n<link rel=\"canonical\" href=\"https:\/\/culture.ixelles.be\/fr\/places\/galerie-alienor-prouvost\/\" \/>\n<meta property=\"og:locale\" content=\"fr_FR\" \/>\n<meta property=\"og:type\" content=\"article\" \/>\n<meta property=\"og:title\" content=\"Galerie Alienor Prouvost - Ixelles\" \/>\n<meta property=\"og:description\" content=\"Apr\u00e8s quelques ann\u00e9es \u00e0 travailler dans l\u2019art moderne \u00e0 Paris, Ali\u00e9nor Prouvost d\u00e9cide de r\u00e9aliser son r\u00eave et de fonder sa galerie au c\u0153ur de la capitale europ\u00e9enne. En mars 2019, elle ouvre les portes du 64, rue Washington dans le quartier du Ch\u00e2telain. La galerie Ali\u00e9nor Prouvost explore principalement les mouvements de l\u2019apr\u00e8s-guerre mais [&hellip;]\" \/>\n<meta property=\"og:url\" content=\"https:\/\/culture.ixelles.be\/fr\/places\/galerie-alienor-prouvost\/\" \/>\n<meta property=\"og:site_name\" content=\"Ixelles\" \/>\n<meta property=\"article:modified_time\" content=\"2023-10-04T00:12:05+00:00\" \/>\n<meta property=\"og:image\" content=\"https:\/\/culture.ixelles.be\/wp-content\/uploads\/2023\/01\/6908fc68b327d654e783712caa5482181fd8a987-1024x683.jpg\" \/>\n\t<meta property=\"og:image:width\" content=\"1024\" \/>\n\t<meta property=\"og:image:height\" content=\"683\" \/>\n\t<meta property=\"og:image:type\" content=\"image\/jpeg\" \/>\n<meta name=\"twitter:card\" content=\"summary_large_image\" \/>\n<meta name=\"twitter:label1\" content=\"Dur\u00e9e de lecture estim\u00e9e\" \/>\n\t<meta name=\"twitter:data1\" content=\"1 minute\" \/>\n<script type=\"application\/ld+json\" class=\"yoast-schema-graph\">{\"@context\":\"https:\/\/schema.org\",\"@graph\":[{\"@type\":\"WebPage\",\"@id\":\"https:\/\/culture.ixelles.be\/fr\/places\/galerie-alienor-prouvost\/\",\"url\":\"https:\/\/culture.ixelles.be\/fr\/places\/galerie-alienor-prouvost\/\",\"name\":\"Galerie Alienor Prouvost - Ixelles\",\"isPartOf\":{\"@id\":\"https:\/\/culture.ixelles.be\/fr\/#website\"},\"primaryImageOfPage\":{\"@id\":\"https:\/\/culture.ixelles.be\/fr\/places\/galerie-alienor-prouvost\/#primaryimage\"},\"image\":{\"@id\":\"https:\/\/culture.ixelles.be\/fr\/places\/galerie-alienor-prouvost\/#primaryimage\"},\"thumbnailUrl\":\"https:\/\/culture.ixelles.be\/wp-content\/uploads\/2023\/01\/6908fc68b327d654e783712caa5482181fd8a987.jpg\",\"datePublished\":\"2023-01-17T01:00:03+00:00\",\"dateModified\":\"2023-10-04T00:12:05+00:00\",\"breadcrumb\":{\"@id\":\"https:\/\/culture.ixelles.be\/fr\/places\/galerie-alienor-prouvost\/#breadcrumb\"},\"inLanguage\":\"fr-FR\",\"potentialAction\":[{\"@type\":\"ReadAction\",\"target\":[\"https:\/\/culture.ixelles.be\/fr\/places\/galerie-alienor-prouvost\/\"]}]},{\"@type\":\"ImageObject\",\"inLanguage\":\"fr-FR\",\"@id\":\"https:\/\/culture.ixelles.be\/fr\/places\/galerie-alienor-prouvost\/#primaryimage\",\"url\":\"https:\/\/culture.ixelles.be\/wp-content\/uploads\/2023\/01\/6908fc68b327d654e783712caa5482181fd8a987.jpg\",\"contentUrl\":\"https:\/\/culture.ixelles.be\/wp-content\/uploads\/2023\/01\/6908fc68b327d654e783712caa5482181fd8a987.jpg\",\"width\":4000,\"height\":2667},{\"@type\":\"BreadcrumbList\",\"@id\":\"https:\/\/culture.ixelles.be\/fr\/places\/galerie-alienor-prouvost\/#breadcrumb\",\"itemListElement\":[{\"@type\":\"ListItem\",\"position\":1,\"name\":\"Accueil\",\"item\":\"https:\/\/culture.ixelles.be\/fr\/\"},{\"@type\":\"ListItem\",\"position\":2,\"name\":\"Places\",\"item\":\"https:\/\/culture.ixelles.be\/fr\/places\/\"},{\"@type\":\"ListItem\",\"position\":3,\"name\":\"Galerie Alienor Prouvost\"}]},{\"@type\":\"WebSite\",\"@id\":\"https:\/\/culture.ixelles.be\/fr\/#website\",\"url\":\"https:\/\/culture.ixelles.be\/fr\/\",\"name\":\"Ixelles\",\"description\":\"\",\"publisher\":{\"@id\":\"https:\/\/culture.ixelles.be\/fr\/#organization\"},\"potentialAction\":[{\"@type\":\"SearchAction\",\"target\":{\"@type\":\"EntryPoint\",\"urlTemplate\":\"https:\/\/culture.ixelles.be\/fr\/?s={search_term_string}\"},\"query-input\":{\"@type\":\"PropertyValueSpecification\",\"valueRequired\":true,\"valueName\":\"search_term_string\"}}],\"inLanguage\":\"fr-FR\"},{\"@type\":\"Organization\",\"@id\":\"https:\/\/culture.ixelles.be\/fr\/#organization\",\"name\":\"Service culture Ixelles\",\"url\":\"https:\/\/culture.ixelles.be\/fr\/\",\"logo\":{\"@type\":\"ImageObject\",\"inLanguage\":\"fr-FR\",\"@id\":\"https:\/\/culture.ixelles.be\/fr\/#\/schema\/logo\/image\/\",\"url\":\"https:\/\/culture.ixelles.be\/wp-content\/uploads\/2021\/05\/ixelles_green.svg\",\"contentUrl\":\"https:\/\/culture.ixelles.be\/wp-content\/uploads\/2021\/05\/ixelles_green.svg\",\"width\":1,\"height\":1,\"caption\":\"Service culture Ixelles\"},\"image\":{\"@id\":\"https:\/\/culture.ixelles.be\/fr\/#\/schema\/logo\/image\/\"}}]}<\/script>\n<!-- \/ Yoast SEO plugin. -->","yoast_head_json":{"title":"Galerie Alienor Prouvost - Ixelles","robots":{"index":"index","follow":"follow","max-snippet":"max-snippet:-1","max-image-preview":"max-image-preview:large","max-video-preview":"max-video-preview:-1"},"canonical":"https:\/\/culture.ixelles.be\/fr\/places\/galerie-alienor-prouvost\/","og_locale":"fr_FR","og_type":"article","og_title":"Galerie Alienor Prouvost - Ixelles","og_description":"Apr\u00e8s quelques ann\u00e9es \u00e0 travailler dans l\u2019art moderne \u00e0 Paris, Ali\u00e9nor Prouvost d\u00e9cide de r\u00e9aliser son r\u00eave et de fonder sa galerie au c\u0153ur de la capitale europ\u00e9enne. En mars 2019, elle ouvre les portes du 64, rue Washington dans le quartier du Ch\u00e2telain. La galerie Ali\u00e9nor Prouvost explore principalement les mouvements de l\u2019apr\u00e8s-guerre mais [&hellip;]","og_url":"https:\/\/culture.ixelles.be\/fr\/places\/galerie-alienor-prouvost\/","og_site_name":"Ixelles","article_modified_time":"2023-10-04T00:12:05+00:00","og_image":[{"width":1024,"height":683,"url":"https:\/\/culture.ixelles.be\/wp-content\/uploads\/2023\/01\/6908fc68b327d654e783712caa5482181fd8a987-1024x683.jpg","type":"image\/jpeg"}],"twitter_card":"summary_large_image","twitter_misc":{"Dur\u00e9e de lecture estim\u00e9e":"1 minute"},"schema":{"@context":"https:\/\/schema.org","@graph":[{"@type":"WebPage","@id":"https:\/\/culture.ixelles.be\/fr\/places\/galerie-alienor-prouvost\/","url":"https:\/\/culture.ixelles.be\/fr\/places\/galerie-alienor-prouvost\/","name":"Galerie Alienor Prouvost - Ixelles","isPartOf":{"@id":"https:\/\/culture.ixelles.be\/fr\/#website"},"primaryImageOfPage":{"@id":"https:\/\/culture.ixelles.be\/fr\/places\/galerie-alienor-prouvost\/#primaryimage"},"image":{"@id":"https:\/\/culture.ixelles.be\/fr\/places\/galerie-alienor-prouvost\/#primaryimage"},"thumbnailUrl":"https:\/\/culture.ixelles.be\/wp-content\/uploads\/2023\/01\/6908fc68b327d654e783712caa5482181fd8a987.jpg","datePublished":"2023-01-17T01:00:03+00:00","dateModified":"2023-10-04T00:12:05+00:00","breadcrumb":{"@id":"https:\/\/culture.ixelles.be\/fr\/places\/galerie-alienor-prouvost\/#breadcrumb"},"inLanguage":"fr-FR","potentialAction":[{"@type":"ReadAction","target":["https:\/\/culture.ixelles.be\/fr\/places\/galerie-alienor-prouvost\/"]}]},{"@type":"ImageObject","inLanguage":"fr-FR","@id":"https:\/\/culture.ixelles.be\/fr\/places\/galerie-alienor-prouvost\/#primaryimage","url":"https:\/\/culture.ixelles.be\/wp-content\/uploads\/2023\/01\/6908fc68b327d654e783712caa5482181fd8a987.jpg","contentUrl":"https:\/\/culture.ixelles.be\/wp-content\/uploads\/2023\/01\/6908fc68b327d654e783712caa5482181fd8a987.jpg","width":4000,"height":2667},{"@type":"BreadcrumbList","@id":"https:\/\/culture.ixelles.be\/fr\/places\/galerie-alienor-prouvost\/#breadcrumb","itemListElement":[{"@type":"ListItem","position":1,"name":"Accueil","item":"https:\/\/culture.ixelles.be\/fr\/"},{"@type":"ListItem","position":2,"name":"Places","item":"https:\/\/culture.ixelles.be\/fr\/places\/"},{"@type":"ListItem","position":3,"name":"Galerie Alienor Prouvost"}]},{"@type":"WebSite","@id":"https:\/\/culture.ixelles.be\/fr\/#website","url":"https:\/\/culture.ixelles.be\/fr\/","name":"Ixelles","description":"","publisher":{"@id":"https:\/\/culture.ixelles.be\/fr\/#organization"},"potentialAction":[{"@type":"SearchAction","target":{"@type":"EntryPoint","urlTemplate":"https:\/\/culture.ixelles.be\/fr\/?s={search_term_string}"},"query-input":{"@type":"PropertyValueSpecification","valueRequired":true,"valueName":"search_term_string"}}],"inLanguage":"fr-FR"},{"@type":"Organization","@id":"https:\/\/culture.ixelles.be\/fr\/#organization","name":"Service culture Ixelles","url":"https:\/\/culture.ixelles.be\/fr\/","logo":{"@type":"ImageObject","inLanguage":"fr-FR","@id":"https:\/\/culture.ixelles.be\/fr\/#\/schema\/logo\/image\/","url":"https:\/\/culture.ixelles.be\/wp-content\/uploads\/2021\/05\/ixelles_green.svg","contentUrl":"https:\/\/culture.ixelles.be\/wp-content\/uploads\/2021\/05\/ixelles_green.svg","width":1,"height":1,"caption":"Service culture Ixelles"},"image":{"@id":"https:\/\/culture.ixelles.be\/fr\/#\/schema\/logo\/image\/"}}]}},"_links":{"self":[{"href":"https:\/\/culture.ixelles.be\/fr\/wp-json\/wp\/v2\/places\/1373155"}],"collection":[{"href":"https:\/\/culture.ixelles.be\/fr\/wp-json\/wp\/v2\/places"}],"about":[{"href":"https:\/\/culture.ixelles.be\/fr\/wp-json\/wp\/v2\/types\/places"}],"author":[{"embeddable":true,"href":"https:\/\/culture.ixelles.be\/fr\/wp-json\/wp\/v2\/users\/1"}],"replies":[{"embeddable":true,"href":"https:\/\/culture.ixelles.be\/fr\/wp-json\/wp\/v2\/comments?post=1373155"}],"version-history":[{"count":2,"href":"https:\/\/culture.ixelles.be\/fr\/wp-json\/wp\/v2\/places\/1373155\/revisions"}],"predecessor-version":[{"id":1373704,"href":"https:\/\/culture.ixelles.be\/fr\/wp-json\/wp\/v2\/places\/1373155\/revisions\/1373704"}],"wp:featuredmedia":[{"embeddable":true,"href":"https:\/\/culture.ixelles.be\/fr\/wp-json\/wp\/v2\/media\/1475367"}],"wp:attachment":[{"href":"https:\/\/culture.ixelles.be\/fr\/wp-json\/wp\/v2\/media?parent=1373155"}],"curies":[{"name":"wp","href":"https:\/\/api.w.org\/{rel}","templated":true}]}}